{"id":10,"date":"2024-07-15T11:36:41","date_gmt":"2024-07-15T09:36:41","guid":{"rendered":"https:\/\/platipus.msh-alpes.fr\/?page_id=10"},"modified":"2026-04-27T16:47:02","modified_gmt":"2026-04-27T14:47:02","slug":"participez-a-des-experimentations","status":"publish","type":"page","link":"https:\/\/platipus.univ-grenoble-alpes.fr\/?page_id=10","title":{"rendered":"Appels \u00e0 volontaires !"},"content":{"rendered":"\n<p><a href=\"https:\/\/platipus.univ-grenoble-alpes.fr\/?page_id=10\" target=\"_blank\" rel=\"noreferrer noopener\"><\/a><\/p>\n\n\n\n\t\t<table class=\"platipus\">\n\t\t\t<tr class=\"ligneintro\"><td class=\"annonces_volontaires\"><\/td><td class=\"annonces_volontaires\"><\/td><\/tr>\n\t\t\t<tr>\n\t\t\t\t<td class=\"iconeintro\">\n\t\t\t\t\t<img decoding=\"async\" class=\"icones\" src=\"https:\/\/platipus.univ-grenoble-alpes.fr\/wp-content\/uploads\/2023\/06\/icone-rechercher.png\" width=\"100px\" alt=\"icone rechercher\">\n\t\t\t\t<\/td>\n\t\t\t\t<td class=\"textintro\">\n\t\t\t\t\t<p class=\"intro\">PLATIPUS g\u00e8re 2 <a href=\"https:\/\/platipus.univ-grenoble-alpes.fr\/?page_id=866\">listes de volontaires<\/a> qui sont JeParticipe et Seniors pour la Science. \n\t\t\t\t\tRetrouvez ici les annonces auxquelles vous pouvez peut-\u00eatre encore participer m\u00eame sans \u00eatre inscrit.e sur nos listes.<\/p>\n\t\t\t\t<\/td>\n\t\t\t<\/tr>\n\t\t\t<tr class=\"ligneintro\"><td class=\"annonces_volontaires\"><\/td><td class=\"annonces_volontaires\"><\/td><\/tr>\n\t\t<\/table>\n\n\t\t<p class=\"maj\">Mis \u00e0 jour le 27\/04\/2026<\/p>\n\t\t\n\t\t\n\t\t\n\t\t<!--<details>\n\t\t<summary>\n\t\t\t{JeParticipe} {Senior pour la Science} <strong>Ins\u00e9rer le titre<\/strong>\n\t\t\t<font>[Publi\u00e9e le *** *** 20** ; Modifi\u00e9e le *** *** 20**]<\/font>\n\t\t<\/summary>\n\t\t<div>\n\t\t\t<table class=\"platipus\"><tr>\n\t\t\t<td class=\"annonces_volontaires\">\n\t\t\t<figure><a href=\"***\" ><img decoding=\"async\" src=\"https:\/\/platipus.univ-grenoble-alpes.fr\/wp-content\/uploads\/2023\/11\/prospectus.png\" width=\"150px\" alt=\"icone flyer\"><figcaption><center>T\u00e9l\u00e9charger le flyer<\/center><\/figcaption><\/a><\/figure>\n\t\t\t<\/td>\n\t\t\t<td class=\"platipus2\">\n\t\t\t\t<p class=\"titre_annonce\">Ins\u00e9rer Titre<\/p>\n\t\t\t\t<p>Ins\u00e9rer le texte<\/p>\n\t\t\t\t<p>&#128073; <a class=\"surlignage_email\" href=\"mailto:***\">&nbsp; Ins\u00e9rer Email_Contact &nbsp;<\/a><\/p>\n\t\t\t<\/td>\n\t\t\t\n\t\t\t<\/tr><\/table>\n\t\t<\/div>\n\t\t<\/details>\n\t\t-->\n\t\t\n\t\t<!-- Etude 2026052 -->\n\t\t<details>\n\t\t<summary>\n\t\t\t{JeParticipe} <strong>Etude portant sur la sant\u00e9 psychologique au travail<\/strong>\n\t\t\t<font>[Publi\u00e9e le 27 avril 2026]<\/font>\n\t\t<\/summary>\n\t\t<div>\n\t\t\t<table class=\"platipus\"><tr>\n\t\t\t<td class=\"annonces_volontaires\">\n\t\t\t<figure><a href=\"https:\/\/platipus.univ-grenoble-alpes.fr\/wp-content\/uploads\/2026\/04\/Flyer-2026052-.pdf\" ><img decoding=\"async\" src=\"https:\/\/platipus.univ-grenoble-alpes.fr\/wp-content\/uploads\/2023\/11\/prospectus.png\" width=\"150px\" alt=\"icone flyer\"><figcaption><center>T\u00e9l\u00e9charger le flyer<\/center><\/figcaption><\/a><\/figure>\n\t\t\t<\/td>\n\t\t\t<td class=\"platipus2\">\n\t\t\t\t<p class=\"titre_annonce\">Etude portant sur la sant\u00e9 psychologique au travail<\/p>\n\t\t\t\t\n\t\t\t\t<p>Bonjour \u00e0 toutes et tous,<\/p>\n\t\t\t\t<p>Dans le cadre d\u2019un projet de recherche men\u00e9 en partenariat entre l\u2019h\u00f4pital de jour PSYPRO Grenoble, sp\u00e9cialis\u00e9 dans l\u2019\u00e9puisement professionnel, et le Laboratoire Inter-universitaire de Psychologie (LIP\/PC2S) \u00e0 l\u2019Universit\u00e9 Grenoble Alpes, nous r\u00e9alisons une \u00e9tude portant sur la sant\u00e9 psychologique au travail.<\/p>\n\t\t\t\t<p>L\u2019objectif de cette \u00e9tude est de mieux comprendre comment les conditions de travail et certains processus psychologiques influencent la sant\u00e9 psychologique au travail. Les r\u00e9sultats permettront de contribuer aux connaissances dans ce domaine et identifier des pistes d\u2019intervention.<\/p>\n\t\t\t\t<p>Cette \u00e9tude s\u2019adresse aux personnes \u00e2g\u00e9es de plus de 18 ans, en activit\u00e9 professionnelle et parlant fran\u00e7ais. Elle consiste simplement \u00e0 remplir un questionnaire en ligne d\u2019une quinzaine de minutes.<\/p>\n\t\t\t\t<p>&#128073;  <strong>Vous pouvez participer en cliquant sur le lien suivant : <\/strong><br><a href=\"https:\/\/enquetes-screen.msh-alpes.fr\/index.php\/692168?lang=fr\">https:\/\/enquetes-screen.msh-alpes.fr\/index.php\/692168?lang=fr<\/a><\/p>\n\t\t\t\t<p>Chaque r\u00e9ponse compte, nous recherchons un grand nombre de participant\u00b7es pour cette \u00e9tude. N\u2019h\u00e9sitez pas \u00e9galement \u00e0 diffuser ce message autour de vous aupr\u00e8s de personnes susceptibles d\u2019\u00eatre concern\u00e9es.<\/p>\n\t\t\t\t<p>&#128073;  <strong>Pour toute question concernant l\u2019\u00e9tude, vous pouvez contacter :<\/strong><br>\n\t\t\t\tMona Fonfrede, en charge de la diffusion de l\u2019\u00e9tude. <br>\n\t\t\t\tEmail :  <a class=\"surlignage_email\"  href=\"mailto:mona.fonfrede@univ-grenoble-alpes.fr\">&nbsp; mona.fonfrede@univ-grenoble-alpes.fr &nbsp;<\/a><\/p>\n\t\t\t\t<p><u>Responsable de traitement :<\/u><br>\n\t\t\t\tLaboratoire LIP\/PC2S \u2013 Universit\u00e9 Grenoble Alpes<br>\n\t\t\t\tRepr\u00e9sent\u00e9 par Pr C\u00e9line Baeyens, Directrice du laboratoire<br>\n\t\t\t\tEmail : <a href=\"mailto:Celine.Baeyens@univ-grenoble-alpes.fr\">Celine.Baeyens@univ-grenoble-alpes.fr<\/a><\/p>\n\t\t\t\t<p>Nous vous remercions pour votre contribution.<br>\n\t\t\t\tBien cordialement,<\/p>\n\t\t\t\t<p>Mona Fonfrede<br>\n\t\t\t\tDoctorante en psychologie clinique<br>\n\t\t\t\tLaboratoire LIP\/PC2S \u2013 Universit\u00e9 Grenoble Alpes<br>\n\t\t\t\tPsypro Grenoble<\/p>\n\t\t\t\t\n\t\t\t\t<img decoding=\"async\" src=\"https:\/\/platipus.univ-grenoble-alpes.fr\/wp-content\/uploads\/2022\/09\/logo-LIP-PC2S-1.png\" alt=\"Logo LIP\/PC2S\" width=\"100px\">\n\t\t\t\t<img decoding=\"async\" src=\"https:\/\/platipus.univ-grenoble-alpes.fr\/wp-content\/uploads\/2026\/04\/PsyPro.png\" alt=\"Logo psyPro\" width=\"100px\">\n\t\t\t<\/td>\n\t\t\t\n\t\t\t<\/tr><\/table>\n\t\t<\/div>\n\t\t<\/details>\n\t\t\n\t\t\n\t\t<!-- Etude 2026051 -->\n\t\t<details>\n\t\t<summary>\n\t\t\t{JeParticipe} {Senior pour la Science} <strong>Etude sur la circulation de l\u2019information<\/strong>\n\t\t\t<font>[Publi\u00e9e le 27 avril 2026]<\/font>\n\t\t<\/summary>\n\t\t<div>\n\t\t\t<table class=\"platipus\"><tr>\n\t\t\t\n\t\t\t<td class=\"platipus2\">\n\t\t\t\t<p class=\"titre_annonce\">Appel \u00e0 participant\u2e31es pour une \u00e9tude en ligne sur la circulation de l\u2019information<\/p>\n\t\t\t\t<p>Nous recherchons des personnes volontaires pour participer \u00e0 une \u00e9tude de recherche portant sur la circulation de l\u2019information.<\/p>\n\t\t\t\t<p>Cette \u00e9tude vise \u00e0 mieux comprendre les dynamiques et les r\u00e9actions qui peuvent se d\u00e9ployer sur les r\u00e9seaux sociaux.<\/p>\n\t\t\t\t<p>Pour participer, il vous suffit de remplir les crit\u00e8res suivants :<\/p>\n\t\t\t\t<p><ul>\n\t\t\t\t<li>Avoir 18 ans ou plus<\/li>\n\t\t\t\t<lI>\u00catre de nationalit\u00e9 fran\u00e7aise, r\u00e9sider en France et parler couramment fran\u00e7ais<\/li>\n\t\t\t\t<li>Avoir une vue normale ou corrig\u00e9e \u00e0 la normale <\/lI>\n\t\t\t\t<li>Disposer d\u2019un ordinateur, d\u2019une tablette ou d\u2019un smartphone avec acc\u00e8s internet<\/lI>\n\t\t\t\t<\/ul><\/p>\n\t\t\t\t<p><strong>Dur\u00e9e : <\/strong>moins de 30 minutes<\/p>\n\t\t\t\t<p><strong>Lieu : <\/strong>En ligne<\/p>\n\t\t\t\t<p><strong>Confidentialit\u00e9 : <\/strong>cette \u00e9tude est strictement <strong>anonyme<\/strong>, votre adresse IP n\u2019est pas collect\u00e9e et nous ne pouvons pas remonter \u00e0 votre identit\u00e9. Ainsi, il est important pour nous que vous r\u00e9pondiez de mani\u00e8re honn\u00eate et spontan\u00e9e aux diff\u00e9rentes questions qui vous seront pos\u00e9es. <\/p>\n\t\t\t\t<p>&#128073; Pour participer, il suffit de vous rendre sur le lien suivant : <a href=\"https:\/\/enquetes-screen.msh-alpes.fr\/index.php\/478599?lang=fr&#038;panel=B\">https:\/\/enquetes-screen.msh-alpes.fr\/index.php\/478599?lang=fr&#038;panel=B<\/a><\/p>\n\t\t\t\t<p>&#128073; En cas de difficult\u00e9s ou pour tout compl\u00e9ment d\u2019information, vous pouvez nous contacter par mail \u00e0 l\u2019adresse suivante : <a class=\"surlignage_email\" href=\"mailto:julia.trimaille@etu.univ-grenoble-alpes.fr\">&nbsp; julia.trimaille@etu.univ-grenoble-alpes.fr &nbsp;<\/a><\/p>\n\t\t\t\t<p>Merci d\u2019avance pour votre pr\u00e9cieuse participation !<\/p>\n\t\t\t\t<p><strong>Responsable traitement : <\/strong>Martial Mermillod, LPNC<\/p>\n\t\t\t\t<img decoding=\"async\" src=\"https:\/\/platipus.univ-grenoble-alpes.fr\/wp-content\/uploads\/2024\/09\/Logo-widget-UGA.png\" alt=\"Logo UGA\" width=\"100px\"> \n\t\t\t\t<img decoding=\"async\" src=\"https:\/\/platipus.univ-grenoble-alpes.fr\/wp-content\/uploads\/2026\/04\/logo_UPC.jpg\" alt=\"Logo UPC\" width=\"150px\">\n\t\t\t\t<img decoding=\"async\" src=\"https:\/\/platipus.univ-grenoble-alpes.fr\/wp-content\/uploads\/2024\/08\/logo-lpnc.png\" alt=\"Logo LPNC\" width=\"120px\">\n\t\t\t<\/td>\n\t\t\t\n\t\t\t<\/tr><\/table>\n\t\t<\/div>\n\t\t<\/details>\n\t\t\n\t\t\n\t\t<!-- Etude 2026064 -->\n\t\t<details>\n\t\t<summary>\n\t\t\t{JeParticipe} <strong>\u00c9tude sur la prise de d\u00e9cision et la confiance<\/strong>\n\t\t\t<font>[Publi\u00e9e le 24 avril 2026]<\/font>\n\t\t<\/summary>\n\t\t<div>\n\t\t\t<table class=\"platipus\"><tr>\n\t\t\t<td class=\"annonces_volontaires\">\n\t\t\t<figure><a href=\"***\" ><img decoding=\"async\" src=\"https:\/\/platipus.univ-grenoble-alpes.fr\/wp-content\/uploads\/2023\/11\/prospectus.png\" width=\"150px\" alt=\"icone flyer\"><figcaption><center>T\u00e9l\u00e9charger le flyer<\/center><\/figcaption><\/a><\/figure>\n\t\t\t<\/td>\n\t\t\t<td class=\"platipus2\">\n\t\t\t\t<p class=\"titre_annonce\">\u00c9tude gratifi\u00e9e sur la prise de d\u00e9cision et la confiance<\/p>\n\t\t\t\t\t\t\t\t\n\t\t\t\t\t\t<strong>Description :<\/strong>\n\t\t\t\t\t\t<p>Recherche de volontaires pour une \u00e9tude gratifi\u00e9e sur la prise de d\u00e9cision.<\/p>\n\t\t\t\t\t\t<p>L&rsquo;exp\u00e9rience consiste \u00e0 prendre des d\u00e9cisions concernant des stimuli visuels, et un dispositif de suivi oculaire est utilis\u00e9 pour contr\u00f4ler le regard.<\/p>\n\n\t\t\t\t\t\t<p><strong>Gratification : <\/strong>10\u20ac <br>\n\t\t\t\t\t\t<strong>Dur\u00e9e : <\/strong>1h <br>\n\t\t\t\t\t\t<strong>Dates : <\/strong>27\/04\/2026 &#8211; 30\/05\/2026<\/p>\n\n\t\t\t\t\t\t<p><strong>Crit\u00e8res de participation : <\/strong>\n\t\t\t\t\t\t<ul>\n\t\t\t\t\t\t<li>\u00c2ge : plus de 18 ans<\/li>\n\t\t\t\t\t\t<li>Ne pas porter de lunettes (les lentilles de contact sont accept\u00e9es)<\/li>\n\t\t\t\t\t\t<li>Ne pas avoir de maquillage des yeux permanent<\/li>\n\t\t\t\t\t\t<li>Lieu : LPNC &#8211; B\u00e2timent Michel Dubois &#8211; Aile D &#8211; Premier \u00e9tage<\/li>\n\t\t\t\t\t\t<\/ul>\n\t\t\t\t\t\t<\/p>\n\n\t\t\t\t\t\t<p>&#128073;  Pour participer, contactez :<a class=\"surlignage_email\"  href=\"mailto:nadia.hosseinizaveh@univ-grenoble-alpes.fr\"> &nbsp;  nadia.hosseinizaveh@univ-grenoble-alpes.fr &nbsp; <\/a><\/p>\n\n\t\t\t\t\t\t<p><strong>Responsable de traitement : <\/strong>Nadia Hosseinizaveh, LPNC, Universit\u00e9 Grenoble-Alpes<\/p>\n\n\t\t\t\t\t\t<img decoding=\"async\" src=\"https:\/\/platipus.univ-grenoble-alpes.fr\/wp-content\/uploads\/2024\/09\/Logo-widget-UGA.png\" alt=\"Logo UGA\" width=\"100px\">\n\t\t\t\t\t\t<img decoding=\"async\" src=\"https:\/\/platipus.univ-grenoble-alpes.fr\/wp-content\/uploads\/2024\/08\/logo-lpnc.png\" alt=\"Logo LPNC\" width=\"100px\">\n\t\t\t\t\n\t\t\t<\/td>\n\t\t\t\n\t\t\t<\/tr><\/table>\n\t\t<\/div>\n\t\t<\/details>\n\t\t\n\t\t<!-- etude 2026059 -->\n\t\t\n\t\t<details>\n\t\t<summary>\n\t\t\t{JeParticipe} {Senior pour la Science} <strong>Etude sur la perception auditive r\u00e9mun\u00e9r\u00e9e<\/strong>\n\t\t\t<font>[Publi\u00e9e le 20 avril 2026]<\/font>\n\t\t<\/summary>\n\t\t<div>\n\t\t\t<table class=\"platipus\"><tr>\n\t\t\t<td class=\"annonces_volontaires\">\n\t\t\t<figure><a href=\"https:\/\/platipus.univ-grenoble-alpes.fr\/wp-content\/uploads\/2026\/04\/Flyer-2026059.pdf\" ><img decoding=\"async\" src=\"https:\/\/platipus.univ-grenoble-alpes.fr\/wp-content\/uploads\/2023\/11\/prospectus.png\" width=\"150px\" alt=\"icone flyer\"><figcaption><center>T\u00e9l\u00e9charger le flyer<\/center><\/figcaption><\/a><\/figure>\n\t\t\t<\/td>\n\t\t\t<td class=\"platipus2\">\n\t\t\t\t<p class=\"titre_annonce\">Venez participer \u00e0 une \u00e9tude sur la perception auditive r\u00e9mun\u00e9r\u00e9e<\/p>\n\t\t\t\t<p>Bonjour \u00e0 toutes et \u00e0 tous,<\/p>\n\t\t\t\t<p>Nous recherchons des volontaires pour participer \u00e0 une \u00e9tude de recherche portant sur une t\u00e2che de discrimination auditive (tone-matching task). Cette t\u00e2che a d\u00e9j\u00e0 \u00e9t\u00e9 utilis\u00e9e chez des patients atteints de schizophr\u00e9nie afin de mieux comprendre l\u2019int\u00e9gration sensorielle pr\u00e9coce dans la schizophr\u00e9nie.<\/p>\n\t\t\t\t<p>Afin d\u2019obtenir un \u00e9chantillon de volontaires comparable au groupe de patients, nous recherchons des participants sains r\u00e9pondant aux crit\u00e8res suivants :\n\t\t\t\t<ul>\n\t\t\t\t<li>\u00eatre \u00e2g\u00e9(e) de 18 \u00e0 60 ans<\/li>\n\t\t\t\t<li>ne pas avoir de formation musicale<\/lI>\n\t\t\t\t<li>ne pr\u00e9senter aucun diagnostic psychiatrique ou neurologique<\/li>\n\t\t\t\t<\/ul><\/p>\n\t\t\t\t<p>Nous recherchons plus particuli\u00e8rement des participants masculins ayant un niveau d\u2019\u00e9tudes ne d\u00e9passant pas trois ann\u00e9es apr\u00e8s le baccalaur\u00e9at.<\/p>\n\t\t\t\t<p>Lors de l\u2019\u00e9tude, les participants r\u00e9aliseront une t\u00e2che auditive simple dans laquelle ils entendront deux sons et devront indiquer si ces deux sons sont identiques ou diff\u00e9rents.<\/p>\n\t\t\t\t<p>La t\u00e2che dure environ 20 \u00e0 30 minutes, et la participation sera r\u00e9mun\u00e9r\u00e9e \u00e0 hauteur de 10 euros.<\/p>\n\t\t\t\t<p>&#128073; Si vous \u00eates int\u00e9ress\u00e9(e), merci de r\u00e9pondre \u00e0 cet e-mail ou d\u2019envoyer un mail \u00e0  <a class=\"surlignage_email\" href=\"mailto:tone.time.grenoble@gmail.com\">&nbsp; tone.time.grenoble@gmail.com &nbsp;<\/a>. Si vous connaissez d\u2019autres personnes susceptibles d\u2019\u00eatre int\u00e9ress\u00e9es et correspondant au profil recherch\u00e9, n\u2019h\u00e9sitez pas \u00e0 leur transmettre ce message.<\/p>\n\t\t\t\t<p>Bien cordialement,<br>\n\t\t\t\tKiarash Pedramrad<br>\n\t\t\t\tGrenoble Institut Neuroscience<br>\n\t\t\t\t<a href=\"mailto:tone.time.grenoble@gmail.com\">tone.time.grenoble@gmail.com<\/a><\/p>\n\t\t\t\t<img decoding=\"async\" src=\"https:\/\/platipus.univ-grenoble-alpes.fr\/wp-content\/uploads\/2024\/11\/logo_gin.png\" alt=\"Logo GIN\" width=\"150px\">\n\t\t\t\t<img decoding=\"async\" src=\"https:\/\/platipus.univ-grenoble-alpes.fr\/wp-content\/uploads\/2023\/05\/logo_CHU-Grenoble.png\" alt=\"Logo CHU Grenoble\" width=\"100px\">\t\n\t\t\t<\/td>\n\t\t\t\n\t\t\t<\/tr><\/table>\n\t\t<\/div>\n\t\t<\/details>\n\t\t\n\t\t<!-- Etude 2026042 -->\n\t\t<details>\n\t\t<summary>\n\t\t\t{JeParticipe} {Senior pour la Science} <strong>Etude sur la perception audiovisuelle<\/strong>\n\t\t\t<font>[Publi\u00e9e le 26 f\u00e9vrier 2026]<\/font>\n\t\t<\/summary>\n\t\t<div>\n\t\t\t<table class=\"platipus\"><tr>\n\t\t\t<td class=\"annonces_volontaires\">\n\t\t\t<figure><a href=\"https:\/\/platipus.univ-grenoble-alpes.fr\/wp-content\/uploads\/2026\/02\/Flyer-2026042.pdf\" ><img decoding=\"async\" src=\"https:\/\/platipus.univ-grenoble-alpes.fr\/wp-content\/uploads\/2023\/11\/prospectus.png\" width=\"150px\" alt=\"icone flyer\"><figcaption><center>T\u00e9l\u00e9charger le flyer<\/center><\/figcaption><\/a><\/figure>\n\t\t\t<\/td>\n\t\t\t<td class=\"platipus2\">\n\t\t\t\t<p class=\"titre_annonce\">\u00c9tude gratifi\u00e9e sur la perception audiovisuelle<\/p>\n\t\t\t\t\t\t\n\t\t\t\t<p>Aidez la recherche \u00e0 mieux comprendre comment le cerveau combine les sons et les images !<\/p>\n\t\t\t\t<p>Au cours de cette \u00e9tude, vous devrez d\u00e9tecter si un stimulus audiovisuel est pr\u00e9sent ou absent et votre confiance en votre r\u00e9ponse.\n\t\t\t\t<ul>\n\t\t\t\t<li><strong>Gratification :<\/strong> 30\u20ac<\/li>\n\t\t\t\t<li><strong>Dur\u00e9e :<\/strong> 2h maximum<\/li>\n\t\t\t\t<\/ul><\/p>\n\t\t\t\t<u><strong>Conditions de participation :<\/strong><\/u>\n\t\t\t\t<\/p>\n\t\t\t\t<p>\n\t\t\t\t<ul>\n\t\t\t\t<li>\u00c2ge : De 35 \u00e0 70 ans<\/li>\n\t\t\t\t<li>Avoir une perte auditive p\u00e9riph\u00e9rique bilat\u00e9rale<\/li>\n\t\t\t\t<li>Port d&rsquo;appareils auditifs bilat\u00e9raux<\/li>\n\t\t\t\t<li>Pas d&rsquo;implants cochl\u00e9aires<\/li>\n\t\t\t\t<li>Vue normale ou corrig\u00e9e \u00e0 la normale<\/li>\n\t\t\t\t<li>Absence de troubles neurologiques ou psychiatriques<\/li>\n\t\t\t\t<\/ul>\n\t\t\t\t<\/p>\n\t\t\t\t<p><u><strong>Lieu <\/u>:<\/strong>  LPNC &#8211; B\u00e2timent Michel Dubois &#8211; Aile D &#8211; Premier \u00e9tage \/ 1251 Avenue Centrale Domaine Universitaire St Martin d\u2019H\u00e8res<\/p>\n\t\t\t\t<p>&#128073; <u><strong>Contact<\/u> :<\/strong><a class=\"surlignage_email\" href=\"mailto:perrine.porte@univ-grenoble-alpes.fr\"> &nbsp; perrine.porte@univ-grenoble-alpes.fr  &nbsp;<\/a><\/p>\n\t\t\t\t<p><u><strong>Responsables de traitement<\/u> :<\/strong> Perrine Porte (doctorante) &#038; Nathan Faivre (directeur de recherche au CNRS) <\/p>\n\t\t\t\t\n\t\t\t\t<img decoding=\"async\" src=\"https:\/\/platipus.univ-grenoble-alpes.fr\/wp-content\/uploads\/2024\/09\/Logo-widget-UGA.png\" alt=\"Logo UGA\" width=\"75px\">\n\t\t\t\t<img decoding=\"async\" src=\"https:\/\/platipus.univ-grenoble-alpes.fr\/wp-content\/uploads\/2024\/09\/Logo-widget-CNRS.png\" alt=\"Logo CNRS\" width=\"50px\">\n\t\t\t\t<img decoding=\"async\" src=\"https:\/\/platipus.univ-grenoble-alpes.fr\/wp-content\/uploads\/2024\/08\/logo-lpnc.png\" alt=\"Logo LPNC\" width=\"100px\">\n\t\t\t<\/td>\n\t\t\t\n\t\t\t<\/tr><\/table>\n\t\t<\/div>\n\t\t<\/details>\n\t\t\n\t\t<!-- Etude 2025122 -->\n\t\t<details>\n\t\t<summary>\n\t\t\t{JeParticipe} {Senior pour la Science} <strong>\u00c9tude sur l\u2019activit\u00e9 \u00e9lectrique du cerveau<\/strong>\n\t\t\t<font>[Publi\u00e9e le 23 mars 2026]<\/font>\n\t\t<\/summary>\n\t\t<div>\n\t\t\t<table class=\"platipus\"><tr>\n\t\t\t\n\t\t\t<td class=\"platipus2\">\n\t\t\t\t<p class=\"titre_annonce\">\u00c9tude gratifi\u00e9e sur l\u2019activit\u00e9 \u00e9lectrique du cerveau<\/p>\n\t\t\t\t\n\t\t\n\t\t\t\t<p>Aidez la recherche \u00e0 mieux comprendre certaines pathologies psychiatriques !<\/P>\n\t\t\t\t\n\t\t\t\t<p>Au cours de cette \u00e9tude, vous devrez r\u00e9pondre \u00e0 des questionnaires, faire des exercices d\u2019observation et de prise de d\u00e9cision <strong>notamment au cours d\u2019un \u00e9lectro enc\u00e9phalogramme (EEG)<\/strong>.\n\t\t\t\t<ul>\n\t\t\t\t<li><strong>Gratification :<\/strong> 60\u20ac<\/li>\n\t\t\t\t<lI><strong>Dur\u00e9e :<\/strong> 6h au total (maximum)<\/li>\n\t\t\t\t\t<ul>\n\t\t\t\t\t<li>10min de rendez-vous en visioconf\u00e9rence avec un psychiatre<\/li>\n\t\t\t\t\t<li>2h de tests en ligne (\u00e0 faire chez soi)<\/li>\n\t\t\t\t\t<li>3h30 d\u2019exercice au CHU avec enregistrement EEG <\/li>\n\t\t\t\t<\/ul><\/ul>\n\t\t\t\t<\/p>\n\n\t\t\t\t<p><strong>Conditions de participation :<\/strong>\n\t\t\t\t<ul>\n\t\t\t\t<li><strong>\u00c2ge : <\/strong>De 18 \u00e0 65 ans<\/li>\n\t\t\t\t<lI>Avoir <strong>acc\u00e8s \u00e0 un ordinateur<\/strong> pour faire les questionnaires en ligne et la visioconf\u00e9rence<\/li>\n\t\t\t\t<li><strong>Vue normale<\/strong> ou corrig\u00e9e \u00e0 la normale<\/li>\n\t\t\t\t<lI><strong>Aucun ant\u00e9c\u00e9dent psychiatrique ou neurologique<\/strong><\/lI>\n\t\t\t\t<\/ul>\n\t\t\t\t<\/p>\n\n\t\t\t\t<p><strong>Lieu :<\/strong> En ligne <u><strong>puis<\/strong><\/u> au Pavillon Psychiatrie &#8211; Dominique Villars, All\u00e9e de la Source, 38700 La Tronche<\/p>\n\n\t\t\t\t<p>&#128073; <strong>Pour participer :<\/strong> <a href=\"https:\/\/framaforms.org\/questionnaire-etude-sur-les-toc-1772636968\">https:\/\/framaforms.org\/questionnaire-etude-sur-les-toc-1772636968<\/a><br>\n\t\t\t\t<strong>&#128073; Contact :  <\/strong><a class=\"surlignage_email\" href=\"mailto:childeric.dezier@univ-grenoble-alpes.fr\">&nbsp; childeric.dezier@univ-grenoble-alpes.fr &nbsp;<\/a><br>\n\t\t\t\t<strong>Responsables de traitement : <\/strong>Child\u00e9ric Dezier (doctorant) &#038; Mircea Polosan (PU-PH)<\/p>\n\t\t\t\t\n\t\t\t\t<img decoding=\"async\" src=\"https:\/\/platipus.univ-grenoble-alpes.fr\/wp-content\/uploads\/2024\/11\/logo_gin.png\" alt=\"Logo GIN\" width=\"140px\">\n\t\t\t\t<img decoding=\"async\" src=\"https:\/\/platipus.univ-grenoble-alpes.fr\/wp-content\/uploads\/2023\/05\/logo_CHU-Grenoble.png\" alt=\"Logo CHU Grenoble\" width=\"100px\">\n\t\t\t\t<img decoding=\"async\" src=\"https:\/\/platipus.univ-grenoble-alpes.fr\/wp-content\/uploads\/2026\/01\/Logo-INSERM.png\" alt=\"Logo INSERM\" width=\"100px\">\n\t\t\t\t<img decoding=\"async\" src=\"https:\/\/platipus.univ-grenoble-alpes.fr\/wp-content\/uploads\/2024\/09\/Logo-widget-UGA.png\" alt=\"Logo UGA\" width=\"75px\">\n\t\t\t<\/td>\n\t\t\t\n\t\t\t<\/tr><\/table>\n\t\t<\/div>\n\t\t<\/details>\n\t\t\n\t\t<!--Etude 2025129-->\n\t\t<details>\n\t\t<summary>\n\t\t\t{JeParticipe} <strong>Etude sur la cr\u00e9ativit\u00e9 collective \u00e0 distance<\/strong>\n\t\t\t<font>[Publi\u00e9e le 01 d\u00e9cembre 2025 ; Modifi\u00e9e le 12 mars 2026]<\/font>\n\t\t<\/summary>\n\t\t<div>\n\t\t\t<table class=\"platipus\"><tr>\n\t\t\t<td class=\"platipus2\">\n\t\t\t\t<p class=\"titre_annonce\">Etude r\u00e9mun\u00e9r\u00e9e sur la cr\u00e9ativit\u00e9 collective \u00e0 distance<\/p>\n\t\t\t\t<p>Bonjour !<\/p>\n\t\t\t\t<p><strong>Tout d&rsquo;abord merci \u00e0 toutes les personnes d\u00e9j\u00e0 inscrites pour cette \u00e9tude. Nous vous communiquerons tr\u00e8s prochainement les cr\u00e9neaux sur lesquels vous pourrez vous inscrire.<\/strong><\/p>\n\t\t\t\t<p><strong>Pour ceux qui ne se seraient pas encore inscrits,<\/strong> nous sommes toujours \u00e0 la recherche de participants pour l\u2019\u00e9tude r\u00e9mun\u00e9r\u00e9e que nous menons sur la cr\u00e9ativit\u00e9 collective dans les environnements en ligne. Nous nous int\u00e9ressons \u00e0 comprendre les conditions optimales \u00e0 la cr\u00e9ativit\u00e9 dans le cadre de s\u00e9ance collectives qui se d\u00e9roulent en distanciel via des outils de visioconf\u00e9rence.<\/p>\n\t\t\t\t<p>Si vous \u00eates int\u00e9ress\u00e9.es, vous devrez disposer d\u2019un ordinateur vous permettant d&rsquo;installer une plateforme de visioconf\u00e9rence (compatible Zoom\/Teams\/Meet) pour se connecter \u00e0 la session (le lien vous sera communiqu\u00e9 apr\u00e8s confirmation de votre participation). L\u2019ordinateur utilis\u00e9 devra comporter une cam\u00e9ra ainsi qu\u2019un micro fonctionnels.<\/p>\n\t\t\t\t<p>Votre t\u00e2che : r\u00e9aliser une t\u00e2che de cr\u00e9ativit\u00e9 collectivement (groupe de 6 \u00e0 8 personnes connect\u00e9es \u00e0 distance)<\/p>\n\t\t\t\t<p><strong>Dur\u00e9e :<\/strong> 1h<\/p>\n\t\t\t\t<p><strong>Lieu : <\/strong>o\u00f9 vous voulez, avec une bonne connexion !<\/p>\n\t\t\t\t<p><strong>Quand : <\/strong>de Janvier \u00e0 F\u00e9vrier 2026<\/p>\n\t\t\t\t<p><strong>Paiement : <\/strong>bon cadeau de 15 euros (UP Cadhoc)<\/p>\n\t\t\t\t<p><strong>Crit\u00e8res d\u2019inclusion :<\/strong>\n\t\t\t\t<ul>\n\t\t\t\t<li>Avoir plus de 18 ans<\/li>\n\t\t\t\t<li>Pouvoir comprendre et lire le fran\u00e7ais<\/li>\n\t\t\t\t<\/ul>\n\t\t\t\t<\/p>\n\t\t\t\t<p>&#128073; Si vous \u00eates int\u00e9ress\u00e9s pour participer \u00e0 cette \u00e9tude, cliquez sur le lien suivant <a href=\"https:\/\/doodle.com\/sign-up-sheet\/participate\/71cf8efb-2a2d-4572-a4b4-28d056e5c028\/select\" target=\"_blank\">https:\/\/doodle.com\/sign-up-sheet\/participate\/71cf8efb-2a2d-4572-a4b4-28d056e5c028\/select<\/a> pour consentir \u00e0 participer en r\u00e9pondant \u00e0 notre questionnaire en ligne.<\/P>\n\t\t\t\t<p>A la fin de votre participation \u00e0 l\u2019\u00e9tude, vous recevrez votre bon cadeau ! Ce bon cadeau est utilisable parmi les partenaires r\u00e9f\u00e9renc\u00e9s ici : <a href=\"https:\/\/ou-utiliser-cadhoc.up.coop\/enseignes\" target=\"_blank\">https:\/\/ou-utiliser-cadhoc.up.coop\/enseignes<\/a>.<\/p>\n\t\t\t\t<p>&#128073; Pour toute demande vous pouvez nous contacter par mail \u00e0 l\u2019adresse :<br>\n\t\t\t\t<a class=\"surlignage_email\" href=\"mailto:edith.prat@univ-grenoble-alpes.fr\">&nbsp; edith.prat@univ-grenoble-alpes.fr &nbsp;<\/a><\/p>\n\n\t\t\t\t<p>Merci pour votre aide !<\/p>\n\n\t\t\t\t<img decoding=\"async\" src=\"https:\/\/platipus.univ-grenoble-alpes.fr\/wp-content\/uploads\/2024\/09\/Logo-widget-UGA.png\" alt=\"Logo UGA\" width=\"75px\">\n\t\t\t\t<img decoding=\"async\" src=\"https:\/\/platipus.univ-grenoble-alpes.fr\/wp-content\/uploads\/2025\/11\/France-2030-Collaboration-numerique-Etude-2025129.png\" alt=\"Logo France 2030\" width=\"100px\">\n\t\t\t\t\n\t\t\t\n\t\t\t<\/td>\n\t\t\t\n\t\t\t<\/tr><\/table>\n\t\t<\/div>\n\t\t<\/details>\n\t\t\n\t\t<!-- Etude 2026044 -->\n\t\t<details>\n\t\t<summary>\n\t\t\t{JeParticipe} <strong>Etude en IRM sur la motivation et l\u2019effort<\/strong>\n\t\t\t<font>[Publi\u00e9e le 11 mars 2026]<\/font>\n\t\t<\/summary>\n\t\t<div>\n\t\t\t<table class=\"platipus\"><tr>\n\t\t\t<td class=\"annonces_volontaires\">\n\t\t\t<figure><a href=\"https:\/\/platipus.univ-grenoble-alpes.fr\/wp-content\/uploads\/2026\/03\/Flyer-2026044.pdf\" ><img decoding=\"async\" src=\"https:\/\/platipus.univ-grenoble-alpes.fr\/wp-content\/uploads\/2023\/11\/prospectus.png\" width=\"150px\" alt=\"icone flyer\"><figcaption><center>T\u00e9l\u00e9charger le flyer<\/center><\/figcaption><\/a><\/figure>\n\t\t\t<\/td>\n\t\t\t<td class=\"platipus2\">\n\t\t\t\t<p class=\"titre_annonce\">Volontaires recherch\u00e9s pour une \u00e9tude en IRM sur la motivation et l\u2019effort<\/p>\n\t\t\t\t\n\t\t\n\t\t\t\t<p>Le <strong>Grenoble Institut des Neurosciences<\/strong> recrute des <strong>volontaires adultes<\/strong> pour participer \u00e0 une \u00e9tude scientifique visant \u00e0 comprendre <strong>comment le cerveau d\u00e9cide de fournir un effort<\/strong>.<\/p>\n\t\t\t\t<p>Cette recherche s\u2019int\u00e9resse aux m\u00e9canismes c\u00e9r\u00e9braux de la motivation et permettra de mieux comprendre certains sympt\u00f4mes observ\u00e9s dans des troubles psychiatriques comme la schizophr\u00e9nie. Votre participation contribuera directement \u00e0 faire avancer la recherche en neurosciences et en sant\u00e9 mentale.<\/p>\n\n\t\t\t\t<p><strong>&#128100; Profil recherch\u00e9<\/strong><\/p>\n\t\t\t\t<p>Nous recherchons des personnes :\n\t\t\t\t<strong><ul>\n\t\t\t\t<li>\u00e2g\u00e9es de 18 \u00e0 50 ans<\/lI>\n\t\t\t\t<li>avec un niveau d\u2019\u00e9tude inf\u00e9rieur ou \u00e9gal \u00e0 Bac+3<\/li>\n\t\t\t\t<li>sans trouble psychiatrique ou neurologique<\/li>\n\t\t\t\t<\/ul><\/strong>\n\t\t\t\tCertaines situations ne permettent pas de participer \u00e0 une IRM (pacemaker, implants m\u00e9talliques, etc.). Ces points seront v\u00e9rifi\u00e9s avant l\u2019\u00e9tude.<\/p>\n\n\t\t\t\t<p><strong>&#129504;Que devrez-vous faire ?<\/strong><\/p>\n\t\t\t\t\n\t\t\t\t<p>Vous participerez \u00e0 une <strong>exp\u00e9rience dans un scanner IRM <\/strong>permettant d\u2019enregistrer l\u2019activit\u00e9 de votre cerveau pendant que vous r\u00e9alisez une t\u00e2che de d\u00e9cision impliquant diff\u00e9rents niveaux d\u2019effort.<\/p>\n\t\t\t\t<p>La session comprend :\n\t\t\t\t<ul>\n\t\t\t\t<li><strong>30 minutes d\u2019explications et d\u2019entra\u00eenement<\/li>\n\t\t\t\t<li>1 heure dans la machine IRM <\/strong>pour r\u00e9aliser la t\u00e2che<\/li>\n\t\t\t\t<\/ul>\n\t\t\t\t<\/p>\n\t\t\t\t<P>\n\t\t\t\t<strong>Dur\u00e9e totale : <\/strong>environ 1h30<br>\n\t\t\t\t<strong>&#128204; Lieu : <\/strong>CHU Grenoble Alpes, La Tronche \u2013 centre d\u2019IRM de recherche<br>\n\t\t\t\t<strong>&#038;#1F4B0; Indemnisation : <\/strong>30 \u20ac<\/p>\n\t\t\t\t\n\t\t\t\t<p>&#11036; <strong>Comment participer ?<\/strong><\/p>\n\t\t\t\t\n\t\t\t\t<p>&#128073; Si vous \u00eates int\u00e9ress\u00e9(e), envoyez simplement un email avec :\n\t\t\t\t<ul>\n\t\t\t\t<li>votre <strong>\u00e2ge<\/strong><\/li>\n\t\t\t\t<li>votre <strong>niveau d\u2019\u00e9tude<\/strong><\/li>\n\t\t\t\t<\/ul>\n\t\t\t\t<strong>Objet du mail :<\/strong> Participation \u00e9tude IRM motivation<br>\n\t\t\t\t\u00e0 l\u2019adresse suivante : <a class=\"surlignage_email\" href=\"mailto:motivation.decision@gmail.com\">&nbsp; motivation.decision@gmail.com &nbsp;<\/a><\/p>\n\t\t\t\t<p>N\u2019h\u00e9sitez pas \u00e0 partager cette annonce autour de vous si vous connaissez des personnes susceptibles d\u2019\u00eatre int\u00e9ress\u00e9es.<\/p>\n\n\t\t\t\t<p>&#128222; <strong>Contact<\/strong><\/p>\n\t\t\t\t<p><strong>Fabien Cignetti<\/strong><br>\n\t\t\t\tChercheur<br>\n\t\t\t\tGrenoble Institut des Neurosciences<br>\n\t\t\t\t&#128073; <a class=\"surlignage_email\" href=\"mailto:motivation.decision@gmail.com\">&nbsp; motivation.decision@gmail.com &nbsp;<\/a><\/p>\n\n\t\t\t\t<p><strong>Institutions partenaires<\/strong><\/p>\n\t\t\t\t<p><ul>\n\t\t\t\t<li>Grenoble Institut des Neurosciences<\/li>\n\t\t\t\t<li>Universit\u00e9 Grenoble Alpes<\/li>\n\t\t\t\t<li>Centre Hospitalier Alpes-Is\u00e8re <\/lI>\n\t\t\t\t<li>CHU Grenoble Alpes<\/li>\n\t\t\t\t<\/ul><\/p>\n\t\t\t\t\n\t\t\t\t<img decoding=\"async\" src=\"https:\/\/platipus.univ-grenoble-alpes.fr\/wp-content\/uploads\/2024\/09\/Logo-widget-UGA.png\" alt=\"Logo UGA\" width=\"75px\">\n\t\t\n\t\t\t\t<img decoding=\"async\" src=\"https:\/\/platipus.univ-grenoble-alpes.fr\/wp-content\/uploads\/2024\/11\/logo_gin.png\" alt=\"Logo GIN\" width=\"145px\">\n\t\t\n\t\t\t\t<img decoding=\"async\" src=\"https:\/\/platipus.univ-grenoble-alpes.fr\/wp-content\/uploads\/2023\/05\/logo_CHU-Grenoble.png\" alt=\"Logo CHU Grenoble\" width=\"100px\">\n\t\t\t\t<img decoding=\"async\" src=\"https:\/\/platipus.univ-grenoble-alpes.fr\/wp-content\/uploads\/2023\/05\/logo-Centre-Hospitalier-Alpes-Isere.jpg\" alt=\"Logo Centre hospitalier Alpes-Is\u00e8re\" width=\"70px\">\n\t\t\n\t\t\t<\/td>\n\t\t\t\n\t\t\t<\/tr><\/table>\n\t\t<\/div>\n\t\t<\/details>\n\t\t\n\t\t<!-- Etude 2026029 -->\n\t\t<details>\n\t\t<summary>\n\t\t\t{JeParticipe} {Senior pour la Science} <strong>Etude sur les mouvements oculaires chez l\u2019adulte sain, jeune et \u00e2g\u00e9<\/strong>\n\t\t\t<font>[Publi\u00e9e le 02 mars 2026]<\/font>\n\t\t<\/summary>\n\t\t<div>\n\t\t\t<table class=\"platipus\"><tr>\n\t\t\t\n\t\t\t<td class=\"platipus2\">\n\t\t\t\t<p class=\"titre_annonce\">Etude sur les mouvements oculaires chez l\u2019adulte sain, jeune et \u00e2g\u00e9<\/p>\n\t\t\t\t\n\t\t\n\t\t<p><strong><font style=\"color:#0070C0\">Description et objectif de l\u2019\u00e9tude :<\/font><\/strong> Chez l\u2019humain, les yeux sont constamment en mouvement. En recherche fondamentale, l\u2019\u00e9tude des mouvements oculaires \u00e0 l\u2019aide de la technique d\u2019oculom\u00e9trie (ou \u00abeye-tracking\u00bb) fournit des informations pr\u00e9cieuses sur la perception visuelle mais aussi sur de nombreux processus cognitifs, car les mouvements oculaires mobilisent un vaste r\u00e9seau d\u2019aires c\u00e9r\u00e9brales impliqu\u00e9es dans un grand nombre de fonctions (attention, contr\u00f4le moteur, inhibition\u2026). Ils constituent donc de bons indicateurs du fonctionnement de ces processus et sont de plus en plus utilis\u00e9s pour d\u00e9tecter d\u2019\u00e9ventuelles alt\u00e9rations dans diverses pathologies. <\/p>\n\t\t<p>Dans ce contexte, <strong>notre \u00e9tude vise \u00e0 constituer une base de donn\u00e9es de mouvements oculaires chez des participants sains, lors de diff\u00e9rentes activit\u00e9s visuelles.<\/strong> Ces donn\u00e9es permettront de mieux comprendre les m\u00e9canismes de la perception visuelle et de l\u2019oculomotricit\u00e9 chez le sujet sain et pourront servir de r\u00e9f\u00e9rence pour \u00eatre compar\u00e9es \u00e0 celles de patients pr\u00e9sentant diff\u00e9rentes pathologies.<\/p>\n\t\t<p><strong><font style=\"color:#0070C0\">D\u00e9roulement :<\/font><\/strong>  <strong>L\u2019\u00e9tude consiste en une seule session d\u20191h30 <\/strong>au cours de laquelle nous vous demanderons de r\u00e9aliser des t\u00e2ches simples impliquant des mouvements des yeux (e.g., explorer une image, d\u00e9tecter un objet) alors que vous \u00eates face \u00e0 un \u00e9cran d\u2019ordinateur. Des pauses vous seront propos\u00e9es r\u00e9guli\u00e8rement. Lors de cette \u00e9tude, nous enregistrerons les mouvements de vos yeux \u00e0 l\u2019aide d\u2019un oculom\u00e8tre. Si vous participez, <strong>il faudra venir sans maquillage sur les yeux et bien apporter vos lunettes ou lentilles si vous en portez.<\/strong><\/p>\n\t\t<p><strong>Vous recevrez 20\u20ac en compensation de votre participation.<\/strong><\/p>\n\t\t<p><strong><font style=\"color:#0070C0\">Lieu :<\/font><\/strong> <strong>L\u2019\u00e9tude se d\u00e9roule au GIPSA-Lab, sur le campus de St Martin d\u2019H\u00e8res (11 rue des Math\u00e9matiques, arr\u00eat de tram B ou C \u00ab MUSE \u2013 Gabriel Faur\u00e9 \u00bb). <a target=\"_blank\"  href=\"https:\/\/www.gipsa-lab.grenoble-inp.fr\/plan-dacces\">https:\/\/www.gipsa-lab.grenoble-inp.fr\/plan-dacces<\/a><\/strong><\/p> \n\t\t<p><strong>Lors de votre venue, merci de nous appeler lorsque vous \u00eates en bas et nous viendrons vous chercher. <\/strong><\/p>\n\t\t<p><strong><font style=\"color:#0070C0\">Crit\u00e8res d\u2019inclusion : <\/font><\/strong>\n\t\t<ul>\n\t\t<li>Avoir entre 30 et 95 ans<\/li>\n\t\t<li>Avoir une vue normale ou corrig\u00e9e \u00e0 la normale \u00e0 l\u2019aide de lentilles ou de lunettes<\/li>\n\t\t<li>Ne pas avoir de trouble important de l\u2019audition, de la vision ou de la motricit\u00e9<\/li>\n\t\t<li>Ne pas avoir de pathologie d\u00e9veloppementale (dyslexie, autisme), neurologique ou psychiatrique (schizophr\u00e9nie, parkinson, \u00e9pilepsie\u2026)<\/li>\n\t\t<li>Ne pas prendre de m\u00e9dicament ou de stup\u00e9fiants pouvant entrainer des troubles de la vigilance et\/ou de l\u2019activit\u00e9 oculomotrice<\/li>\n\t\t<\/ul>\n\t\t<\/p>\n\t\t<p>&#128073;  <strong><font style=\"color:#0070C0\">Pour vous inscrire : <\/font><\/strong>Vous pouvez vous inscrire au cr\u00e9neau de votre choix (de mars \u00e0 mai 2026) via le lien suivant : <a target=\"_blank\" href=\"https:\/\/evento.renater.fr\/survey\/etudier-les-mouvements-oculaires-pour-mieux-comprendre-le-fonctionnement-cognitif-pgwqqmmu\">https:\/\/evento.renater.fr\/survey\/etudier-les-mouvements-oculaires-pour-mieux-comprendre-le-fonctionnement-cognitif-pgwqqmmu<\/a><br> \n\t\tOu bien en nous contactant par mail ou par t\u00e9l\u00e9phone :\n\t\t<ul>\n\t\t<li>Hiba El-Jaouhari  (\u00e9tudiante en master) <a href=\"mailto:hiba.el-jaouhari@etu.univ-grenoble-alpes.fr\" class=\"surlignage_email\">&nbsp;hiba.el-jaouhari@etu.univ-grenoble-alpes.fr &nbsp;<\/a>  07 67 40 93 31<\/li>\n\t\t<li>Samuel Tlemsani (\u00e9tudiant en master) <a class=\"surlignage_email\" href=\"mailto:samuel.tlemsani@grenoble-inp.org\">&nbsp; samuel.tlemsani@grenoble-inp.org &nbsp;<\/a> 06 18 10 63 97<\/li>\n\t\t<\/ul>\n\t\t<\/p>\n\n\t\t<p><strong><font style=\"color:#0070C0\">Responsables de l\u2019\u00e9tude et du traitement des donn\u00e9es : <\/font><\/strong><\/p>\n\t\t<p>Nathalie GUYADER, Ma\u00eetresse de Conf\u00e9rences, GIPSA-Lab \/ Grenoble INP <a href=\"mailto:nathalie.guyader@grenoble-inp.fr\">nathalie.guyader@grenoble-inp.fr<\/a> \n\n\t\t<p>Louise KAUFFMANN, Ma\u00eetresse de Conf\u00e9rences, Laboratoire de Psychologie et NeuroCognition \/ Universit\u00e9 Grenoble Alpes\n\t\t<a href=\"mailto:louise.kauffmann@univ-grenoble-alpes.fr\">louise.kauffmann@univ-grenoble-alpes.fr<\/a><\/p> \n\n\t\t<p>Carole PEYRIN , Directrice de recherches CNRS, Laboratoire de Psychologie et NeuroCognition <a href=\"mailto:carole.peyrin@univ-grenoble-alpes.fr\">carole.peyrin@univ-grenoble-alpes.fr<\/a><\/p> \n\n\t\t\n\t\t<!--&#128073; Contact : <font style=\"background-color:#FFC83D\">&nbsp;    &nbsp;<\/font>-->\n\t\t<!--FIN TEXTE MAIL-->\n\t\t\n\t\t\t\n\t\t\t<\/td>\n\t\t\t\n\t\t\t<\/tr><\/table>\n\t\t<\/div>\n\t\t<\/details>\n\t\t\t\n\t\t\n\t\t<!-- Etude 2026037 --> \n\t\t<details>\n\t\t<summary>\n\t\t\t{JeParticipe} {Senior pour la Science} <strong>Etude sur l&rsquo;activit\u00e9 physique, l&rsquo;alimentation et le sommeil<\/strong>\n\t\t\t<font>[Publi\u00e9e le 24 f\u00e9vrier 2026]<\/font>\n\t\t<\/summary>\n\t\t<div>\n\t\t\t<table class=\"platipus\"><tr>\n\t\t\t<td class=\"annonces_volontaires\">\n\t\t\t<figure><a href=\"https:\/\/platipus.univ-grenoble-alpes.fr\/wp-content\/uploads\/2026\/02\/Flyer-2026037-scaled.jpg\" ><img decoding=\"async\" src=\"https:\/\/platipus.univ-grenoble-alpes.fr\/wp-content\/uploads\/2023\/11\/prospectus.png\" width=\"150px\" alt=\"icone flyer\"><figcaption><center>T\u00e9l\u00e9charger le flyer<\/center><\/figcaption><\/a><\/figure>\n\t\t\t<\/td>\n\t\t\t<td class=\"platipus2\">\n\t\t\t\t<p class=\"titre_annonce\">Bouger, mieux manger, mieux dormir : un trio essentiel pour la sant\u00e9 !<\/p>\n\t\t\t\t\n\t\t\n\t\t\t\t<p>En France, <strong>95 % des adultes<\/strong> pr\u00e9sentent un risque pour leur sant\u00e9 li\u00e9 au manque d\u2019activit\u00e9 physique ou \u00e0 la s\u00e9dentarit\u00e9, et <strong>36 % des 18\u201375 ans<\/strong> dorment moins de 6 heures par nuit.<\/p>\n\n\t\t\t\t<p>Pour r\u00e9pondre \u00e0 ces enjeux, le CHU Grenoble Alpes conduit l\u2019\u00e9tude SPIRAL+, financ\u00e9e par l\u2019Institut de Recherche en Sant\u00e9 Publique (IReSP), la Fondation Matmut et le Fonds APMC.<\/p>\n\n\t\t\t\t<p><strong>&#x1F3AF; Objectif<\/strong><\/p>\n\t\t\t\t<p>\u00c9valuer l\u2019impact d\u2019un programme associant :<\/p>\n\t\t\t\t<p>\n\t\t\t\t&#x1F5F9; Activit\u00e9 physique<br>\n\t\t\t\t&#x1F957; Alimentation<br>\n\t\t\t\t&#x1F634; Sommeil<br>\n\t\t\t\tsur : la qualit\u00e9 de vie et le niveau d\u2019activit\u00e9 physique chez des adultes \u00e9loign\u00e9s de la pratique d\u2019activit\u00e9 physique.<\/p>\n\n\n\t\t\t\t<p><strong>&#x1F464; Qui peut participer ?<\/strong><\/p>\n\t\t\t\t<p>Vous pouvez participer si vous :\n\t\t\t\t<ul>\n\t\t\t\t<li>Avez entre <strong>18 et 80 ans<\/strong><\/li>\n\t\t\t\t<li>Pratiquez <strong>moins de 2h30 d\u2019activit\u00e9 physique de loisir mod\u00e9r\u00e9e par semaine<\/strong><\/li>\n\t\t\t\t<li>N\u2019avez pas consult\u00e9 un m\u00e9decin du sommeil au cours des 12 derniers mois<\/lI>\n\t\t\t\t<li>N\u2019avez pas de contre-indication \u00e0 la pratique d\u2019une activit\u00e9 physique<\/li>\n\t\t\t\t<\/ul>\n\t\t\t\t<\/p>\n\t\t\t\t\n\t\t\t\t<p><strong>&#x1F9EA; D\u00e9roulement<\/strong><\/p>\n\t\t\t\t<p>&#x1F3AF; Maison Sport-Sant\u00e9 \u2013 CHU Sud, \u00c9chirolles<\/p>\n\t\t\t\t<p>R\u00e9partition al\u00e9atoire dans l\u2019un des 3 groupes :\n\t\t\t\t<ol> \n\t\t\t\t<li>Suivi \u00ab Maison Sport-Sant\u00e9 \u00bb (\u00e9valuations et conseils)<\/li>\n\t\t\t\t<li>Activit\u00e9 physique (1 s\u00e9ance\/sem., 1h30) + suivi nutritionnel (dur\u00e9e : 6 mois)<\/li>\n\t\t\t\t<li>Idem + accompagnement sur le sommeil<\/li>\n\t\t\t\t<\/ol>\n\t\t\t\t&#x1F4CA; \u00c9valuations pour tous : au d\u00e9but, \u00e0 6 mois et \u00e0 12 mois.<\/p>\n\n\t\t\t\t<p><strong>&#128073; Pour participer :<\/strong>\n\t\t\t\t&#128231; Envoyez-nous un mail en nous laissant des cr\u00e9neaux horaires auxquels nous pouvons vous rappeler :<br>\n\t\t\t\t<a class=\"surlignage_email\" href=\"mailto:letremplindelasante@univ-grenoble-alpes.fr\">&nbsp; letremplindelasante@univ-grenoble-alpes.fr &nbsp;<\/a><br>\n\t\t\t\t&#x1F4DE; 06 58 24 28 85<br>\n\t\t\t\t&#x1F310; Plus d\u2019informations :<br>\n\t\t\t\t<a href=\"https:\/\/letremplindelasante.fr\/etudes\/etude-spiral\/\" target=\"_blank\">https:\/\/letremplindelasante.fr\/etudes\/etude-spiral\/<\/a><\/p>\n\n\t\t\t\t<p>Nous serions ravis de vous compter parmi les participants \u00e0 cette \u00e9tude contribuant \u00e0 l\u2019am\u00e9lioration de la sant\u00e9 de tous.<\/p>\n\n\t\t\t\t<p>Bien cordialement,<bR>\n\t\t\t\tL\u2019\u00e9quipe SPIRAL+<\/p>\n\t\t\t\t\n\t\t\t\t\n\t\t\t\t<img decoding=\"async\" src=\"https:\/\/platipus.univ-grenoble-alpes.fr\/wp-content\/uploads\/2023\/05\/logo_CHU-Grenoble.png\" alt=\"Logo CHU Grenoble\" width=\"115px\">\n\t\t\t\t\n\t\t\t\t<img decoding=\"async\" src=\"https:\/\/platipus.univ-grenoble-alpes.fr\/wp-content\/uploads\/2026\/02\/logo-le-tremplin-de-la-sante-horizontal-scaled.jpg\" alt=\"Logo Tremplin de la sant\u00e9\" width=\"150px\">\n\t\t\t\t<img decoding=\"async\" src=\"https:\/\/platipus.univ-grenoble-alpes.fr\/wp-content\/uploads\/2024\/09\/Logo-widget-UGA.png\" alt=\"Logo UGA\" width=\"80px\">\n\t\t\t\t\n\t\t\t\t<img decoding=\"async\" src=\"https:\/\/platipus.univ-grenoble-alpes.fr\/wp-content\/uploads\/2023\/04\/Logo-SENS.jpg\" alt=\"Logo SENS\" width=\"115px\">\n\t\t\t\t<img decoding=\"async\" src=\"https:\/\/platipus.univ-grenoble-alpes.fr\/wp-content\/uploads\/2024\/02\/HP2-logo.jpeg\" alt=\"Logo HP2\" width=\"65px\">\n\t\t\t\t\n\t\t\t<\/td>\n\t\t\t\n\t\t\t<\/tr><\/table>\n\t\t<\/div>\n\t\t<\/details>\n\t\t\n\t\t\n\t\t\n\t\t<!-- Etude 2026035 -->\n\t\t<details>\n\t\t<summary>\n\t\t\t{JeParticipe} {Senior pour la Science} <strong>Etude sur la confiance envers les diagnostics m\u00e9dicaux <\/strong>\n\t\t\t<font>[Publi\u00e9e le 19 f\u00e9vrier 2026]<\/font>\n\t\t<\/summary>\n\t\t<div>\n\t\t\t<table class=\"platipus\"><tr>\n\t\t\t\n\t\t\t<td class=\"platipus2\">\n\t\t\t\t<p class=\"titre_annonce\">Participez \u00e0 une \u00e9tude sur la confiance envers les diagnostics m\u00e9dicaux et <br>Partagez votre ressenti face aux annonces de maladies ! <\/p>\n\t\t\t\t<p><strong>Pourquoi participer ?<\/strong>\n\t\t\t\t<ul>\n\t\t\t\t<li><strong>Comprenez comment sont per\u00e7ues les d\u00e9cisions m\u00e9dicales :<\/strong> d\u00e9couvrez comment les diagnostics et les traitements peuvent \u00eatre annonc\u00e9s par un m\u00e9decin ou assist\u00e9s par une intelligence artificielle.<\/li>\n\t\t\t\t<li><strong>Exprimez votre ressenti :<\/strong> partagez votre opinion face \u00e0 diff\u00e9rentes situations de sant\u00e9 pr\u00e9sent\u00e9es sous forme de courtes vid\u00e9os.<\/li>\n\t\t\t\t<li><strong>Contribuez \u00e0 la recherche :<\/strong> votre participation permettra de mieux comprendre les \u00e9motions, la confiance et l\u2019adh\u00e9sion aux soins selon le type de maladie et le mode d\u2019annonce du diagnostic.<\/li>\n\t\t\t\t<\/ul>\n\t\t\t\t<\/p>\n\t\t\t\t\n\t\t\t\t<p><strong>Comment participer ?<\/strong><\/p>\n\t\t\t\t<p>L\u2019\u00e9tude se d\u00e9roule en ligne, \u00e0 votre rythme. Il vous suffit de disposer d\u2019un ordinateur, d\u2019une tablette ou d\u2019un smartphone connect\u00e9 \u00e0 Internet.<\/p>\n\t\t\t\t<p>Vous r\u00e9pondrez \u00e0 quelques questions g\u00e9n\u00e9rales, puis visionnerez une s\u00e9rie de courtes vid\u00e9os pr\u00e9sentant diff\u00e9rentes situations m\u00e9dicales avant de donner votre avis.\n\t\t\t\tVotre participation est pr\u00e9cieuse et confidentielle. Vos r\u00e9ponses nous aideront \u00e0 construire un outil num\u00e9rique qui vous ressemble, un espace o\u00f9 vos souvenirs seront c\u00e9l\u00e9br\u00e9s et partag\u00e9s.<\/p>\n\t\t\t\t<p>Temps de participation estim\u00e9 : 15 \u00e0 20 minutes<\/p>\n\n\t\t\t\t<p>&#128073; Cliquez sur le lien suivant pour acc\u00e9der \u00e0 l&rsquo;\u00e9tude : <a href=\"https:\/\/enquetes-screen.msh-alpes.fr\/index.php\/516146?lang=fr\" target=\"_blank\">https:\/\/enquetes-screen.msh-alpes.fr\/index.php\/516146?lang=fr<\/a><\/p>\n\t\t\t\t<p>Nous vous remercions pour votre participation.<\/p>\n\t\t\t\t<p>L&rsquo;\u00e9quipe de recherche<\/p>\n\t\t\t\t<p><em>Gillian Zitrin<\/em> et <em>Emmanuel Monfort<\/em> (responsable scientifique, laboratoire TIMC, Universit\u00e9 Grenoble Alpes, <a class=\"surlignage_email\" href=\"mailto:emmanuel.monfort@univ-grenoble-alpes.fr\">&nbsp; emmanuel.monfort@univ-grenoble-alpes.fr &nbsp;<\/a>)<\/p>\n\t\t\t\t\n\t\t\t\t<img decoding=\"async\" src=\"https:\/\/platipus.univ-grenoble-alpes.fr\/wp-content\/uploads\/2023\/11\/timcimag-Evol-logo.png\" alt=\"Logo TIMC\" width=\"150px\">\n\t\t\t\t<img decoding=\"async\" src=\"https:\/\/platipus.univ-grenoble-alpes.fr\/wp-content\/uploads\/2024\/09\/Logo-widget-UGA.png\" alt=\"Logo UGA\" width=\"100px\">\n\t\t\t\t<img decoding=\"async\" src=\"https:\/\/platipus.univ-grenoble-alpes.fr\/wp-content\/uploads\/2024\/09\/Logo-widget-CNRS.png\" alt=\"Logo CNRS\" width=\"70px\">\n\t\t\t<\/td>\n\t\t\t\n\t\t\t<\/tr><\/table>\n\t\t<\/div>\n\t\t<\/details>\n\t\t\n\n\t\t<!-- Etude 2026024 -->\n\t\t\n\t\t<details>\n\t\t<summary>\n\t\t\t{JeParticipe} <strong>\u00c9tude sur les interactions sociales<\/strong>\n\t\t\t<font>[Publi\u00e9e le 13 f\u00e9vrier 2026]<\/font>\n\t\t<\/summary>\n\t\t<div>\n\t\t\t<table class=\"platipus\"><tr>\n\t\t\t\n\t\t\t<td class=\"platipus2\">\n\t\t\t\t<p class=\"titre_annonce\">\u00c9tude sur les interactions sociales<\/p>\n\t\t\t\t\t\t\n\t\t\t\t<p>Nous recherchons des participants pour une \u00e9tude explorant comment les interactions sociales en ligne influencent nos \u00e9motions et perceptions quotidiennes. Cette recherche, men\u00e9e au laboratoire LIP\/PC2S, vise \u00e0 mieux comprendre les m\u00e9canismes psychologiques qui se d\u00e9veloppent dans nos communications num\u00e9riques.<\/p>\n\t\t\t\t<p>La participation \u00e0 cette \u00e9tude, d&rsquo;une dur\u00e9e de 30 minutes, sera compens\u00e9e par 10\u20ac. L&rsquo;\u00e9tude se d\u00e9roule dans nos locaux universitaires dans un cadre professionnel et bienveillant.<\/p>\n\t\t\t\t<p>Participer \u00e0 cette \u00e9tude permet de contribuer directement \u00e0 l&rsquo;avancement des connaissances sur un sujet qui nous concerne tous \u00e0 l&rsquo;\u00e8re num\u00e9rique.<\/p>\n\n\t\t\t\t<p><strong>Crit\u00e8res d&rsquo;inclusion :<\/strong>\n\t\t\t\t<ul>\n\t\t\t\t<li>avoir entre 18 et 40 ans,<\/li>\n\t\t\t\t<lI>pouvoir lire et comprendre le fran\u00e7ais.<\/li>\n\t\t\t\t<\/ul><\/p>\n\n\t\t\t\t<p><strong>Crit\u00e8re de non inclusion :<\/strong>\n\t\t\t\t<ul>\n\t\t\t\t<li>\u00eatre \u00e9tudiant de psychologie \u00e0 partir de la L2<\/li>\n\t\t\t\t<li>\u00eatre psychologue <\/li>\n\t\t\t\t<\/ul><\/p>\n\t\t\t\t\n\t\t\t\t<p><strong>Lieu :<\/strong><\/p>\n\t\t\t\t<p>Le RDV est au laboratoire du LIP\/PC2S, Salle d\u2019attente au deuxi\u00e8me \u00e9tage du b\u00e2timent<\/p>\n\t\t\t\t<p>L&rsquo;adresse est la suivante :<\/p>\n\n\t\t\t\t<p><em>Batiment Michel Dubois<br>\n\t\t\t\t1251 Av. Centrale<br>\n\t\t\t\t38610 Saint-Martin-d&rsquo;H\u00e8res<\/em><\/p>\n\t\t\t\t\n\t\t\t\t<p><strong>Dates :<\/strong> de F\u00e9vrier \u00e0 Avril 2026<\/p>\n\t\t\t\t\n\t\t\t\t<p><strong>Dur\u00e9e de l\u2019exp\u00e9rimentation :<\/strong> 30 minutes de passation avec une indemnisation de 10 euros.<\/p>\n\n\t\t\t\t<p>&#128073; Proc\u00e9dure d\u2019inscription :<\/strong><\/p>\n\t\t\t\t<p>Merci de vous inscrire via ce lien : <a href=\"https:\/\/enquetes-screen.msh-alpes.fr\/index.php\/631816?lang=fr\" target=\"_blank\">https:\/\/enquetes-screen.msh-alpes.fr\/index.php\/631816?lang=fr<\/a><\/p> \n\t\t\t\t\n\t\t\t\t<p>&#128073; Coordonn\u00e9es de la personne \u00e0 contacter :<\/strong><\/p>\n\t\t\t\t<p>Chloe Le-Bon-de-Lapointe, <a class=\"surlignage_email\" href=\"mailto:chloe.le-bon-de-lapointe@etu.univ-grenoble-alpes.fr\">&nbsp; chloe.le-bon-de-lapointe@etu.univ-grenoble-alpes.fr &nbsp; <\/a><\/p>\n\n\t\t\t\t<p><strong>Nom du responsable de traitement et de son affiliation :<\/strong><\/p>\n\t\t\t\t<p>Madame Catherine Bortolon<br>\n\t\t\t\tProfesseur en Psychologie Clinique<br>\n\t\t\t\tLaboratoire LIP\/PC2S<\/p>\n\n\t\t\t\t<img decoding=\"async\" src=\"https:\/\/platipus.univ-grenoble-alpes.fr\/wp-content\/uploads\/2024\/09\/Logo-widget-UGA.png\" alt=\"Logo UGA\" width=\"100px\">\n\t\t\t\t<img decoding=\"async\" src=\"https:\/\/platipus.univ-grenoble-alpes.fr\/wp-content\/uploads\/2022\/09\/logo-LIP-PC2S-1.png\" alt=\"Logo LIP\/PC2S\" width=\"120px\">\n\t\t\t\t\n\t\t\t<\/td>\n\t\t\t\n\t\t\t<\/tr><\/table>\n\t\t<\/div>\n\t\t<\/details>\n\t\t\n\t\t\n\t\t<!-- Etude 2026030 -->\n\t\t<details>\n\t\t<summary>\n\t\t\t{JeParticipe} {Senior pour la Science} <strong>\u00c9tude sur la consommation de la Mode de Seconde-main et Vintage<\/strong>\n\t\t\t<font>[Publi\u00e9e le 10 f\u00e9vrier 2026]<\/font>\n\t\t<\/summary>\n\t\t<div>\n\t\t\t<table class=\"platipus\"><tr>\n\t\t\t\n\t\t\t<td class=\"platipus2\">\n\t\t\t\t<p class=\"titre_annonce\">\u00c9tude sur la consommation de la Mode de Seconde-main et Vintage<\/p>\n\t\t\t\t\t\t\n\t\t\t\t<p>Bonjour \u00e0 tous et toutes,<\/p>\n\n\t\t\t\t<p>Dans le cadre d&rsquo;une th\u00e8se en Marketing, nous sommes \u00e0 la recherche des participants pour une \u00e9tude projective sur les comportements de la consommation de la mode de seconde-main et vintage. L&rsquo;objectif est d&rsquo;explorer et de mieux comprendre les \u00e9motions, les perceptions et les significations symboliques que les consommateurs attribuent au mode durable.<\/P>\n\n\t\t\t\t<p><strong>Places disponibles :<\/strong><\/p>\n\t\t\t\t<p><ul>\n\t\t\t\t\t<li>Consommateurs de la mode de Second-main : nous recherchons 2 consommateurs hommes.<\/li>\n\t\t\t\t\t<li>Consommateurs de la mode de Vintage : nous recherchons 6 consommateurs hommes, et 4 femme.<\/lI>\n\t\t\t\t<\/ul><\/p>\n\n\t\t\t\t<p><strong>Crit\u00e8res d&rsquo;inclusion : <\/strong><\/p>\n\t\t\t\t<p><ul>\n\t\t\t\t\t<li>Avoir plus de 18 ans.<\/li>\n\t\t\t\t\t<li>\u00catre un consommateur de la mode de seconde-main ou vintage.<\/li>\n\t\t\t\t\t<li>Pouvoir de s&rsquo;exprimer en fran\u00e7ais ou en anglais.<\/li>\n\t\t\t\t<\/ul><\/p>\n\t\t\t\t\n\t\t\t\t<p><strong>Proc\u00e9dure et calendrier :<\/strong><\/p> \n\t\t\t\t<p><ol>\n\t\t\t\t\t<li>Remplissez le questionnaire de crit\u00e8res (trouvez le lien ci-dessous) pour savoir quel type de consommateur vous \u00eates (de la mode de seconde-main ou vintage). <\/li>\n\t\t\t\t\t<li>L&rsquo;\u00e9tude est structur\u00e9e en trois phases.<\/li>\n\t\t\t\t\t<li>Pour chaque phase : vous disposez de 2 jours pour nous renvoyer le document rempli.<\/li>\n\t\t\t\t\t<li>Il est essentiel que tous les participants terminent chaque phase dans ce d\u00e9lai de 2 jours afin que la collecte des donn\u00e9es soit synchronis\u00e9e et que la phase suivante puisse commencer \u00e0 temps.<\/li>\n\t\t\t\t<\/ol><\/p>\n\t\t\t\t\n\t\t\t\t<p><strong>Dur\u00e9e estim\u00e9e : <\/strong>entre 10 et 20 minutes pour chaque phase.<\/p>\n\n\t\t\t\t<p><strong>Lieu : <\/strong>en ligne.<\/p>\n\n\t\t\t\t<p><strong>Outils requis :<\/strong><\/p>\n\t\t\t\t<p><ul>\n\t\t\t\t\t<li>un ordinateur avec une connexion internet.<\/li>\n\t\t\t\t\t<li>Google Docs ou Microsoft Word.<\/li>\n\t\t\t\t\t<li>un moteur de recherche Internet (par exemple, Google Images).<\/li>\n\t\t\t\t<\/ul><\/p>\n\t\t\t\t\n\t\t\t\t<p><strong>R\u00e9mun\u00e9ration : <\/strong>20 \u20ac en bon cadeau (Up c&rsquo;kdo) \u00e0 la fin de la phase 3.<\/p>\n\n\t\t\t\t<p><strong>Confidentialit\u00e9 : <\/strong>Toutes les r\u00e9ponses et donn\u00e9es seront anonymis\u00e9es lors de l\u2019analyse, cod\u00e9es et pr\u00e9sent\u00e9es uniquement sous forme agr\u00e9g\u00e9e avec la valorisation du RGPD. <\/p>\n\n\t\t\t\t<p>&#128073; <strong>Pour vous inscrire : <\/strong>Si vous souhaitez participer et pour commencer, veuillez cliquez sur le lien suivant ; cela nous permet \u00e0 organiser l\u2019\u00e9tude et vous envoyer la version qui correspond \u00e0 votre profil : <a href=\"https:\/\/forms.gle\/4sAwb9c5vcdKgyFK6\" target=\"_blank\">https:\/\/forms.gle\/4sAwb9c5vcdKgyFK6<\/a> <\/p> \n\n\t\t\t\t<p>&#128073; <strong>Pour toute demande ou question,<\/strong> vous pouvez nous contacter par mail \u00e0 l\u2019adresse :<br><a class=\"surlignage_email\" href=\"mailto:Amjad.Naji@univ-grenoble-alpes.fr\">&nbsp; Amjad.Naji@univ-grenoble-alpes.fr &nbsp;<\/a> <\/p>\n\t\t\t\t \n\t\t\t\t<p>Merci pour votre aide !<\/p>\n\n\t\t\t\t<p>Amjad NAJI<\/p>\n\t\t\t\t<img decoding=\"async\" src=\"https:\/\/platipus.univ-grenoble-alpes.fr\/wp-content\/uploads\/2024\/11\/Logo_CERAG.png\" alt=\"Logo CERAG\" width=\"100px\">\n\t\t\t<\/td>\n\t\t\t\n\t\t\t<\/tr><\/table>\n\t\t<\/div>\n\t\t<\/details>\n\t\t\n\t\t\n\t\t<!-- Etude 2026027 -->\n\t\t<details>\n\t\t<summary>\n\t\t\t{JeParticipe} <strong>Etude sur la prise de d\u00e9cision dans le choix produits d&rsquo;hygi\u00e8ne<\/strong>\n\t\t\t<font>[Publi\u00e9e le 10 f\u00e9vrier 2026]<\/font>\n\t\t<\/summary>\n\t\t<div>\n\t\t\t<table class=\"platipus\"><tr>\n\t\t\t<td class=\"annonces_volontaires\">\n\t\t\t<figure><a href=\"https:\/\/platipus.univ-grenoble-alpes.fr\/wp-content\/uploads\/2026\/02\/Flyer-2026027.png\" ><img decoding=\"async\" src=\"https:\/\/platipus.univ-grenoble-alpes.fr\/wp-content\/uploads\/2023\/11\/prospectus.png\" width=\"150px\" alt=\"icone flyer\"><figcaption><center>T\u00e9l\u00e9charger le flyer<\/center><\/figcaption><\/a><\/figure>\n\t\t\t<\/td>\n\t\t\t\n\t\t\t<td class=\"platipus2\">\n\t\t\t\t<p class=\"titre_annonce\">Comment choisissez-vous vos produits d\u2019hygi\u00e8ne ? Une \u00e9tude sur la prise de d\u00e9cision<\/p>\n\t\t\t\t\t\t\n\t\t\t\t<p>Bonjour,<\/p>\n\t\t\t\t<p>Dans le cadre d\u2019une \u00e9tude en Sciences de Gestion, je m\u00e8ne actuellement une recherche visant \u00e0 mieux comprendre comment les consommateurs prennent leurs d\u00e9cisions lors du choix de produits d\u2019hygi\u00e8ne du quotidien, comme le dentifrice ou le gel douche. <\/p><p>Un dentifrice (Signal, Sanogyl ou Sensodyne) vous sera offert contre votre participation \u00e0 cette \u00e9tude.<\/p>\n\n\t\t\t\t<p><strong>Objectif de l\u2019\u00e9tude<\/strong><\/p>\n\t\t\t\t<p>Cette recherche s\u2019int\u00e9resse aux crit\u00e8res que vous mobilisez lorsque vous choisissez des produits d\u2019hygi\u00e8ne. Vos r\u00e9ponses contribueront directement \u00e0 l\u2019avanc\u00e9e des connaissances scientifiques dans ce domaine.<\/p>\n\n\t\t\t\t<p><strong>Qui peut participer ?<\/strong><\/p>\n\t\t\t\t<p>Vous pouvez participer si vous :\n\t\t\t\t<ul>\n\t\t\t\t<li>\u00cates \u00e9tudiant\u00b7e en L3, M1 ou M2 ;<\/li>\n\t\t\t\t<li>Parlez fran\u00e7ais.<\/li>\n\t\t\t\t<\/ul>\n\t\t\t\t<\/p>\n\t\t\t\t\n\t\t\t\t<p><strong>D\u00e9roulement de l\u2019\u00e9tude<\/strong><\/p>\n\t\t\t\t<p>Participation 100 % en ligne, depuis un ordinateur ou un smartphone !<\/p>\n\t\t\t\t<p>Vous pourrez r\u00e9cup\u00e9rer votre dentifrice offert sur le campus universitaire (permanences sur le campus universitaire, au CERAG, EVE, CROUS Diderot, ou centre-ville, voir page de fin de participation du questionnaire). <\/p>\n\n\t\t\t\t<p><strong>Le questionnaire comprend :<\/strong><\/p>\n\t\t\t\t<ul>\n\t\t\t\t<li>Une visite d\u2019un site web, durant laquelle vous devrez choisir un dentifrice et un gel douche ;<\/li>\n\t\t\t\t<li>Quelques questions, en lien avec les choix effectu\u00e9s (pensez \u00e0 bien noter vos choix lors de la visite du site).<\/Li>\n\t\t\t\t<li>Dur\u00e9e totale : environ 15 \u00e0 20 minutes (questionnaire + visite du site)<\/li>\n\t\t\t\t<lI>Participation anonyme et confidentielle<\/lI>\n\t\t\t\t<\/ul>\n\t\t\t\t<\/p>\n\t\t\t\t\n\t\t\t\t<p>&#128073; <strong>Acc\u00e8s via le lien suivant :<\/strong><\/p>\n\t\t\t\t<p>Il vous suffit de cliquer sur le lien de l\u2019\u00e9tude pour acc\u00e9der directement au questionnaire :<br>\n\t\t\t\t<a target=\"_blank\" href=\"https:\/\/enquetes.univ-grenoble-alpes.fr\/v4\/s\/dfodt6\">https:\/\/enquetes.univ-grenoble-alpes.fr\/v4\/s\/dfodt6<\/a><br> \n\t\t\t\t(ou en scannant le QR code pr\u00e9sent sur l\u2019affiche de pr\u00e9sentation)<\/p>\n\n\t\t\t\t<p>Je vous remercie par avance pour votre participation et pour l\u2019int\u00e9r\u00eat que vous porterez \u00e0 cette \u00e9tude. N\u2019h\u00e9sitez pas \u00e0 diffuser cette invitation autour de vous aupr\u00e8s de personnes \u00e9ligibles.<\/p>\n\n\t\t\t\t<p>Bien cordialement,<\/p>\n\n\t\t\t\t<p>&#128073; Berenguel Gwladys, <br>\n\t\t\t\tDoctorante en Siences de Gestion &#8211; CERAG, UGA\/INP<br>\n\t\t\t\t0788869564<br>\n\t\t\t\t<a class=\"surlignage_email\" href=\"mailto:Gwladys.Berenguel@univ-grenoble-alpes.fr\">&nbsp; Gwladys.Berenguel@univ-grenoble-alpes.fr &nbsp;<\/a><\/p>\n\n\t\t\t\t<img decoding=\"async\" src=\"https:\/\/platipus.univ-grenoble-alpes.fr\/wp-content\/uploads\/2024\/11\/Logo_CERAG.png\" alt=\"Logo CERAG\" width=\"100px\">\n\t\t\t<\/td>\n\t\t\t\n\t\t\t<\/tr><\/table>\n\t\t<\/div>\n\t\t<\/details>\n\t\t\n\t\n\t\t<!-- Etude 2026008 -->\n\t\t<details>\n\t\t<summary>\n\t\t\t{JeParticipe} {Senior pour la Science} <strong>Etude sur la compr\u00e9hension d&rsquo;une histoire en fran\u00e7ais et en anglais<\/strong>\n\t\t\t<font>[Publi\u00e9e le 9 f\u00e9vrier 2026]<\/font>\n\t\t<\/summary>\n\t\t<div>\n\t\t\t<table class=\"platipus\"><tr>\n\t\t\t<td class=\"annonces_volontaires\">\n\t\t\t<figure><a href=\"https:\/\/platipus.univ-grenoble-alpes.fr\/wp-content\/uploads\/2026\/02\/Flyer-2026008.png\" ><img decoding=\"async\" src=\"https:\/\/platipus.univ-grenoble-alpes.fr\/wp-content\/uploads\/2023\/11\/prospectus.png\" width=\"150px\" alt=\"icone flyer\"><figcaption><center>T\u00e9l\u00e9charger le flyer<\/center><\/figcaption><\/a><\/figure>\n\t\t\t<\/td>\n\t\t\t<td class=\"platipus2\">\n\t\t\t\t<p class=\"titre_annonce\">Etude sur la compr\u00e9hension d&rsquo;une histoire en fran\u00e7ais et en anglais par le biais de l\u2019oculom\u00e9trie<\/p>\n\t\t\t\t<p>Pour mon m\u00e9moire de master en linguistique, j\u2019effectue une \u00e9tude utilisant l\u2019oculom\u00e9trie (eye tracking) pour mesurer la compr\u00e9hension des r\u00e9f\u00e9rences dans les narrations en fran\u00e7ais et en anglais. Je suis donc \u00e0 la recherche de participant.e.s qui souhaiterait prendre part \u00e0 mon exp\u00e9rience. <\/p>\n\t\t\t\t<p>Voici les conditions pour pouvoir participer \u00e0 cette exp\u00e9rience : \n\t\t\t\t<ul>\n\t\t\t\t<lI>Vivre en France depuis au moins septembre 2025<\/lI>\n\t\t\t\t<lI>Utiliser l\u2019anglais et le fran\u00e7ais dans votre vie de tous les jours (en plus d\u2019autres langues ou pas) <\/li>\n\t\t\t\t<lI>Ne pas avoir de troubles visuels importants ou de strabisme <\/li>\n\t\t\t\t<\/ul><\/p>\n\t\t\t\t<p>L\u2019exp\u00e9rience s\u2019\u00e9tend sur une session d\u2019environ 30 minutes durant laquelle vous effectuerez la t\u00e2che d\u2019eye tracking et remplirez un questionnaire pr\u00e9alable. <br>Elle aura lieu \u00e0 la Maison des Sciences Humaines Alpes (621 Avenue Centrale 38400 Saint-Martin d\u2019H\u00e8res) les 18, 19 et 20 f\u00e9vrier. <\/p>\n\t\t\t\t<p>&#128073; Vous pouvez choisir votre session avec le lien suivant : <a target=\"_blank\" href=\"https:\/\/evento.renater.fr\/survey\/sessions-pour-l-experience-u9002wwp\">https:\/\/evento.renater.fr\/survey\/sessions-pour-l-experience-u9002wwp<\/a><\/p>\n\t\t\t\t<p>&#128073;Si vous avez des questions, vous pouvez me contacter \u00e0 l\u2019adresse mail suivante : <a class=\"surlignage_email\" href=\"mailto:sacha.bittighoffer@etu.univ-grenoble-alpes.fr\">&nbsp; sacha.bittighoffer@etu.univ-grenoble-alpes.fr &nbsp;<\/a><\/p>\n\t\t\t\t<p>Je vous remercie pour votre participation<\/p>\n\t\t\t\t<p>Responsables scientifiques : Anna Ghimenton PU au LIDILEM, Leticia Schiavon-Kolberg Pu au Gipsalab et Sacha Bittighoffer en M2 Linguistique <\/p>\n\n\t\t\t\t<img decoding=\"async\" src=\"https:\/\/platipus.univ-grenoble-alpes.fr\/wp-content\/uploads\/2023\/12\/logo-gipsa.gif\" alt=\"Logo GIPSA-lab\" width=\"75px\">\n\t\t\t\t<img decoding=\"async\" src=\"https:\/\/platipus.univ-grenoble-alpes.fr\/wp-content\/uploads\/2024\/11\/logo_lidilem.png\" alt=\"Logo LIDILEM\" width=\"115px\">\n\t\t\t\t<!--<p>&#128073; <a class=\"surlignage_email\" href=\"mailto:***\">&nbsp; Ins\u00e9rer Email_Contact &nbsp;<\/a><\/p>-->\n\t\t\t<\/td>\n\t\t\t\n\t\t\t<\/tr><\/table>\n\t\t<\/div>\n\t\t<\/details>\n\t\t\n\t\t\n\t\t\n\t\t\n\t\t\n\t\t<!-- Etude 2026020 -->\n\t\t<details>\n\t\t<summary>\n\t\t\t{Senior pour la Science} <strong>Etude sur les mouvements oculaires<\/strong>\n\t\t\t<font>[Publi\u00e9e le 30 janvier 2026]<\/font>\n\t\t<\/summary>\n\t\t<div>\n\t\t\t<table class=\"platipus\"><tr>\n\t\t\t\n\t\t\t<td class=\"platipus2\">\n\t\t\t\t<p class=\"titre_annonce\">Exp\u00e9rimentation SaccVis :  Que peut-on percevoir durant un mouvement oculaire ?<\/p>\n\t\t\t\t<p><strong>Description :<\/strong><\/p>\n\t\t\t\t<p>Nous cherchons des volontaires pour une exp\u00e9rience en oculom\u00e9trie pour enregistrer vos mouvements oculaires gr\u00e2ce \u00e0 un oculom\u00e8tre plac\u00e9 sous l\u2019\u00e9cran d\u2019ordinateur. <br><br>Cette technique de recueil de donn\u00e9es est non invasive et sans danger.<br><br>Nous percevons le monde stable et pourtant nos yeux bougent sans arr\u00eat en faisant des saccades oculaires trois \u00e0 quatre fois par seconde pour explorer la sc\u00e8ne visuelle qui nous entoure. Dans cette exp\u00e9rience nous nous int\u00e9ressons \u00e0 ce que nous percevons non pas lorsque les yeux sont fixes (durant les fixations oculaires) mais au contraire lorsqu\u2019ils sont en mouvement durant une saccade oculaire. <br><br>Nous savons maintenant que nous ne sommes pas aveugles durant les saccades oculaires. Pour vous en convaincre, venez nous rejoindre et passer l\u2019exp\u00e9rience ! <\/p>\n\t\t\t\t<p><strong>Crit\u00e8res d\u2019inclusion : <\/strong>\n\t\t\t\t<ul>\n\t\t\t\t<li>\u00e2ge compris entre 55 et 75 ans<\/li>\n\t\t\t\t<li>vision normale ou corrig\u00e9e \u00e0 la normale<\/li>\n\t\t\t\t<li>pas de trouble important de l\u2019audition<\/li>\n\t\t\t\t<\/ul><\/p>\n\t\t\t\t<p><strong>Informations pratiques : <\/strong><\/p>\n\t\t\t\t<p>La dur\u00e9e de l\u2019exp\u00e9rience est d\u2019une heure. <br>La r\u00e9tribution pour votre participation est de 20 \u20ac. <br>L\u2019exp\u00e9rience se d\u00e9roule \u00e0 la plateforme \u00ab PerSee \u00bb au GIPSA-lab (11, rue des math\u00e9matiques, Saint Martin d\u2019H\u00e8res) sur le campus universitaire (proche de la piscine universitaire, proche de l\u2019arr\u00eat Tram B G. Faur\u00e9). <br>Un plan d\u2019acc\u00e8s vous sera envoy\u00e9 par mail d\u00e8s votre inscription, si n\u00e9cessaire.  <\/p>\n\t\t\t\t<p>Les cr\u00e9neaux de participation vont de 9h \u00e0 17h. Il y aura plusieurs sessions d\u2019exp\u00e9rimentation. \n\t\t\t\t<br>Voici les premi\u00e8res dates : <strong class=\"platipus\">du mardi 10 f\u00e9vrier au vendredi 13 f\u00e9vrier 2026<\/strong>. <\/p>\n\t\t\t\t<p>&#128073; <strong>Proc\u00e9dure d\u2019inscription : <\/strong><\/p>\n\t\t\t\t<p>Si vous \u00eates int\u00e9ress\u00e9(e) pour passer l\u2019exp\u00e9rience, deux modes d\u2019inscription sont propos\u00e9s :\n\t\t\t\t<ol> \n\t\t\t\t<li>Vous pouvez envoyer un message \u00e0 <a class=\"surlignage_email\" href=\"mailto:anne.guerin@gipsa-lab.grenoble-inp.fr\">&nbsp;anne.guerin@gipsa-lab.grenoble-inp.fr &nbsp;<\/a> pour convenir ensemble d\u2019un cr\u00e9neau d\u2019exp\u00e9rimentation et le formulaire d\u2019information et de consentement vous seront alors envoy\u00e9s ;  <\/li>\n\t\t\t\t<li>ou bien, vous pouvez vous inscrire directement en choisissant le cr\u00e9neau \u00e0 votre convenance via le lien \u00ab evento \u00bb ci-dessous : <a href=\"https:\/\/evento.renater.fr\/survey\/participation-a-l-experimentation-d-oculometrie-saccvis-qsqxd0ky\">https:\/\/evento.renater.fr\/survey\/participation-a-l-experimentation-d-oculometrie-saccvis-qsqxd0ky<\/a><\/li>\n\t\t\t\t<li>Dans tous les cas, Anne Gu\u00e9rin-Dugu\u00e9 vous attendra \u00e0 l\u2019heure convenue, devant le b\u00e2timent Amp\u00e8re Ensimag (11 rue des math\u00e9matiques) \u00e0 l\u2019ext\u00e9rieur, au pied de la sculpture en bois, \u00e0 c\u00f4t\u00e9 de l\u2019arr\u00eat Gabriel Faur\u00e9 (Tram B) <\/li>\n\t\t\t\t<\/ol><\/p>\n\t\t\t\t<p><strong>Contact : <\/strong><\/p>\n\t\t\t\t<p>Anne Gu\u00e9rin-Dugu\u00e9, Pr \u00e9m\u00e9rite UGA, GIPSA-lab, <a class=\"surlignage_email\" href=\"mailto:anne.guerin@gipsa-lab.grenoble-inp.fr\"> &nbsp; anne.guerin@gipsa-lab.grenoble-inp.fr &nbsp;<\/a><\/p>\n\n\t\t\t\t<img decoding=\"async\" src=\"https:\/\/platipus.univ-grenoble-alpes.fr\/wp-content\/uploads\/2023\/12\/logo-gipsa.gif\" alt=\"Logo GIPSA-lab\" width=\"80px\">\n\t\t\n\t\t\t\t<img decoding=\"async\" src=\"https:\/\/platipus.univ-grenoble-alpes.fr\/wp-content\/uploads\/2024\/11\/logo_gin.png\" alt=\"Logo GIN\" width=\"120px\">\n\t\t\t\t<\/td>\n\t\t\t\n\t\t\t\t\n\t\t\t<\/tr><\/table>\n\t\t<\/div>\n\t\t<\/details>\n\t\n\t\t\n\t\t\n\t\t<!-- Etude 2025132 -->\n\t\t\n\t\t<details>\n\t\t<summary>\n\t\t\t{JeParticipe} <strong>Etude sur l&rsquo;apprentissage vid\u00e9o et la m\u00e9moire<\/strong>\n\t\t\t<font>[Publi\u00e9e le 27 janvier  2026]<\/font>\n\t\t<\/summary>\n\t\t<div>\n\t\t\t<table class=\"platipus\"><tr>\n\t\t\t<td class=\"annonces_volontaires\">\n\t\t\t<figure><a href=\"https:\/\/platipus.univ-grenoble-alpes.fr\/wp-content\/uploads\/2026\/01\/flyer-2025132.pdf\" ><img decoding=\"async\" src=\"https:\/\/platipus.univ-grenoble-alpes.fr\/wp-content\/uploads\/2023\/11\/prospectus.png\" width=\"150px\" alt=\"icone flyer\"><figcaption><center>T\u00e9l\u00e9charger le flyer<\/center><\/figcaption><\/a><\/figure>\n\t\t\t<\/td>\n\t\t\t<td class=\"platipus2\">\n\t\t\t\t<p class=\"titre_annonce\">Etude sur l&rsquo;apprentissage vid\u00e9o et la m\u00e9moire<\/p>\n\t\t\t\t<p>Bonjour,<\/p>\n\t\t\t\t<p>Actuellement en doctorat au sein du LaRAC \u00e0 UGA, je suis \u00e0 la recherche de participants volontaires pour s&rsquo;inscrire \u00e0 mon \u00e9tude. Cette \u00e9tude porte sur l&rsquo;<strong>apprentissage vid\u00e9o et la m\u00e9moire<\/strong>.<\/p>\n\t\t\t\t<p>Elle s&rsquo;\u00e9tend sur 2 sessions : durant la <strong>premi\u00e8re session<\/strong>, vous ferez un exercice de m\u00e9moire et dans la <strong>seconde session<\/strong>, vous visionnerez une vid\u00e9o et referez l&rsquo;exercice de m\u00e9moire. <\/p>\n\t\t\t\t<p>A l&rsquo;issue de la seconde s\u00e9ance, vous pourrez repartir avec des goodies \u00e0 l&rsquo;effigie de l&rsquo;UGA (tote bag + gourde ou tote bag + tasse). <\/p>\n\t\t\t\t<p>Vous pouvez participer si vous respectez les <strong>conditions<\/strong> suivantes : \n\t\t\t\t<ul>\n\t\t\t\t<li>avoir entre 18 et 65 ans, \u00eatre francophone (C2 minimum),<\/li>\n\t\t\t\t<li>ne pas avoir de trouble de la lecture et ne pas avoir de trouble mn\u00e9sique.<\/li>\n\t\t\t\t<\/ul>\n\t\t\t\t<\/p>\n\t\t\t\t<p>Vous trouverez sur le site web de PLATIPUS, l&rsquo;<a href=\"https:\/\/platipus.univ-grenoble-alpes.fr\/wp-content\/uploads\/2026\/01\/flyer-2025132.pdf\">affiche<\/a> relative \u00e0 l&rsquo;appel \u00e0 participation. <\/p>\n\n\t\t\t\t<p> Voici le lien de l&rsquo;Evento qui vous servira \u00e0 <strong>vous inscrire<\/stronG> pour les 2 sessions :<bR>\n\t\t\t\t&#128073; <a href=\"https:\/\/evento.renater.fr\/survey\/apprentissage-video-et-memoire-il45mhed\" target=\"_blank\">https:\/\/evento.renater.fr\/survey\/apprentissage-video-et-memoire-il45mhed<\/a><\/p>\n\n\t\t\t\t<p>En cas de questions vous pouvez <strong>me contacter<\/strong> : <br>\n\t\t\t\t&#128073; <a class=\"surlignage_email\" href=\"mailto:lea.guilbert@univ-grenoble-alpes.fr\">&nbsp; lea.guilbert@univ-grenoble-alpes.fr &nbsp;<\/a><\/p>  \n\t\t\t\t\n\t\t\t\t\n\t\t\t\t\n\t\t\t<\/td>\n\t\t\t\n\t\t\t<\/tr><\/table>\n\t\t<\/div>\n\t\t<\/details>\n\t\t\n\t\t\n\t\t\n\t\t\n\t\t<!-- Etude 2026013 -->\n\t\t<details>\n\t\t<summary>\n\t\t\t{Senior pour la Science} <strong>Etude sur les t\u00e9moins de patients victimes d\u2019AVC<\/strong>\n\t\t\t<font>[Publi\u00e9e le 22 janvier 2026]<\/font>\n\t\t<\/summary>\n\t\t<div>\n\t\t\t<table class=\"platipus\"><tr>\n\t\t\t<td class=\"annonces_volontaires\">\n\t\t\t<figure><a href=\"https:\/\/platipus.univ-grenoble-alpes.fr\/wp-content\/uploads\/2026\/01\/Flyer-2026013.pdf\" ><img decoding=\"async\" src=\"https:\/\/platipus.univ-grenoble-alpes.fr\/wp-content\/uploads\/2023\/11\/prospectus.png\" width=\"150px\" alt=\"icone flyer\"><figcaption><center>T\u00e9l\u00e9charger le flyer<\/center><\/figcaption><\/a><\/figure>\n\t\t\t<\/td>\n\t\t\t<td class=\"platipus2\">\n\t\t\t\t<p class=\"titre_annonce\">Recherche volontaires sains seniors comme t\u00e9moins de patients victimes d\u2019AVC pour \u00e9tude r\u00e9mun\u00e9r\u00e9e en neurosciences cliniques<\/p>\n\t\t\t\t\n\t\t\n\t\t\t\t<p><font style=\"color:#0099FF\"><strong>Description :<\/strong><\/font><\/p>\n\t\t\t\t<p>L\u2019\u00e9tude CLOSEDLOOP (D\u00e9veloppement de la stimulation non-invasive en boucle ferm\u00e9e) cherche actuellement des <strong>volontaires sains \u00e2g\u00e9s de 50 \u00e0 80 ans<\/strong>, hommes ou femmes, pour servir de <strong>t\u00e9moins<\/strong> \u00e0 une cohorte de patients \u00e2g\u00e9s atteints de handicap moteur suite \u00e0 un <strong>Accident Vasculaire C\u00e9r\u00e9bral (AVC)<\/strong>.<\/p>\n\t\t\t\t<p>La <strong>Stimulation Magn\u00e9tique Transcr\u00e2nienne (TMS) <\/strong>est une technique de stimulation corticale largement utilis\u00e9e pour explorer le fonctionnement c\u00e9r\u00e9bral chez l\u2019Homme. Elle a \u00e9galement conduit \u00e0 de <strong>nouvelles th\u00e9rapeutiques<\/strong> pour diverses maladies psychiatriques et neurologiques. Elle a notamment d\u00e9montr\u00e9 une <strong>preuve d\u00e9finitive d\u2019efficacit\u00e9 dans l\u2019aide \u00e0 la r\u00e9cup\u00e9ration motrice post-AVC<\/strong> (Lefaucheur et al., 2020). Afin d\u2019augmenter le taux de r\u00e9ponse des th\u00e9rapies bas\u00e9es sur cette technique, il a \u00e9t\u00e9 sugg\u00e9r\u00e9 d\u2019adapter en temps r\u00e9el la stimulation (c&rsquo;est-\u00e0-dire la dose d\u00e9livr\u00e9e, la cible corticale, le timing, etc.) en fonction de l&rsquo;\u00e9tat c\u00e9r\u00e9bral du sujet. Une telle approche, connue sous le nom de stimulation en boucle ferm\u00e9e, est actuellement l&rsquo;un des <strong>principaux d\u00e9fis dans ce domaine<\/strong>. <\/p>\n\t\t\t\t<p>Ainsi, gr\u00e2ce \u00e0 votre participation, vous participerez \u00e0 une recherche permettant de mieux comprendre les m\u00e9canismes neurophysiologiques du d\u00e9ficit moteur post-AVC et de sa r\u00e9cup\u00e9ration, et d\u2019\u00e9laborer de nouveaux protocoles th\u00e9rapeutiques plus performants pour en am\u00e9liorer ses effets.<\/p>\n\t\t\t\t<p>Ce projet de recherche a re\u00e7u l\u2019avis favorable du Comit\u00e9 de Protection des Personnes.<\/p>\n\t\t\t\t\n\t\t\t\t<p><font style=\"color:#0099FF\"><strong>Crit\u00e8res d\u2019inclusion \/ d\u2019exclusion :<\/strong><\/font><\/p>\n\t\t\t\t<p><ul>\n\t\t\t\t<li>\u00catre en bonne sant\u00e9 (absence de pathologie psychiatrique, neurologique)<\/li>\n\t\t\t\t<li>Age entre 18 et 80 ans<\/li>\n\t\t\t\t<li>Pas de contrindications \u00e0 la pratique de l\u2019IRM et de la TMS (liste fournie apr\u00e8s premier contact)<\/li>\n\t\t\t\t<li>\u00catre affili\u00e9.e \u00e0 un r\u00e9gime de s\u00e9curit\u00e9 sociale<\/li>\n\t\t\t\t<\/ul><\/p>\n\t\t\t\t\n\t\t\t\t<p><font style=\"color:#0099FF\"><strong>D\u00e9roulement de l\u2019\u00e9tude : <\/strong><\/font><\/p>\n\t\t\t\t<p>Cette \u00e9tude n\u00e9cessitera 3 visites de 1h, 2h et 2h, sur une p\u00e9riode de 3 \u00e0 30 jours au maximum. Au cours de celles-ci, vous effectuerez une Imagerie par R\u00e9sonnance Magn\u00e9tique (IRM) anatomique (30 min.), et deux sessions de TMS-EEG (2h chacune). Les enregistrements seront effectu\u00e9s sur les plateaux IRM et TMS-EEG de la plateforme IRMaGe, sur le site du CHU Grenoble-Alpes Nord (arr\u00eat tram B Michallon). Vous serez indemnis\u00e9 \u00e0 hauteur de 50 \u20ac pour votre participation \u00e0 l\u2019\u00e9tude.<\/p>\n\t\t\t\t\n\t\t\t\t<p><font style=\"color:#0099FF\"><strong>Inscription : <\/strong><\/font><\/p>\n\t\t\t\t<p>&#128073; Merci de nous envoyer un mail pr\u00e9cisant votre \u00e2ge et votre sexe \u00e0 <a class=\"surlignage_email\" href=\"mailto:closedloop@univ-grenoble-alpes.fr\">&nbsp; closedloop@univ-grenoble-alpes.fr &nbsp;<\/a> Suite \u00e0 cela, nous vous enverrons la fiche d\u2019information et les crit\u00e8res complets d\u2019inclusion \/ d\u2019exclusion, que vous lirez et confirmerez avant participation.<\/p>\n\t\t\t\t\n\t\t\t\t<p><font style=\"color:#0099FF\"><strong>Responsable scientifique : <\/strong><\/font><\/p>\n\t\t\t\t<p>Sylvain Harquel, PhD, IR CNRS au Laboratoire de Psychologie et NeuroCognition (LPNC) et \u00e0 la plateforme d\u2019imagerie IRMaGe. Investigateur principal et promoteur de l\u2019\u00e9tude : Pr. M. Polosan, CHU Grenoble-Alpes.<\/p>\n\t\t\t\t\n\t\t\t\t<img decoding=\"async\" src=\"https:\/\/platipus.univ-grenoble-alpes.fr\/wp-content\/uploads\/2024\/08\/logo-lpnc.png\" alt=\"Logo LPNC\" width=\"100px\">\n\t\t\t\t<img decoding=\"async\" src=\"https:\/\/platipus.univ-grenoble-alpes.fr\/wp-content\/uploads\/2023\/08\/IRMAGE.png\" alt=\"Logo IRMAGE\" width=\"60px\">\n\t\t\t\t<img decoding=\"async\" src=\"https:\/\/platipus.univ-grenoble-alpes.fr\/wp-content\/uploads\/2023\/05\/logo_CHU-Grenoble.png\" alt=\"Logo CHU Grenoble\" width=\"115px\">\n\t\t\t\t<img decoding=\"async\" src=\"https:\/\/platipus.univ-grenoble-alpes.fr\/wp-content\/uploads\/2024\/09\/Logo-widget-CNRS.png\" alt=\"Logo CNRS\" width=\"60px\">\n\t\t\t\t<img decoding=\"async\" src=\"https:\/\/platipus.univ-grenoble-alpes.fr\/wp-content\/uploads\/2024\/09\/Logo-widget-UGA.png\" alt=\"Logo UGA\" width=\"80px\">\n\t\t\n\t\t\t<\/td>\n\t\t\t\n\t\t\t<\/tr><\/table>\n\t\t<\/div>\n\t\t<\/details>\n\t\t\n\t\t\n\t\t<!-- Etude 2025003 -->\n\t\t<details>\n\t\t<summary>\n\t\t\t{JeParticipe} {Senior pour la Science} <strong>Etude sur la creativit\u00e9 dans un bar fictif<\/strong>\n\t\t\t<font>[Publi\u00e9e le 07 janvier 2026 ; Modifi\u00e9e le 19 janvier 2026]<\/font>\n\t\t<\/summary>\n\t\t<div>\n\t\t\t<table class=\"platipus\"><tr>\n\t\t\t\n\t\t\t<td class=\"platipus2\">\n\t\t\t\t<p class=\"titre_annonce\">Participez \u00e0 une exp\u00e9rience cr\u00e9ative dans un bar fictif !<\/p>\n\t\t\t\t<p>Envie de jouer avec d\u2019autres esprits curieux ? <\/p>\n\t\t\t\t<p>Nous vous invitons \u00e0 participer \u00e0 une exp\u00e9rimentation dans le cadre d&rsquo;une th\u00e8se d\u00e9di\u00e9e \u00e0 la cr\u00e9ativit\u00e9. Le temps de 2h, vous serez les protagonistes d\u2019un jeu de r\u00f4le ayant la Guinguette comme d\u00e9cor : un bar-restaurant fictif. Aucune comp\u00e9tence particuli\u00e8re n\u2019est n\u00e9cessaire, il vous suffira de faire preuve de curiosit\u00e9 (et de ponctualit\u00e9 !).<\/p>\n\t\t\t\t\n\t\t\t\t<strong><p>DETAILS PRATIQUES<\/p><\/strong>\n\t\t\t\t<p><ul>\n\t\t\t\t<li><strong>O\u00f9 :<\/strong> Dans les locaux de la Maison de la Cr\u00e9ation et de l&rsquo;Innovation sur le campus (Saint-Martin d&rsquo;H\u00e8res) et dans les locaux d\u2019Anacours au 12 rue de Belgrade (Grenoble).<\/li>\n\t\t\t\t<lI><strong>Quand :<\/strong>   Du 26 janvier au 6 f\u00e9vrier, avec plusieurs cr\u00e9neaux disponibles pour s\u2019adapter \u00e0 votre emploi du temps.\n\t\t\t\t<li><strong>Combien de temps :<\/strong>  Chaque session dure entre 1h30 et 2 heures.<\/li>\n\t\t\t\t<li><strong>Qui :<\/strong>  Chaque session accueille un groupe de 4 \u00e0 6 personnes. Vous pouvez vous inscrire seul, en duo, ou inviter vos amis \u00e0 se joindre \u00e0 l\u2019exp\u00e9rience. <\/li>\n\t\t\t\t<li><strong>Objectif de l\u2019\u00e9tude :<\/strong>  mieux comprendre les m\u00e9canismes de la cr\u00e9ativit\u00e9 par le jeu de r\u00f4le.<\/li>\n\t\t\t\t<\/ul><\/p>\n\n\t\t\t\t<p>En plus de contribuer \u00e0 la recherche, vous repartirez avec un bon cadeau de 15\u20ac (Fnac, Maison du monde, Auchan&#8230;), en remerciement de votre implication.<\/p>\n\t\t\t\t\n\t\t\t\t<p><strong>La proc\u00e9dure d\u2019inscription :<\/strong><\/p>\n\t\t\t\t<p>&#128073; Si vous \u00eates pr\u00eat.e \u00e0 user de votre imagination tout en vous amusant, n\u2019attendez plus pour <a href=\"https:\/\/doodle.com\/sign-up-sheet\/participate\/440de1ac-3a1f-4806-8ee7-e42156765c4f\/select\" target=\"_blank\">vous inscrire \u00e0 une session<\/a> \u00e0 la MacI (Maison de la Cr\u00e9ation et de l&rsquo;Innovation) ou vous inscrire \u00e0 <a href=\"https:\/\/doodle.com\/sign-up-sheet\/participate\/c0756f3f-f968-431b-a488-0288852df17d\/select\" target=\"_blank\">une session \u00e0 Anacours<\/a> (uniquement le 31 janvier).<\/p>\n\n\t\t\t\t<p><strong>Personne responsable :<\/strong><\/p>\n\t\t\t\t<p>&#128073; Marion Joubert, <a class=\"surlignage_email\"  href=\"mailto:marion.joubert@univ-grenoble-alpes.fr\">&nbsp; marion.joubert@univ-grenoble-alpes.fr &nbsp;<\/a><\/p>\n\t\t\t\t\n\t\t\t\t<p>Cette \u00e9tude s\u2019effectue dans le cadre de la th\u00e8se de Marion Joubert, doctorante au CERAG (Centre d\u2019Etudes et de Recherches Appliqu\u00e9es \u00e0 la Gestion), qui est l\u2019Unit\u00e9 de Recherche de l\u2019Universit\u00e9 Grenoble Alpes (UGA) consacr\u00e9e aux sciences de gestion. Cette th\u00e8se portant sur la cr\u00e9ativit\u00e9 s\u2019inscrit dans l\u2019axe de recherche <a href=\"https:\/\/cerag.univ-grenoble-alpes.fr\/fr\/cerag\/innovation-et-complexite-organisationnelle\" target=\"_blank\">Innovation et Complexit\u00e9 Organisationnelle (ICO).<\/a><\/p>\n\t\t\t\t\n\t\t\t\t<img decoding=\"async\" src=\"https:\/\/platipus.univ-grenoble-alpes.fr\/wp-content\/uploads\/2024\/11\/Logo_CERAG.png\" alt=\"Logo CERAG\" width=\"100px\">\n\t\t\t\t\n\t\t\t<\/td>\n\t\t\t\n\t\t\t<\/tr><\/table>\n\t\t<\/div>\n\t\t<\/details>\n\t\t\n\t\t\n\t\t<!-- Etude 2026002 -->\n\t\t<details>\n\t\t<summary>\n\t\t\t{JeParticipe} <strong>Etude sur l&rsquo;attention s\u00e9lective<\/strong>\n\t\t\t<font>[Publi\u00e9e le 07 janvier 2026]<\/font>\n\t\t<\/summary>\n\t\t<div>\n\t\t\t<table class=\"platipus\"><tr>\n\t\t\t<td class=\"annonces_volontaires\">\n\t\t\t<figure><a href=\"https:\/\/platipus.univ-grenoble-alpes.fr\/wp-content\/uploads\/2026\/01\/Flyer-2026002.pdf\" ><img decoding=\"async\" src=\"https:\/\/platipus.univ-grenoble-alpes.fr\/wp-content\/uploads\/2023\/11\/prospectus.png\" width=\"150px\" alt=\"icone flyer\"><figcaption><center>T\u00e9l\u00e9charger le flyer<\/center><\/figcaption><\/a><\/figure>\n\t\t\t<\/td>\n\t\t\t<td class=\"platipus2\">\n\t\t\t\t<p class=\"titre_annonce\">Etude r\u00e9mun\u00e9r\u00e9e sur l&rsquo;attention s\u00e9lective<\/p>\n\t\t\t\t\n\t\t\t\t<p>L\u2019Institut des Neurosciences de Grenoble (GIN) vous propose de participer \u00e0 une exp\u00e9rience r\u00e9mun\u00e9r\u00e9e dans le cadre de l\u2019\u00e9tude : <strong>InhibCog<\/strong>.<\/p>\n\n\t\t\t\t<p>L\u2019exp\u00e9rience dure 2h. Une indemnit\u00e9 de 20\u20ac est pr\u00e9vue.<\/p>\n\n\t\t\t\t<p><strong>Conditions de participation :<\/strong>\n\t\t\t\t<ul>\n\t\t\t\t<li>Avoir entre 18 et 50 ans<\/li>\n\n\t\t\t\t<lI>Etre de langue maternelle fran\u00e7aise<\/li>\n\n\t\t\t\t<li>Ne pr\u00e9senter aucun trouble neurologique\/psychiatrique<\/li>\n\n\t\t\t\t<li>Ne pas avoir d\u00e9j\u00e0 particip\u00e9 aux sessions pr\u00e9c\u00e9dentes (2024\/2025)<\/li>\n\n\t\t\t\t<\/uL><\/p>\n\t\t\t\t\n\t\t\t\t<p><strong>Lieu :<\/strong><\/p>\n\n\t\t\t\t<p>GIN, site du CHU, La Tronche (38700).<\/p>\n\n\t\t\t\t<p>&#128073; <strong>Pour participer ou obtenir plus d&rsquo;informations<\/strong>, contactez notre \u00e9quipe \u00e0 l\u2019adresse mail suivante : <br>\n\t\t\t\t<a class=\"surlignage_email\" href=\"mailto:inhibcog@gmail.com\">&nbsp; inhibcog@gmail.com &nbsp;<\/a><\/p>\n\n\t\t\t\t<p><strong>Responsable de l\u2019\u00e9tude :<\/strong> Mario Hervault (MCF, GIN Inserm U1216) <br>\n\t\t\t\t<strong>Exp\u00e9rimentateur : <\/strong>Salom\u00e9 Lippolis (Doctorante, GIN Inserm U1216)<\/p>\n\t\t\t\t\n\t\t\t\t<img decoding=\"async\" src=\"https:\/\/platipus.univ-grenoble-alpes.fr\/wp-content\/uploads\/2024\/11\/logo_gin.png\" alt=\"Logo GIN\" width=\"100px\">\n\t\t\t\t<img decoding=\"async\" src=\"https:\/\/platipus.univ-grenoble-alpes.fr\/wp-content\/uploads\/2023\/05\/logo_CHU-Grenoble.png\" alt=\"Logo CHU Grenoble\" width=\"100px\">\n\t\t\t\t<img decoding=\"async\" src=\"https:\/\/platipus.univ-grenoble-alpes.fr\/wp-content\/uploads\/2026\/01\/Logo-INSERM.png\" alt=\"Logo INSERM\" width=\"100px\">\n\t\t\t\t\n\t\t\t<\/td>\n\t\t\t\n\t\t\t<\/tr><\/table>\n\t\t<\/div>\n\t\t<\/details>\n\t\n\t\t\n\t\t<!-- Etude 2025140 -->\n\t\t<details>\n\t\t<summary>\n\t\t\t{JeParticipe} <strong>Etude sur la prise de d\u00e9cision<\/strong>\n\t\t\t<font>[Publi\u00e9e le 15 d\u00e9cembre 2025]<\/font>\n\t\t<\/summary>\n\t\t<div>\n\t\t\t<table class=\"platipus\"><tr>\n\t\t\t<td class=\"annonces_volontaires\">\n\t\t\t<figure><a href=\"https:\/\/platipus.univ-grenoble-alpes.fr\/wp-content\/uploads\/2025\/12\/Appel-a-participation-2025140.pdf\" ><img decoding=\"async\" src=\"https:\/\/platipus.univ-grenoble-alpes.fr\/wp-content\/uploads\/2023\/11\/prospectus.png\" width=\"150px\" alt=\"icone flyer\"><figcaption><center>T\u00e9l\u00e9charger le flyer<\/center><\/figcaption><\/a><\/figure>\n\t\t\t<\/td>\n\t\t\t<td class=\"platipus2\">\n\t\t\t\t<p class=\"titre_annonce\">Participez \u00e0 une \u00e9tude sur la prise de d\u00e9cision<\/p>\n\t\t\t\t<p>Dans le cadre d&rsquo;une \u00e9tude r\u00e9alis\u00e9e \u00e0 l\u2019Institut des Neurosciences de Grenoble (GIN), <strong>nous recherchons des volontaires sains <\/strong>pour participer \u00e0 une recherche sur la prise de d\u00e9cision, visant \u00e0 mieux comprendre les facteurs qui influencent nos choix au quotidien.<\/p>\n\t\t\t\t<p>Vous r\u00e9aliserez une t\u00e2che sur ordinateur dans laquelle vous devrez interagir avec deux \u00ab&nbsp;machines \u00e0 sous&nbsp;\u00bb un peu particuli\u00e8res.<\/p>\n\t\t\t\t<p>Les donn\u00e9es recueillies aupr\u00e8s des volontaires sains serviront de mesure de r\u00e9f\u00e9rence et permettront ensuite de mieux comprendre comment les m\u00e9canismes de prise de d\u00e9cision diff\u00e8rent chez les personnes atteintes de troubles obsessionnels compulsifs (TOC).<\/p>\n\t\t\t\t<strong><p>\u00c9thique :<\/p><\/strong>\n\t\t\t\t<p>Cette \u00e9tude a \u00e9t\u00e9 approuv\u00e9e par le Comit\u00e9 de Protection des Personnes (CPP) Sud-Est II sous le num\u00e9ro 2021-A00290-41.<\/p>\n\t\t\t\t<p><strong>D\u00e9roul\u00e9 : <\/strong>\n\t\t\t\t<ul>\n\t\t\t\t<li>1 visite de 2h<\/li>\n\t\t\t\t<li>Indemnisation : 20\u20ac<\/li>\n\t\t\t\t<\/ul><\/p>\n\t\t\t\t<p><strong>Conditions de participation :<\/strong>\n\t\t\t\t<ul>\n\t\t\t\t<li>Avoir entre 18 et 65 ans,<\/li>\n\t\t\t\t<li>Ne pr\u00e9senter aucun trouble neurologique\/psychiatrique.<\/li>\n\t\t\t\t<\/ul><\/p>\n\t\t\t\t<p><strong>Lieu :<\/strong><\/p>\n\t\t\t\t<p>Institut des Neurosciences de Grenoble, Chemin Fortun\u00e9 Ferrini, Site Sant\u00e9, La Tronche Cedex (38706). <\/p>\n\t\t\t\t<p>&#128073; Pour participer ou obtenir plus d&rsquo;informations, <strong>contactez notre \u00e9quipe par email, en pr\u00e9cisant votre \u00e2ge, sexe et niveau d\u2019\u00e9tudes,<\/strong> \u00e0 l\u2019adresse suivante :<br>\n\t\t\t\t<a class=\"surlignage_email\"  href=\"etude.neurocd@gmail.com\">&nbsp; etude.neurocd@gmail.com &nbsp;<\/a><\/p>\n\t\t\t\t<p>Responsable de l\u2019\u00e9tude : Fabien Cignetti &#8211; GIN<br>\n\t\t\t\tINSERM U1216, \u00ab\u00a0Cerveau, Comportement et Neuromodulation\u00a0\u00bb<\/p>\n\t\t\t\t<img decoding=\"async\" src=\"https:\/\/platipus.univ-grenoble-alpes.fr\/wp-content\/uploads\/2024\/09\/Logo-widget-UGA.png\" alt=\"Logo UGA\" width=\"80px\">\n\t\t\t\t<img decoding=\"async\" src=\"https:\/\/platipus.univ-grenoble-alpes.fr\/wp-content\/uploads\/2024\/11\/logo_gin.png\" alt=\"Logo GIN\" width=\"155px\">\n\t\t\t\t<img decoding=\"async\" src=\"https:\/\/platipus.univ-grenoble-alpes.fr\/wp-content\/uploads\/2023\/05\/logo_CHU-Grenoble.png\" alt=\"Logo CHU Grenoble\" width=\"105px\">\n\t\t\t<\/td>\n\t\t\t\n\t\t\t<\/tr><\/table>\n\t\t<\/div>\n\t\t<\/details>\n\t\t\n\t\t\n\t\t\n\t\t<!-- Etude 2025128 -->\n\t\t<details>\n\t\t<summary>\n\t\t\t{JeParticipe} {Senior pour la Science} <strong>Etude sur l&rsquo;acc\u00e8s aux services du quotidien<\/strong>\n\t\t\t<font>[Publi\u00e9e le 03 d\u00e9cembre 2025]<\/font>\n\t\t<\/summary>\n\t\t<div>\n\t\t\t<table class=\"platipus\"><tr>\n\t\t\t<td class=\"annonces_volontaires\">\n\t\t\t<figure><a href=\"https:\/\/platipus.univ-grenoble-alpes.fr\/wp-content\/uploads\/2025\/12\/flyer_Platipus.pdf\" ><img decoding=\"async\" src=\"https:\/\/platipus.univ-grenoble-alpes.fr\/wp-content\/uploads\/2023\/11\/prospectus.png\" width=\"150px\" alt=\"icone flyer\"><figcaption><center>T\u00e9l\u00e9charger le flyer<\/center><\/figcaption><\/a><\/figure>\n\t\t\t<\/td>\n\t\t\t<td class=\"platipus2\">\n\t\t\t\t<p class=\"titre_annonce\">Enqu\u00eate sur l\u2019acc\u00e8s aux services du quotidien : vos habitudes nous int\u00e9ressent ! <\/p>\n\t\t\t\t\n\t\t\t\t<p>Madame, Monsieur,<\/p>\n\n\t\t\t\t<p>Cet e-mail est une invitation \u00e0 r\u00e9pondre \u00e0 une enqu\u00eate de recherche sur les lieux fr\u00e9quent\u00e9s au quotidien, men\u00e9e par les membres du projet JiM du laboratoire Pacte de l\u2019Universit\u00e9 Grenoble Alpes. Vous recevez cet e-mail car vous faites partie de la liste de volontaires g\u00e9r\u00e9e par Platipus (Universit\u00e9 Grenoble Alpes), qui a accept\u00e9 de diffuser cette enqu\u00eate. <\/p>\n\t\t\t\t \n\t\t\t\t<p>Le projet europ\u00e9en JiM s\u2019int\u00e9resse au concept de la ville en 15 minutes. Les politiques publiques bas\u00e9es sur ce concept visent \u00e0 garantir \u00e0 toutes et tous un acc\u00e8s facile aux lieux importants du quotidien (comme les magasins d\u2019alimentation, les \u00e9tablissements scolaires ou les \u00e9tablissements de soin) afin de favoriser une ville juste, \u00e9quitable et durable. <\/p>\n\t\t\t\t \n\t\t\t\t<strong><p>Dans le cadre de ce projet, nous menons une \u00e9tude sur la proximit\u00e9 et l\u2019accessibilit\u00e9 des lieux fr\u00e9quent\u00e9s au quotidien au sein de la grande r\u00e9gion grenobloise. <\/p><\/strong>\n\n\t\t\t\t<strong><p>Vous habitez en Is\u00e8re et avez plus de 18 ans ? Votre exp\u00e9rience compte ! <\/p><\/strong>\n\n\t\t\t\t<strong><p>Nous nous int\u00e9ressons aux lieux que vous fr\u00e9quentez, \u00e0 la mani\u00e8re dont vous vous y rendez ainsi qu\u2019\u00e0 la perception globale que vous avez des infrastructures de transport autour de chez vous. Vos r\u00e9ponses sont pr\u00e9cieuses et nous permettent d\u2019approfondir notre compr\u00e9hension des d\u00e9placements vers les services et \u00e9quipements du quotidien. Nous vous remercions d\u2019avance pour votre participation \u00e0 l\u2019enqu\u00eate via le lien suivant :<br>\n\t\t\t\t&#128073; <a href=\"https:\/\/survey.mau.se\/Survey\/22701\" target=\"_blank\">https:\/\/survey.mau.se\/Survey\/22701<\/a> <\/p><\/strong>\n\n\t\t\t\t<p>Le temps de r\u00e9ponse est estim\u00e9 entre 10 et 15 minutes. Sachez que vous \u00eates libre d\u2019arr\u00eater \u00e0 tout moment le questionnaire. <\/p>\n\t\t\t\t \n\t\t\t\t<p>Pour information, cette m\u00eame enqu\u00eate est reproduite aupr\u00e8s de plusieurs partenaires en Espagne, en Su\u00e8de, en Pologne, en Turquie et en Norv\u00e8ge. La plateforme d\u2019enqu\u00eate en ligne est situ\u00e9e \u00e0 l\u2019universit\u00e9 de Malm\u00f6, partenaire du projet JiM. Le serveur utilis\u00e9 est s\u00e9curis\u00e9 et conforme au RGDP et seuls les membres de l\u2019\u00e9quipe grenobloise ont acc\u00e8s aux r\u00e9ponses collect\u00e9es dans le pr\u00e9sent questionnaire. En aucun cas les membres du projet n\u2019ont acc\u00e8s \u00e0 vos coordonn\u00e9es de contact, d\u00e9tenues seulement par la plateforme Platipus. Pour plus d\u2019informations sur le projet :<br> <a href=\"https:\/\/www.pacte-grenoble.fr\/fr\/recherche-0\/projets-recherche\/jim\" target=\"_blank\">https:\/\/www.pacte-grenoble.fr\/fr\/recherche-0\/projets-recherche\/jim<\/a><\/p>\n\t\t\t\t \n\t\t\t\t<p><strong>Quelles questions allons-nous vous poser ?<\/strong><\/p>\n\t\t\t\t<p>En plus des questions portant sur les lieux que vous fr\u00e9quentez au quotidien et sur vos pratiques de d\u00e9placements, le questionnaire comporte quelques questions socio-d\u00e9mographiques (comme le sexe, l\u2019\u00e2ge, votre commune de r\u00e9sidence\u2026). Ces questions permettent de mieux caract\u00e9riser les pratiques en fonction de la population.<\/p>\n\n\t\t\t\t<p>En outre, si vous souhaitez participer \u00e0 des entretiens collectifs qui seront r\u00e9alis\u00e9s ult\u00e9rieurement, vous avez la possibilit\u00e9 de nous communiquer vos coordonn\u00e9es personnelles (adresse mail ou t\u00e9l\u00e9phone). <\/p>\n\t\t\t\t \n\n\t\t\t\t<p><strong>Qui contacter pour avoir des informations sur l\u2019\u00e9tude ? <\/strong><\/p>\n\t\t\t\t<p>Pour toute question relative \u00e0 l\u2019enqu\u00eate, vous pouvez \u00e9crire \u00e0 la porteuse du projet Sonia Chardonnel : <br>\n\t\t\t\t&#128073; <a class=\"surlignage_email\" href=\"mailto:sonia.chardonnel@univ-grenoble-alpes.fr\">&nbsp; sonia.chardonnel@univ-grenoble-alpes.fr &nbsp;<\/a><\/p>\n\n\t\t\t\t<p>Merci par avance pour votre participation,<\/p>\n\n\t\t\t\t<p>Sonia Chardonnel, directrice de recherche au CNRS pour l\u2019\u00e9quipe grenobloise du Projet JiM<\/p>\n\n\t\t\t\t\n\t\t\t\t\t\t\n\t\t\t<img decoding=\"async\" src=\"https:\/\/platipus.univ-grenoble-alpes.fr\/wp-content\/uploads\/2025\/11\/Logo-JiM.png\" alt=\"Logo JIM\" width=\"50px\">\n\t\t\t<img decoding=\"async\" src=\"https:\/\/platipus.univ-grenoble-alpes.fr\/wp-content\/uploads\/2025\/11\/Logo-Pacte.png\" alt=\"Logo Pacte\" width=\"120px\">\n\t\t\t<img decoding=\"async\" src=\"https:\/\/platipus.univ-grenoble-alpes.fr\/wp-content\/uploads\/2024\/08\/ANR-logos-bandeau.png\" alt=\"Logo ANR\" width=\"100px\">\n\t\t\t<img decoding=\"async\" src=\"https:\/\/platipus.univ-grenoble-alpes.fr\/wp-content\/uploads\/2025\/11\/Logo-DUT.png\" alt=\"Logo DUT - Driving Urban Transitions\" width=\"130px\">\n\t\t\t<\/tr><\/table>\n\t\t<\/div>\n\t\t<\/details>\n\t\t\t\t\n\t\t\t\t\n\t\t\n\t\t\n\t\t\n\t\t<!-- Etude 2025135 -->\n\t\t<details>\n\t\t<summary>\n\t\t\t{JeParticipe} <strong>Etude scientifique en marketing<\/strong>\n\t\t\t<font>[Publi\u00e9e le 28 novembre 2025 ; Modifi\u00e9e le 12 d\u00e9cembre 2025]<\/font>\n\t\t<\/summary>\n\t\t<div>\n\t\t\t<table class=\"platipus\"><tr>\n\t\t\t<td class=\"platipus2\">\n\t\t\t\t<p class=\"titre_annonce\">Participation \u00e0 une \u00e9tude scientifique en marketing<br>3 places restantes pour volontaires Hommes<\/p>\n\t\t\t\t\n\t\t\t\t<p>Dans le cadre d\u2019une \u00e9tude en sciences de gestion (marketing), nous recrutons des participants pour des <strong>groupes de discussion portant sur vos exp\u00e9riences personnelles de consommation et\/ou de d\u00e9consommation et les valeurs qui y sont associ\u00e9es.<\/strong><\/p>\n\t\t\t\t<p>Nous nous int\u00e9resserons \u00e0 vos perceptions, il n&rsquo;y a donc ni bonnes ni mauvaises r\u00e9ponses et vous devez justifier d&rsquo;au moins 1 an d&rsquo;exp\u00e9rience professionnelle, parler fran\u00e7ais et avoir au moins 18 ans pour pouvoir participer \u00e0 l&rsquo;\u00e9tude.<\/p>\n\t\t\t\t<p>L\u2019\u00e9tude est organis\u00e9e par un <strong>chercheur-doctorant du laboratoire CERAG (Universit\u00e9 Grenoble Alpes)<\/strong> dont un doctorant <strong>Guillaume Fayolle<\/strong> (personne \u00e0 contacter dans le cadre de l\u2019\u00e9tude) et son directeur de th\u00e8se <strong>L\u00e9opold Lessassy<\/strong> (responsable du traitement). Chaque session de groupe se d\u00e9roulera sur le campus de Saint-Martin-d\u2019H\u00e8res \u00e0 la <strong>Maison de la Cr\u00e9ation et de l\u2019Innovation (MaCI) avec Platipus, Grenoble.<\/strong><\/p>\n\t\t\t\t\n\t\t\t\t<p><strong>Conditions de participation<\/strong>\n\t\t\t\t\t<ul>\n\t\t\t\t\t<li>\u00catre un <strong>homme<\/strong> [quota de femmes d\u00e9j\u00e0 atteint]<\/li>\n\t\t\t\t\t<li>Avoir <strong>au moins 18 ans<\/strong><\/li>\n\t\t\t\t\t<li>Pouvoir justifier d\u2019<strong>au moins 1 an d\u2019exp\u00e9rience professionnelle<\/strong> (CV requis)<\/li>\n\t\t\t\t\t<li>Parler <strong>fran\u00e7ais couramment<\/strong><\/lI>\n\t\t\t\t\t<\/ul>\n\t\t\t\t<\/p>\n\t\t\t\t<p><strong>D\u00e9roulement<\/strong>\n\t\t\t\t\t<ul>\n\t\t\t\t\t<li><strong>Groupes de discussion de 2h \u00e0 3h maximum<\/strong><\/lI>\n\t\t\t\t\t<li>\u00c9changes <strong>film\u00e9s et enregistr\u00e9s<\/strong> (usage strictement scientifique)<br>\n\t\t\t\t\t(Une s\u00e9lection de viennoiseries\/encas et boissons vous sera propos\u00e9e gratuitement sur place)<\/lI>\n\t\t\t\t\t<\/ul>\n\t\t\t\t<\/p>\n\t\t\t\t<p><strong>Dates des sessions <\/strong>(il n\u2019est pas possible de participer \u00e0 2 sessions diff\u00e9rentes, chaque session a un nombre limit\u00e9 \u00e0 12 participants)\n\t\t\t\t\t<ul>\n\t\t\t\t\t<li><strong><s>Jeudi 4 d\u00e9cembre 2025 \u00e0 9h30<\/s><\/strong><\/li>\n\t\t\t\t\t<li><strong><s>Mardi 9 d\u00e9cembre 2025 \u00e0 9h<\/s><\/strong><\/li>\n\t\t\t\t\t<li><strong>Lundi 15 d\u00e9cembre 2025 \u00e0 9h30 (3 places restantes pour participants hommes)<\/strong><\/li>\n\t\t\t\t\t<\/ul>\n\t\t\t\t<\/p>\n\t\t\t\t<p><strong>R\u00e9tribution<\/strong><\/p>\n\t\t\t\t\t<p>Chaque participant recevra <strong>20 \u20ac en ch\u00e8ques Cadhoc<\/strong> pour la participation \u00e0 une session. <\/p>\n\t\t\t\t<p><strong>Confidentialit\u00e9<\/strong><\/p>\n\t\t\t\t\t<p>Les donn\u00e9es seront anonymis\u00e9es (voire pseudonymis\u00e9es) lors de l\u2019analyse, traitement et valorisation de celles-ci conform\u00e9ment au RGPD.<\/p>\n\t\t\t\t\n\t\t\t\t<p>&#128073; Pour vous inscrire : <a href=\"https:\/\/evento.renater.fr\/survey\/participation-a-une-recherche-scientifique-en-marketing-tc50dmb1\" target=\"_blank\">https:\/\/evento.renater.fr\/survey\/participation-a-une-recherche-scientifique-en-marketing-tc50dmb1<\/a> (merci de bien indiquer votre ann\u00e9e de naissance en commentaire de la 1re question)<\/p>\n\t\t\t\t<p>&#128073; Apr\u00e8s avoir r\u00e9pondu au sondage, vous recevrez un email de confirmation \u00e0 votre participation sous 24h. Pour toutes questions relatives \u00e0 l\u2019\u00e9tude, vous pouvez nous contacter \u00e0 <a class=\"surlignage_email\" href=\"mailto:guillaume.fayolle@univ-grenoble-alpes.fr\">&nbsp; guillaume.fayolle@univ-grenoble-alpes.fr &nbsp;<\/a>. <\/p>\n\t\t\t\t\n\t\t\t\t<img decoding=\"async\" src=\"https:\/\/platipus.univ-grenoble-alpes.fr\/wp-content\/uploads\/2024\/11\/Logo_CERAG.png\" alt=\"Logo CERAG\" width=\"100px\">\n\t\t\t\t\n\t\t\t<\/tr><\/table>\n\t\t<\/div>\n\t\t<\/details>\n\t\t\t\n\t\t<!-- Etude 2025119 -->\n\t\t\n\t\t<details>\n\t\t<summary>\n\t\t\t{JeParticipe} {Senior pour la Science} <strong> Etude sur la perception du monde !<\/strong>\n\t\t\t<font>[Publi\u00e9e le 26 novembre 2025]<\/font>\n\t\t<\/summary>\n\t\t<div>\n\t\t\t<table class=\"platipus\"><tr>\n\t\t\t\n\t\t\t<td class=\"platipus2\">\n\t\t\t\t<p class=\"titre_annonce\">Participez \u00e0 une \u00e9tude en psychologie sur la perception du monde !<\/p>\n\t\t\t\t\t\t\n\t\t\t\t<p>Bonjour \u00e0 tous et toutes,<\/p>\n\n\t\t\t\t<p>Dans le cadre d&rsquo;un stage de recherche que je r\u00e9alise au LIP\/PC2S avec des chercheurs en psychologie de l&rsquo;Universit\u00e9 Grenoble Alpes, nous r\u00e9alisons une enqu\u00eate en ligne sur la perception du monde.<\/p>\n\n\t\t\t\t<p>Votre participation consiste \u00e0 r\u00e9pondre en ligne \u00e0 quelques questionnaires (environ 15 minutes).<br>\n\t\t\t\tToutes vos r\u00e9ponses sont enti\u00e8rement anonymes.<\/p>\n\n\t\t\t\t<p><strong>Qui peut participer ? <\/strong>\n\t\t\t\t<ul>\n\t\t\t\t<li>Adultes (18+)<\/li>\n\t\t\t\t<li>Comprenant et lisant le fran\u00e7ais<\/li>\n\t\t\t\t<\/ul>\n\t\t\t\t<\/p>\n\t\t\t\t\n\t\t\t\t<p>&#128073; Pour participer, c\u2019est ici : <a href=\"https:\/\/enquetes-screen.msh-alpes.fr\/index.php\/158395?lang=fr\"  target=\"_blank\">https:\/\/enquetes-screen.msh-alpes.fr\/index.php\/158395?lang=fr<\/a><\/p>\n\t\t\t\t\n\t\t\t\t<p>&#128073; Contact :  <a class=\"surlignage_email\"  href=\"mailto:emma.rolland-carlichi@univ-grenoble-alpes.fr\">&nbsp; emma.rolland-carlichi@univ-grenoble-alpes.fr &nbsp;<\/a><\/p>\n\n\t\t\t\t<p>Un grand merci pour votre participation !<\/p>\n\n\t\t\t\t<p><strong>Responsable traitement : <\/strong>Pr C\u00e9line Baeyens, LIP\/PC2S<\/p>\n\t\t\t\t<img decoding=\"async\" src=\"https:\/\/platipus.univ-grenoble-alpes.fr\/wp-content\/uploads\/2022\/09\/logo-LIP-PC2S-1.png\" alt=\"Logo LIP\/PC2S\" width=\"100px\">\n\t\t\t\t<img decoding=\"async\" src=\"https:\/\/platipus.univ-grenoble-alpes.fr\/wp-content\/uploads\/2024\/09\/Logo-widget-UGA.png\" alt=\"Logo UGA\" width=\"100px\">\n\t\t\t<\/td>\n\t\t\t\n\t\t\t<\/tr><\/table>\n\t\t<\/div>\n\t\t<\/details>\n\t\t\n\t\t<!-- Etude 2025110 -->\n\t\t\n\t\t<details>\n\t\t<summary>\n\t\t\t{JeParticipe} {Senior pour la Science} <strong>Etude sur la gestion des \u00e9motions !<\/strong>\n\t\t\t<font>[Publi\u00e9e le 21 novembre 2025]<\/font>\n\t\t<\/summary>\n\t\t<div>\n\t\t\t<table class=\"platipus\"><tr>\n\t\t\t\n\t\t\t<td class=\"platipus2\">\n\t\t\t\t<p class=\"titre_annonce\">Participez \u00e0 une \u00e9tude en psychologie sur la gestion des \u00e9motions !<\/p>\n\t\t\t\t<p>Bonjour \u00e0 tous et toutes, <\/p>\n\t\t\t\t<p>Dans le cadre d\u2019une recherche men\u00e9e \u00e0 l\u2019Universit\u00e9 Grenoble Alpes et \u00e0 l\u2019Universit\u00e9 Savoie Mont Blanc, nous r\u00e9alisons une \u00e9tude en ligne visant \u00e0 mieux comprendre comment les adultes s\u2019adaptent face au stress et \u00e0 traduire et valider un nouvel outil scientifique de mesure de la flexibilit\u00e9 du coping (c\u2019est-\u00e0-dire la capacit\u00e9 \u00e0 ajuster ses strat\u00e9gies face au stress).<\/p>\n\n\t\t\t\t<p>Votre participation consiste \u00e0 r\u00e9pondre en ligne \u00e0 quelques questionnaires (environ 15 minutes).<\/p>\n\n\t\t\t\t<p>Toutes vos r\u00e9ponses sont enti\u00e8rement anonymes, et si vous le souhaitez, vous pourrez \u00eatre recontact\u00e9\u00b7e\u00b7s 15 jours plus tard pour une tr\u00e8s courte seconde partie.<\/p>\n\n\t\t\t\t<p><strong>Qui peut participer ?<\/strong>\n\t\t\t\t<ul>\n\t\t\t\t<li>Adultes (18+)<\/li>\n\t\t\t\t<li>Comprenant et lisant le fran\u00e7ais<\/li>\n\t\t\t\t<li>Non-\u00e9tudiant\u00b7e\u00b7s en psychologie (pour des raisons m\u00e9thodologiques)<\/li>\n\t\t\t\t<\/ul><\/p>\n\n\t\t\t\t<p>&#128073; Pour participer, c\u2019est ici : <a href=\"https:\/\/enquetes-screen.msh-alpes.fr\/index.php\/433268?lang=fr\"  target=\"_blank\">https:\/\/enquetes-screen.msh-alpes.fr\/index.php\/433268?lang=fr<\/a><\/p>\n\t\t\t\t\n\t\t\t\t<p>&#128073; Contact : <a class=\"surlignage_email\"  href=\"mailto:emma.rolland-carlichi@univ-grenoble-alpes.fr\">&nbsp;  emma.rolland-carlichi@univ-grenoble-alpes.fr &nbsp; <\/a><\/p>\n\n\t\t\t\t<p>Votre contribution est pr\u00e9cieuse pour faire avancer la recherche sur la gestion du stress et les m\u00e9canismes d\u2019adaptation. <\/p>\n\n\t\t\t\t<p>Un grand merci d\u2019avance \u00e0 toutes les personnes qui prendront ces quelques minutes.<\/p>\n\t\t\t\t<p><strong>Responsable traitement :<\/strong> Pr Catherine Bortolon, LIP\/PC2S<\/p>\n\t\t\t\t<img decoding=\"async\" src=\"https:\/\/platipus.univ-grenoble-alpes.fr\/wp-content\/uploads\/2022\/09\/logo-LIP-PC2S-1.png\" alt=\"Logo LIP\/PC2S\" width=\"100px\">\n\t\t\t\t<img decoding=\"async\" src=\"https:\/\/platipus.univ-grenoble-alpes.fr\/wp-content\/uploads\/2024\/09\/Logo-widget-UGA.png\" alt=\"Logo UGA\" width=\"100px\">\n\t\t\t\t\n\t\t\t<\/td>\n\t\t\t\n\t\t\t<\/tr><\/table>\n\t\t<\/div>\n\t\t<\/details>\n\t\t\n\t\t<!-- Etude 2025103 -->\n\t\t<details>\n\t\t<summary>\n\t\t\t{JeParticipe} {Senior pour la Science} <strong>Etude sur les lieux que vous fr\u00e9quentez<\/strong>\n\t\t\t<font>[Publi\u00e9e le 21 novembre 2025]<\/font>\n\t\t<\/summary>\n\t\t<div>\n\t\t\t<table class=\"platipus\"><tr>\n\t\t\t<td class=\"annonces_volontaires\">\n\t\t\t<figure><a href=\"https:\/\/platipus.univ-grenoble-alpes.fr\/wp-content\/uploads\/2025\/11\/Flyer-2025103-.pdf\" ><img decoding=\"async\" src=\"https:\/\/platipus.univ-grenoble-alpes.fr\/wp-content\/uploads\/2023\/11\/prospectus.png\" width=\"150px\" alt=\"icone flyer\"><figcaption><center>T\u00e9l\u00e9charger le flyer<\/center><\/figcaption><\/a><\/figure>\n\t\t\t<\/td>\n\t\t\t<td class=\"platipus2\">\n\t\t\t\t<p class=\"titre_annonce\">Groupe de discussion sur les lieux, services et commerces que vous fr\u00e9quentez !<\/p>\n\t\t\t\t\n\t\t\t\t<p>Bonjour \u00e0 toutes et \u00e0 tous,<\/p>\n\t\t\t\t\n\t\t\t\t<p>Dans le cadre d\u2019un projet europ\u00e9en JiM, nous vous proposons de venir discuter avec nous <font style=\"color:#FA9C45\">afin de mieux comprendre les lieux, services et commerces que vous fr\u00e9quentez au quotidien !<\/font><\/p>\n\t\t\t\t<p>L&rsquo;un des pans de ce projet porte sur l&rsquo;accessibilit\u00e9 aux services et \u00e9quipements v\u00e9cue par les habitantes et habitants des espaces denses. <\/p>\n\t\t\t\t<p style=\"color:#FA9C45\">Nous nous int\u00e9ressons aux services et \u00e9quipements que les personnes consid\u00e8rent comme essentiel d&rsquo;avoir \u00e0 proximit\u00e9 de chez eux, aux pratiques de mobilit\u00e9 qui permettent aux personnes de s&rsquo;y rendre, ainsi qu&rsquo;\u00e0 la perception que les personnes ont de ces pratiques. <\/p>\n\t\t\t\t<p>Pour cela, nous cherchons \u00e0 mener des ateliers collectifs de cartographie avec des groupes d&rsquo;habitantes et d&rsquo;habitants. Les ateliers durent 2h30 (avec une pause). Pas besoin d\u2019\u00eatre fort.es en dessin !<\/p>\n\t\t\t\t<p>L&rsquo;atelier est d\u00e9coup\u00e9 en deux parties :\n\t\t\t\t<ul>\n\t\t\t\t\t<li>La premi\u00e8re partie, porte sur les pratiques individuelles des personnes. Les participantes et participants sont invit\u00e9.e.s \u00e0 dessiner la carte de leurs d\u00e9placements quotidiens. Un temps d&rsquo;\u00e9change est ensuite pris pour que les personnes r\u00e9agissent aux diff\u00e9rentes cartes produites. <\/li>\n\t\t\t\t\t<li>La deuxi\u00e8me partie de l&rsquo;atelier interroge la notion de proximit\u00e9. Les personnes devront dire jusqu\u2019o\u00f9 elles seraient pr\u00eates \u00e0 aller avec quel(s) mode(s) et \u00e0 quelle(s) condition(s) pour acc\u00e9der aux services et \u00e9quipements les plus importants pour elles. <\/li>\n\t\t\t\t<\/ul>\n\t\t\t\t<p>L\u2019ensemble de notre d\u00e9marche et protocole a \u00e9t\u00e9 soumis au D\u00e9l\u00e9gu\u00e9 \u00e0 la Protection des Donn\u00e9es du CNRS et a re\u00e7u la mise en conformit\u00e9 de la recherche pour garantir le respect de la vie priv\u00e9e des personnes qui se porteraient volontaires pour participer aux ateliers.<\/p>\n\t\t\t\t\t\n\t\t\t\t<p><strong>Crit\u00e8res d\u2019inclusion : <\/strong>\n\t\t\t\t<ul>\n\t\t\t\t\t<li>Avoir plus de 18 ans <\/lI>\n\t\t\t\t\t<li>Comprendre le fran\u00e7ais <\/lI>\n\t\t\t\t\t<li>Habiter l\u2019un des lieux ci-dessous : <\/lI>\n\t\t\t\t\t<ul>\n\t\t\t\t\t\t<li>Grenoble &#8211; La presqu\u2019\u00eele <\/li>\n\t\t\t\t\t\t<li>Grenoble \u2013 La Villeneuve<\/lI>\n\t\t\t\t\t\t<li>Seyssins<\/li> \n\t\t\t\t\t\t<li>Vizille <\/li>\n\t\t\t\t\t<\/ul>\n\t\t\t\t<\/ul>\n\t\t\t\t<\/p>\n\t\t\t\t\n\t\t\t\t<p><strong>D\u00e9tail de l\u2019\u00e9tude :<\/strong><\/p>\n\t\t\t\t<p>Dur\u00e9e : 2h30 (avec une pause)<\/p>\n\t\t\t\t<p>Format : Groupe de discussion<\/p>\n\t\t\t\t<p>P\u00e9riode d\u2019\u00e9tude : Entre janvier 2025 et mars 2026 selon vos disponibilit\u00e9s et celles des autres participant.e.s. <font style=\"color:#FA9C45\">Nous tiendrons compte au maximum de vos pr\u00e9f\u00e9rences pour fixer la date.<\/font><\/p>\n\n\t\t\t\t<p>Lieu : Maison des Sciences Humaines (Campus universitaire de Saint Martin d\u2019H\u00e8res) ou autre(s) lieu(x) \u00e0 d\u00e9finir en fonction de la zone g\u00e9ographique des participants et participantes  <\/p>\n\n\t\t\t\t<p><strong>Pour participer :<\/strong><\/p>\n\t\t\t\t<p>Si cette \u00e9tude vous int\u00e9resse, veuillez-vous inscrire sur le lien suivant : <br>\n\t\t\t\t&#128073; <a href=\"https:\/\/evento.renater.fr\/survey\/groupe-de-discussion-sur-les-lieux-services-et-commerces-que-vous-frequentez-kttasrmi\"  target=\"_blank\">https:\/\/evento.renater.fr\/survey\/groupe-de-discussion-sur-les-lieux-services-et-commerces-que-vous-frequentez-kttasrmi<\/a><\/p>\n\n\t\t\t\t<p>&#128073; <strong>Pour avoir plus d\u2019information sur l\u2019\u00e9tude, n\u2019h\u00e9sitez pas \u00e0 me contacter : <a class=\"surlignage_email\" href=\"mailto:audrey.charnoz@univ-grenoble-alpes.fr\">&nbsp; audrey.charnoz@univ-grenoble-alpes.fr &nbsp;<\/a><\/strong><\/p>\n\n\t\t\t\t<p><strong>Responsable de l\u2019\u00e9tude :<\/strong> Sonia Chardonnel (Directrice de recherche &#8211; PACTE)<\/p>\n\n\t\t\t\t<img decoding=\"async\" src=\"https:\/\/platipus.univ-grenoble-alpes.fr\/wp-content\/uploads\/2025\/11\/Logo-JiM.png\" alt=\"Logo JIM\" width=\"50px\">\n\t\t\t\t<img decoding=\"async\" src=\"https:\/\/platipus.univ-grenoble-alpes.fr\/wp-content\/uploads\/2025\/11\/Logo-Pacte.png\" alt=\"Logo Pacte\" width=\"120px\">\n\t\t\t\t<img decoding=\"async\" src=\"https:\/\/platipus.univ-grenoble-alpes.fr\/wp-content\/uploads\/2024\/08\/ANR-logos-bandeau.png\" alt=\"Logo ANR\" width=\"100px\">\n\t\t\t\t<img decoding=\"async\" src=\"https:\/\/platipus.univ-grenoble-alpes.fr\/wp-content\/uploads\/2025\/11\/Logo-DUT.png\" alt=\"Logo DUT - Driving Urban Transitions\" width=\"130px\">\n\t\t\t\t\n\t\t\t<\/td>\n\t\t\t\n\t\t\t<\/tr><\/table>\n\t\t<\/div>\n\t\t<\/details>\n\t\t\n\n\t\t<!-- Etude 2025107 -->\n\t\t<details>\n\t\t<summary>\n\t\t\t{JeParticipe} <strong>Enqu\u00eate sur la perception de la crise environnementale<\/strong>\n\t\t\t<font>[Publi\u00e9e le 14 novembre 2025]<\/font>\n\t\t<\/summary>\n\t\t<div>\n\t\t\t<table class=\"platipus\"><tr>\n\t\t\t<td class=\"platipus2\">\n\t\t\t\t<p class=\"titre_annonce\">Enqu\u00eate sur la perception de la crise environnementale<\/p>\n\t\t\t\t<p>Bonjour !<\/p>\n\n\t\t\t\t<p>Nous sommes \u00e0 la recherche de personnes volontaires pour r\u00e9pondre \u00e0 un questionnaire en ligne portant sur votre perception de la crise environnementale.<\/p>\n\t\t\t\t<p>&#128336; \ufe0f10min maximum.<\/p>\n\t\t\t\t<p>&#x1F3AF; Il suffit d&rsquo;avoir plus de 18 ans. Les r\u00e9ponses sont compl\u00e8tement anonymis\u00e9es.<\/p>\n\n\t\t\t\t<p>&#128073; Si jamais vous \u00eates int\u00e9ress\u00e9\u00b7es, le lien de l\u2019enqu\u00eate est ci-dessous : <a href=\"https:\/\/tinyurl.com\/yvu3wd3v\"  target=\"_blank\">https:\/\/tinyurl.com\/yvu3wd3v<\/a><\/p>\n\n\t\t\t\t<p>Pour toute question sur le d\u00e9roul\u00e9 de l&rsquo;\u00e9tude, merci de vous adresser \u00e0 Ronan Bellemin :<br> <a class=\"surlignage_email\" href=\"mailto:etude1.environnement.uga@gmail.com\">&nbsp;  etude1.environnement.uga@gmail.com &nbsp;<\/a><\/p>\n\t\t\t\t<p>N&rsquo;h\u00e9sitez pas \u00e0 partager le questionnaire autour de vous &#128591; <\/p>\n\n\t\t\t\t<p>Merci par avance !<\/p>\n\t\t\t\t\n\t\t\t<\/td>\n\t\t\t\n\t\t\t<\/tr><\/table>\n\t\t<\/div>\n\t\t<\/details>\t\t\n\t\t\n\t\t<!-- Etude 2025127 -->\n\t\t<details>\n\t\t<summary>\n\t\t\t{JeParticipe} {Senior pour la Science} <strong>Etude aupr\u00e8s des aidants retrait\u00e9s<\/strong>\n\t\t\t<font>[Publi\u00e9e le 12-13 novembre 2025]<\/font>\n\t\t<\/summary>\n\t\t<div>\n\t\t\t<table class=\"platipus\"><tr>\n\t\t\t<!--<td class=\"annonces_volontaires\">\n\t\t\t<figure><a href=\"***\" ><img decoding=\"async\" src=\"https:\/\/platipus.univ-grenoble-alpes.fr\/wp-content\/uploads\/2023\/11\/prospectus.png\" width=\"150px\" alt=\"icone flyer\"><figcaption><center>T\u00e9l\u00e9charger le flyer<\/center><\/figcaption><\/a><\/figure>\n\t\t\t<\/td>-->\n\t\t\t<td class=\"platipus2\">\n\t\t\t\t<p class=\"titre_annonce\">Etude aupr\u00e8s des aidants retrait\u00e9s<\/p>\n\t\t\t\t<p>Bonjour, <\/p>\n\t\t\t\t<p>L\u2019Universit\u00e9 Grenoble-Alpes m\u00e8ne actuellement une \u00e9tude d\u00e9di\u00e9e aux aidants retrait\u00e9s qui accompagnent au quotidien un.e conjoint.e en perte d\u2019autonomie ou atteint.e de maladie.<\/p>\n\t\t\t\t<p>L\u2019objectif est de mieux comprendre leur v\u00e9cu, leurs besoins et leurs ressources, afin de favoriser la mise en place de solutions concr\u00e8tes et adapt\u00e9es \u00e0 leur r\u00e9alit\u00e9.<\/p>\n\t\t\t\t<p>Ainsi, nous vous r\u00e9pondez aux crit\u00e8res suivants, n\u2019h\u00e9sitez pas \u00e0 participer : \n\t\t\t\t<ul>\n\t\t\t\t<li>Vous \u00eates ag\u00e9.e de 60 ans ou plus<\/li> \n\t\t\t\t<li>Vous \u00eates \u00e0 la retraite<\/li> \n\t\t\t\t<li>Vous apportez une aide fr\u00e9quente \u00e0 votre conjoint.e en perte d\u2019autonomie d\u00fb au vieillissement et\/ou une pathologie<\/li> \n\t\t\t\t<li>Vous vivez avec votre conjoint.e \u00e0 votre domicile<\/li> \n\t\t\t\t<\/ul><\/p>\n\t\t\t\t\n\t\t\t\t<p>Votre participation consiste \u00e0 r\u00e9aliser un entretien d\u2019environ une heure \u00e0 votre domicile (ou tout autre endroit \u00e0 votre convenance) afin d\u2019\u00e9changer sur votre v\u00e9cu. Il s\u2019agit d\u2019une discussion avec la chercheuse, vous offrant un cadre d\u2019\u00e9coute bienveillant et neutre, propice aux \u00e9changes et au partage de votre v\u00e9cu. <\/p>\n\t\t\t\t<p>En partageant votre exp\u00e9rience, vous contribuez \u00e0 <strong>faire avancer la recherche et \u00e0 d\u00e9velopper des solutions r\u00e9ellement adapt\u00e9es aux besoins des aidants.<\/strong><\/p>\n\t\t\t\t<p>Chaque t\u00e9moignage compte \u2014 le v\u00f4tre aussi ! <\/p>\n\t\t\t\t<p>&#128073; Pour participer, contactez Capucine RIBEYRE au 04 77 12 07 52 ou par mail : <a class=\"surlignage_email\" href=\"mailto:capucine.ribeyre@univ-grenoble-alpes.fr\">&nbsp; capucine.ribeyre@univ-grenoble-alpes.fr &nbsp;<\/a><\/p>\n\t\t\t\t<p>Bien cordialement, <br>\n\t\t\t\tCapucine RIBEYRE \u2013 Doctorante CERAG, Universit\u00e9 Grenoble-Alpes<\/p>\n\t\t\t\t\n\t\t\t\t<img decoding=\"async\" src=\"https:\/\/platipus.univ-grenoble-alpes.fr\/wp-content\/uploads\/2024\/11\/Logo_CERAG.png\" alt=\"Logo CERAG\" width=\"100px\">\n\t\t\t\t<img decoding=\"async\" src=\"https:\/\/platipus.univ-grenoble-alpes.fr\/wp-content\/uploads\/2024\/09\/Logo-widget-UGA.png\" alt=\"Logo UGA\" width=\"100px\">\n\t\t\t\t<img decoding=\"async\" src=\"https:\/\/platipus.univ-grenoble-alpes.fr\/wp-content\/uploads\/2025\/11\/Logo-Gerontopole.png\" alt=\"Logo G\u00e9rontop\u00f4le\" width=\"100px\">\n\t\t\t<\/td>\n\t\t\t\n\t\t\t<\/tr><\/table>\n\t\t<\/div>\n\t\t<\/details>\n\t\t\n\t\t\n\t\t<!-- Etude 2025108 -->\n\t\t<details>\n\t\t<summary>\n\t\t\t{Senior pour la Science} <strong>Etude visant \u00e0 mieux comprendre les capacit\u00e9s visuelles li\u00e9es \u00e0 l\u2019\u00e2ge<\/strong>\n\t\t\t<font>[Publi\u00e9e le 13 octobre 2025]<\/font>\n\t\t<\/summary>\n\t\t<div>\n\t\t\t<table class=\"platipus\"><tr>\n\t\t\t<!--<td class=\"annonces_volontaires\">\n\t\t\t<figure><a href=\"***\" ><img decoding=\"async\" src=\"https:\/\/platipus.univ-grenoble-alpes.fr\/wp-content\/uploads\/2023\/11\/prospectus.png\" width=\"150px\" alt=\"icone flyer\"><figcaption><center>T\u00e9l\u00e9charger le flyer<\/center><\/figcaption><\/a><\/figure>\n\t\t\t<\/td>-->\n\t\t\t<td class=\"platipus2\">\n\t\t\t\t<p class=\"titre_annonce\">Pour une \u00e9tude visant \u00e0 mieux comprendre les capacit\u00e9s visuelles li\u00e9es \u00e0 l\u2019\u00e2ge<\/p>\n\t\t\t\t\n\t\t\t\t<big><big><strong><p>RECHERCHE VOLONTAIRES DE PLUS DE 60 ANS<\/p><\/strong><\/big><\/big>\n\t\t\t\t\n\t\t\t\t<p><strong>Nous recherchons des personnes sans troubles graves de la vue, ni maladie de l&rsquo;\u0153il pour participer \u00e0 une exp\u00e9rience sur la Vision. L\u2019objectif est de <font style=\"color:#FF0000;\">mieux comprendre comment les capacit\u00e9s visuelles changent avec le vieillissement.<\/font><\/strong><\/p>\n\t\t\t\t\n\t\t\t\t<p>Alors que la population mondiale continue de vieillir, les d\u00e9ficiences visuelles li\u00e9es \u00e0 l\u2019\u00e2ge deviennent un enjeu majeur de sant\u00e9 publique. En effet, la vision joue un r\u00f4le central dans le maintien de l\u2019autonomie et du bien-vieillir. Pourtant, une compr\u00e9hension approfondie et une caract\u00e9risation fine des capacit\u00e9s visuelles au cours du vieillissement font encore d\u00e9faut, en particulier concernant la vision p\u00e9riph\u00e9rique et son interaction avec la vision centrale. <\/p>\n\n\t\t\t\t<p>Cette \u00e9tude vise donc \u00e0 mieux comprendre les capacit\u00e9s visuelles lors de la reconnaissance de sc\u00e8nes et d\u2019objets. Nous nous int\u00e9ressons en particulier \u00e0 vos capacit\u00e9s de reconnaissance en vision centrale et en vision p\u00e9riph\u00e9rique (qu\u2019on appelle \u00e9galement vision sur les c\u00f4t\u00e9s).<\/p>\n\t\t\t\t\n\t\t\t\t<p>Nous pr\u00e9sentons des images de la vie quotidienne sur un \u00e9cran d\u2019ordinateur et nous demandons de r\u00e9aliser des exercices sur ces images. Pendant ce temps, nous enregistrons les mouvements des yeux et la position de votre regard sur les images \u00e0 l\u2019aide d\u2019un appareil appel\u00e9 oculom\u00e8tre. Cette \u00e9tude est sans risque pour la sant\u00e9.<\/p>\n\t\t\t\t\n\t\t\t\t<p>Elle dure environ 1h30 \u00e0 2h en comptant les pauses.<\/p>\n\t\t\t\t\n\t\t\t\t<p>Votre participation sera <strong><u>r\u00e9compens\u00e9e \u00e0 hauteur de 20 euros<\/u><\/strong>, \u00e0 condition de respecter les crit\u00e8res ci-dessous.<\/p>\n\n\t\t\t\t<p>Crit\u00e8res \u00e0 respecter :\n\t\t\t\t<ul>\t\t\n\t\t\t\t<li><strong><font style=\"color:#FF0000;\">NE PAS AVOIR PARTICIPE A CETTE ETUDE EN FEVRIER-MARS 2025 (nous contacter en cas de doute)<\/font><\/strong><\/li>\n\t\t\t\t<li><strong>Avoir plus de 60 ans<\/strong><\/li>\n\t\t\t\t<li><strong>Ne pas avoir de troubles graves de la vue ou de maladie de l\u2019\u0153il<\/strong> (glaucome, d\u00e9collement de r\u00e9tine, DMLA, r\u00e9tinopathie, etc.)<\/li>\n\t\t\t\t<li><strong>Avoir une vue normale ou corrig\u00e9e \u00e0 la normale par le port de lunettes ou de lentilles<\/strong> (sur la base d\u2019une consultation ophtalmologique de moins de 2 ans) \u2013 Il faudra imp\u00e9rativement venir avec vos corrections.<\/li>\n\t\t\t\t<li><strong><font style=\"color:#FF0000;\">En cas de port de lunettes, ne pas porter de verres trait\u00e9s anti-reflets<\/font><\/strong><\/li>\n\t\t\t\t<li><strong>Nous acceptons la participation des personnes ayant subi une op\u00e9ration des cataractes<\/strong><\/li>\n\t\t\t\t<li><strong>Ne pas \u00eatre atteint de trouble important de l\u2019audition<\/strong> (surdit\u00e9)<\/li>\n\t\t\t\t<li><strong>Ne pas \u00eatre atteint de maladies neurologiques ou psychiatriques pass\u00e9es ou pr\u00e9sentes<\/strong> (schizophr\u00e9nie, \u00e9pilepsie, AVC, etc.)<\/li>\n\t\t\t\t<li><strong>Ne pas \u00eatre atteint de trouble de la motricit\u00e9<\/strong> (Maladie de Parkinson, dyspraxie, trouble de l\u2019activit\u00e9 oculomotrice, etc.)<\/li>\n\t\t\t\t<li><strong>Ne pas prendre de traitement m\u00e9dicamenteux susceptibles d\u2019entrainer des troubles de la vigilance <\/strong>(Anti-d\u00e9presseurs, m\u00e9dicaments avec lesquels il est d\u00e9conseill\u00e9 de conduire, etc.)<\/li>\n\t\t\t\t<\/ul><\/p>\n\t\t\t\t\n\t\t\t\t<p>Si vous correspondez aux crit\u00e8res et que cette \u00e9tude vous int\u00e9resse veuillez-vous inscrire sur le lien suivant :<br>\n\t\t\t\t<a href=\"https:\/\/evento.renater.fr\/survey\/reorganisation-des-f...-f5gjwf5a\">https:\/\/evento.renater.fr\/survey\/reorganisation-des-f&#8230;-f5gjwf5a<\/a><\/p>\n\n\t\t\t\t<p>Si aucun des cr\u00e9neaux ne vous convient ou pour plus de renseignements, veuillez nous contacter :<br>\n\t\t\t\t&#128073; <strong>Pauline Olivier<\/strong> \u2013 par mail : <a  class=\"surlignage_email\" href=\"mailto:pauline.olivier@univ-grenoble-alpes.fr\">&nbsp; pauline.olivier@univ-grenoble-alpes.fr &nbsp;<\/a> ou par t\u00e9l\u00e9phone : 07 81 86 51 48<\/p>\n\t\t\t\t\n\t\t\t\t<img decoding=\"async\" src=\"https:\/\/platipus.univ-grenoble-alpes.fr\/wp-content\/uploads\/2024\/09\/Logo-widget-CNRS.png\" alt=\"Logo CNRS\" width=\"100px\">\n\t\t\t\t<img decoding=\"async\" src=\"https:\/\/platipus.univ-grenoble-alpes.fr\/wp-content\/uploads\/2024\/08\/logo-lpnc.png\" alt=\"Logo LPNC\" width=\"125px\">\n\t\t\t<\/td>\n\t\t\t\n\t\t\t<\/tr><\/table>\n\t\t<\/div>\n\t\t<\/details>\n\t\t\n\t\t\n\t\t\n\t\t<!-- Etude 2024051 -->\n\t\t<details>\n\t\t\t<summary>\n\t\t\t\t{JeParticipe} <strong>Etude sur le ressenti \u00e0 l&rsquo;\u00e9gard des insectes et autres b\u00e9b\u00eates<\/strong>\n\t\t\t\t<font>[Publi\u00e9e le 19 juin 2025 ; Modifi\u00e9e le 03 septembre 2025]<\/font>\n\t\t\t<\/summary>\n\t\t\t<div>\n\t\t\t\t<table class=\"platipus\"><tr>\n\t\t\t\t<td class=\"annonces_volontaires\">\n\t\t\t\t<figure><a href=\"https:\/\/platipus.univ-grenoble-alpes.fr\/wp-content\/uploads\/2025\/06\/MESSAGE_appel-volontaire_V3_MSH.pdf\" ><img decoding=\"async\" src=\"https:\/\/platipus.univ-grenoble-alpes.fr\/wp-content\/uploads\/2023\/11\/prospectus.png\" width=\"150px\" alt=\"icone flyer\"><figcaption><center>T\u00e9l\u00e9charger le flyer<\/center><\/figcaption><\/a><\/figure>\n\t\t\t\t<\/td>\n\t\t\t\t<td class=\"platipus2\">\n\t\t\t\t\t<p><big><big><strong><font style=\"color:#ED7D31\">V<\/font><font style=\"color:#F4B083\">O<\/font><font style=\"color:#BF8F00\">L<\/font><font style=\"color:#ED7D31\">O<\/font><font style=\"color:#C00000\">N<\/font><font style=\"color:#FFC000\">T<\/font><font style=\"color:#BF8F00\">A<\/font><font style=\"color:#F4B083\">I<\/font><font style=\"color:#833C0B\">R<\/font><font style=\"color:#ED7D31\">E<\/font> pour un <font style=\"color:#70AD47\">Q<\/font><font style=\"color:#385623\">U<\/font><font style=\"color:#538135\">E<\/font><font style=\"color:#A8D08D\">S<\/font><font style=\"color:#00B050\">T<\/font><font style=\"color:#92D050\">I<\/font><font style=\"color:#538135\">O<\/font><font style=\"color:#A8D08D\">N<\/font><font style=\"color:#70AD47\">N<\/font><font style=\"color:#538135\">A<\/font><font style=\"color:#00B050\">I<\/font><font style=\"color:#70AD47\">R<\/font><font style=\"color:#A8D08D\">E<\/font> ?<\/strong><\/big><\/big><\/p>\n\t\t\t\t\t<p><big><strong>Vos ressentis \u00e0 l\u2019\u00e9gard des INSECTES et autres BEBETES nous int\u00e9ressent !<\/strong><\/big><\/p>\n\n\t\t\t\t\t<p><strong>Envie d\u2019aider un peu la recherche en <font style=\"color:#4472C4\">PSYCHOLOGIE<\/font> depuis votre <font style=\"color:#FFC000\">ORDINATEUR<\/font> et le confort de votre canap\u00e9 ? Compl\u00e9tez ce questionnaire d\u2019environ <font style=\"color:#70AD47\">45 MINUTES<\/font> pour nous aider \u00e0 mieux comprendre vos <font style=\"color:#7030A0\">EMOTIONS<\/font> et vos <font style=\"color:#C00000\">CONNAISSANCES<\/font> sur les <font style=\"color:#00B050\">INSECTES<\/font> et les autres animaux.<\/strong><\/p>\n\t\t\t\t\t\n\t\t\t\t\t<p><strong><font style=\"color:#ED7D31\">Pour qui ?<\/font><\/strong> Cette recherche est men\u00e9e par le <strong>Laboratoire de Psychologie et Neurocognition <\/strong>(LPNC), une unit\u00e9 de recherche du CNRS et de l\u2019Universit\u00e9 Grenoble-Alpes (UGA)<\/p>\n\t\t\t\t\t\n\t\t\t\t\t<p><strong><font style=\"color:#70AD47\">Quand ?<\/font><\/strong> D\u00e8s que vous disposez d\u2019environ <strong>45 min de <u>tranquillit\u00e9<\/u><\/strong><\/p>\n\t\t\t\t\t\n\t\t\t\t\t<p><strong><font style=\"color:#F4B083\">Comment ?<\/font><\/strong> Depuis un <strong>ordinateur<\/strong> en utilisant un navigateur internet <strong>Google Chrome<\/strong> ou <strong>Edge<\/strong> (les tablettes, t\u00e9l\u00e9phones portables et les autres navigateurs sont d\u00e9conseill\u00e9s car peu ou pas compatibles avec le format du questionnaire).<strong> Et en cliquant sur le lien correspondant \u00e0 votre tranche d\u2019\u00e2ge fourni ci-dessous<\/strong><\/p>\n\t\t\t\t\t\n\t\t\t\t\t<p><strong><font style=\"color:#92D050\">Pourquoi faire ?<\/font><\/strong> Mieux comprendre nos attitudes et notre perception du monde vivant en regard du changement climatique et de la transition \u00e9cologique<\/p>\n\t\t\t\t\t\n\t\t\t\t\t<p><strong><font style=\"color:#C00000\">Crit\u00e8res pour participer :<\/font><\/strong>  \u00catre \u00e2g\u00e9(e) d\u2019au moins 18 ans, langue maternelle et nationalit\u00e9 fran\u00e7aise <\/p>\n\t\t\t\t\t\n\t\t\t\t\t<p style=\"background-color:#DEEBF7\">&#128073; <strong><font style=\"color:#002060\">POUR PARTICIPER<\/font><\/strong>, rendez-vous sur la page web du laboratoire LPNC :<br>\n\t\t\t\t\t<a href=\"https:\/\/lpnc.univ-grenoble-alpes.fr\/fr\/actualites\/enquete-en-ligne-tentez-gagner-40-eu-en-repondant-questionnaire\">https:\/\/lpnc.univ-grenoble-alpes.fr\/fr\/actualites\/enquete-en-ligne-tentez-gagner-40-eu-en-repondant-questionnaire<\/a><\/p>\n\t\t\t\t\t\n\n\t\t\t\t\t<p>&#128073; <strong>Pour plus d\u2019informations ou en cas de probl\u00e8me technique, contact : <\/strong><font style=\"background-color:#FFC83D\">&nbsp; <a href=\"mailto:entomots@gmail.com\">entomots@gmail.com<\/a> &nbsp;<\/font><\/p>\n\t\t\t\t\t\n\t\t\t\t\t<p>Lorsque vous allez cliquer sur le lien pour acc\u00e9der au questionnaire, cette fen\u00eatre va appara\u00eetre. Cliquez simplement sur Ok pour continuer vers l\u2019enqu\u00eate.<\/p>\n\t\t\t\t\t<img decoding=\"async\" src=\"https:\/\/platipus.univ-grenoble-alpes.fr\/wp-content\/uploads\/2025\/06\/capture-2025062.jpg\" width=\"300px\">\n\t\t\t\t\t\n\t\t\t\t\t<p><strong>Dates :<\/strong> du 28 F\u00e9vrier au 10 juillet 2025 <font style=\"background-color:#FFC83D\">[\u00e9tude prolong\u00e9e jusqu&rsquo;au 30 novembre 2025 !]<\/font><br>\n\t\t\t\t\t<strong>Lieu :<\/strong> en ligne, depuis un <strong><u>ordinateur<\/u><\/strong> avec un navigateur Chrome, Edge ou Safari,<br>\n\t\t\t\t\tDans un endroit calme et sans distractions<br>\n\t\t\t\t\t<strong>Dur\u00e9e :<\/strong> 45 minutes maximum<br>\n\t\t\t\t\t<strong>Responsable de l\u2019\u00e9tude : <\/strong>Yentl GAUTIER<br>\n\t\t\t\t\t<strong>Responsable du projet : <\/strong>Aur\u00e9lie CAMPAGNE<br>\n\t\t\t\t\t<strong>Contact : <\/strong> <a  class=\"surlignage_email\"  href=\"mailto:entomots@gmail.com\">&nbsp; entomots@gmail.com &nbsp;<\/a> <\/p>\n\n\t\t\t\t\t\n\t\t\t\t\t<img decoding=\"async\" src=\"https:\/\/platipus.univ-grenoble-alpes.fr\/wp-content\/uploads\/2024\/09\/Logo-widget-CNRS.png\" alt=\"Logo CNRS\" width=\"100px\">\n\t\t\t\t\t<img decoding=\"async\" src=\"https:\/\/platipus.univ-grenoble-alpes.fr\/wp-content\/uploads\/2024\/09\/Logo-widget-UGA.png\" alt=\"Logo UGA\" width=\"100px\">\n\t\t\t\t\t<img decoding=\"async\" src=\"https:\/\/platipus.univ-grenoble-alpes.fr\/wp-content\/uploads\/2024\/08\/logo-lpnc.png\" alt=\"Logo LPNC\" width=\"100px\">\n\t\n\t\t\t\t\t\n\t\t\t\t<\/td>\n\t\t\t\t\n\t\t\t\t<\/tr><\/table>\n\t\t\t<\/div>\n\t\t<\/details>\n\n\n\t\t<!-- Etude 2024075 -->\n\t\t<details>\n\t\t<summary>\n\t\t\t{JeParticipe} <strong>Etude r\u00e9mun\u00e9r\u00e9e sur le r\u00f4le des \u00e9motions dans l\u2019apprentissage<\/strong>\n\t\t\t<font>[Publi\u00e9e le 02 septembre 2025]<\/font>\n\t\t<\/summary>\n\t\t<div>\n\t\t\t<table class=\"platipus\"><tr>\n\t\t\t<td class=\"annonces_volontaires\">\n\t\t\t<figure><a href=\"https:\/\/platipus.univ-grenoble-alpes.fr\/wp-content\/uploads\/2025\/09\/Affiche-etude-2-2024075-.pdf\" ><img decoding=\"async\" src=\"https:\/\/platipus.univ-grenoble-alpes.fr\/wp-content\/uploads\/2023\/11\/prospectus.png\" width=\"150px\" alt=\"icone flyer\"><figcaption><center>T\u00e9l\u00e9charger le flyer<\/center><\/figcaption><\/a><\/figure>\n\t\t\t<\/td>\n\t\t\t<td class=\"platipus2\">\n\t\t\t\t<p class=\"titre_annonce\">Etude r\u00e9mun\u00e9r\u00e9e sur le r\u00f4le des \u00e9motions dans l\u2019apprentissage<\/p>\n\t\t\t\t<p>Bonjour !  <\/p>\n\t\t\t\t<p>Nous sommes \u00e0 la recherche de participants pour l\u2019\u00e9tude r\u00e9mun\u00e9r\u00e9e que nous menons sur le r\u00f4le des \u00e9motions dans l\u2019apprentissage. Nous nous int\u00e9ressons \u00e0 l\u2019impact des \u00e9motions sur la facilit\u00e9 de l\u2019apprentissage d\u2019association d\u2019\u00e9l\u00e9ment visuel (images) et auditif (parole). Cela nous permettra de mieux comprendre les facteurs impliqu\u00e9s dans la perception. <\/p>\n\t\t\t\t<p>Si vous \u00eates int\u00e9ress\u00e9.es, vous devrez venir dans notre laboratoire, le Laboratoire Inter-Universitaire : Personnalit\u00e9, Cognition et Changement Social (LIP\/PC2S), pour r\u00e9aliser une t\u00e2che d\u2019apprentissage sur ordinateur et avoir pr\u00e9alablement r\u00e9pondu \u00e0 un questionnaire en ligne.  <\/p>\n\t\t\t\t<p>Votre t\u00e2che : regarder des images et \u00e9couter des sons et dire si vous avez per\u00e7u de la parole dans du bruit blanc.  <\/p>\n\t\t\t\t<p><strong>Dur\u00e9e :<\/strong> 1h \u00e0 1h15  <\/p>\n\t\t\t\t<p><strong>Lieu : <\/strong>Campus Universitaire de Grenoble <\/p>\n\t\t\t\t<p><strong>Quand :<\/strong> de Septembre 2025 \u00e0 D\u00e9cembre 2025 <\/p>\n\t\t\t\t<p><strong>Paiement :<\/strong> 10 euros<\/p>\n\t\t\t\t<p><strong>Crit\u00e8res d\u2019inclusion : <\/strong>\n\t\t\t\t<ul>\n\t\t\t\t<li>Avoir entre 18 et 50 ans <\/li>\n\t\t\t\t<li>Pouvoir comprendre et lire le fran\u00e7ais<\/li>\n\t\t\t\t<\/ul><\/p>\n\t\t\t\t<p>Attention vous ne devez pas avoir d\u2019ant\u00e9c\u00e9dent (ou actuellement) des pathologies neurologiques ou auditives. De plus, vous ne devez pas avoir d\u00e9j\u00e0 particip\u00e9 \u00e0 l\u2019\u00e9tude en d\u00e9but d\u2019ann\u00e9e (f\u00e9vrier \u00e0 avril 2025) !<\/p>\n\t\t\t\t<p>&#128073; Si vous \u00eates int\u00e9ress\u00e9s pour participer \u00e0 cette \u00e9tude, cliquez sur le lien suivant : <a href=\"https:\/\/enquetes-screen.msh-alpes.fr\/index.php\/282661?lang=fr\"  target=\"_blank\">https:\/\/enquetes-screen.msh-alpes.fr\/index.php\/282661?lang=fr<\/a> pour consentir \u00e0 participer, r\u00e9pondre \u00e0 notre questionnaire en ligne et prendre rendez-vous pour venir r\u00e9aliser la t\u00e2che. A la fin de votre participation, vous recevrez 10 euros ! <\/p>\n\t\t\t\t<p>&#128073; Pour toute demande vous pouvez nous contacter par mail \u00e0 l\u2019adresse :<br> <a class=\"surlignage_email\" href=\"mailto:emotions.apprentissage@gmail.com\">&nbsp; emotions.apprentissage@gmail.com &nbsp;<\/a><\/p>\n\t\t\t\t<p>La personne responsable du traitement est Emmanuel Barbier directeur du Grenoble Institut de Neurosciences (GIN). <\/p>\n\t\t\t\t<p>Merci pour votre aide ! <\/p>\n\t\t\t\t\n\t\t\t\t<img decoding=\"async\" src=\"https:\/\/platipus.univ-grenoble-alpes.fr\/wp-content\/uploads\/2024\/09\/Logo-widget-UGA.png\" alt=\"Logo UGA\" width=\"100px\">\n\t\t\t\t<img decoding=\"async\" src=\"https:\/\/platipus.univ-grenoble-alpes.fr\/wp-content\/uploads\/2022\/09\/logo-LIP-PC2S-1.png\" alt=\"Logo LIP\/PC2S\" width=\"100px\">\n\t\t\t\t<img decoding=\"async\" src=\"https:\/\/platipus.univ-grenoble-alpes.fr\/wp-content\/uploads\/2024\/11\/logo_gin.png\" alt=\"Logo GIN\" width=\"100px\">\n\t\t\t\t\n\t\t\t\t\n\t\t\t<\/td>\n\t\t\t\n\t\t\t<\/tr><\/table>\n\t\t<\/div>\n\t\t<\/details>\n\t\t\n\n\t\t<!-- Etude 2025086 -->\n\t\t<details>\n\t\t<summary>\n\t\t\t{JeParticipe} <strong>Etude sur la supervision de syst\u00e8me automatis\u00e9<\/strong>\n\t\t\t<font>[Publi\u00e9e le 15 juillet 2025]<\/font>\n\t\t<\/summary>\n\t\t<div>\n\t\t\t<table class=\"platipus\"><tr>\n\t\t\t<td class=\"annonces_volontaires\">\n\t\t\t<figure><a href=\"https:\/\/platipus.univ-grenoble-alpes.fr\/wp-content\/uploads\/2025\/07\/Flyer-2025086.jpg\" ><img decoding=\"async\" src=\"https:\/\/platipus.univ-grenoble-alpes.fr\/wp-content\/uploads\/2023\/11\/prospectus.png\" width=\"150px\" alt=\"icone flyer\"><figcaption><center>T\u00e9l\u00e9charger le flyer<\/center><\/figcaption><\/a><\/figure>\n\t\t\t<\/td>\n\t\t\t<td class=\"platipus2\">\n\t\t\t\t<p class=\"titre_annonce\">Etude r\u00e9mun\u00e9r\u00e9e sur la supervision de syst\u00e8me automatis\u00e9<\/p>\n\t\t\t\t<p>Bonjour, <\/p>\n\t\t\t\t<p>Nous recrutons des participants pour une \u00e9tude portant sur la supervision de syst\u00e8me automatis\u00e9. <\/p>\n\t\t\t\t<p>L\u2019\u00e9tude consiste \u00e0 superviser un drone \u00e9vitant des obstacles de mani\u00e8re autonome et d\u2019\u00e9valuer dans quelle mesure le contexte \u00e9motionnel influence le traitement de l\u2019information dans ce cadre.<\/p>\n\t\t\t\t<p>Elle est compos\u00e9e de deux sessions exp\u00e9rimentales d\u2019une dur\u00e9e chacune d\u2019environ 2h30 et r\u00e9alis\u00e9es sur 2 journ\u00e9es diff\u00e9rentes. Au cours de chaque session, les activit\u00e9s oculaire, c\u00e9r\u00e9brale, cardiaque et \u00e9lectrodermale seront enregistr\u00e9es.<\/p>\n\t\t\t\t<p>Les sessions ne pourront pas \u00eatre r\u00e9alis\u00e9e la m\u00eame journ\u00e9e. Les personnes ayant d\u00e9j\u00e0 r\u00e9alis\u00e9e une exp\u00e9rience portant sur la supervision d\u2019un syst\u00e8me automatis\u00e9 ne pourront pas participer.<br><strong>L\u2019\u00e9tude est r\u00e9mun\u00e9r\u00e9e 60\u20ac.<\/strong><\/p>\n\t\t\t\t<p><strong>Crit\u00e8res de participation :<\/strong>\n\t\t\t\t<ul>\n\t\t\t\t<li>Avoir entre 18 et 40 ans<\/li>\n\t\t\t\t<li>\u00catre droitier(e)<\/li>\n\t\t\t\t<li>Avoir une vision normale ou corrig\u00e9e et une perception normale des couleurs<\/li>\n\t\t\t\t<li>Aucun trouble de sant\u00e9 (neurologique, psychiatrique, moteur)<\/li>\n\t\t\t\t<li>Aucune prise de m\u00e9dicaments susceptibles de modifier l\u2019\u00e9tat d\u2019humeur et les fonctions cognitives<\/li>\n\t\t\t\t<\/ul>\n\n\t\t\t\t<p><strong>Dur\u00e9e de l\u2019\u00e9tude :<\/strong><\/p>\n\t\t\t\t<p>Du 15\/07\/2025 au 31\/12\/2025<\/p>\n\t\t\t\t<p><strong>Lieu :<\/strong><\/p>\n\t\t\t\t<p>Plateforme IRMaGe &#8211; Pavillon Dominique Villars, Boulevard de la Chantourne 38700 La Tronche<\/p>\n\t\t\t\t<p><strong>Pour participer ou pour plus d\u2019informations :<\/strong><\/p>\n\t\t\t\t<p>&#128073; Merci de nous contacter et nous transmettre vos coordonn\u00e9es \u00e0 l\u2019adresse suivante : <br><a class=\"surlignage_email\" href=\"mailto:ExperienceEMOOL@gmail.com\">&nbsp; ExperienceEMOOL@gmail.com &nbsp;<\/a><\/p>\n\t\t\t\t<p>Nous vous contacterons afin de vous informer du protocole de l\u2019\u00e9tude et r\u00e9pondre \u00e0 vos questions avant une prise de rendez-vous.<\/p>\n\t\t\t\t<p>Responsable de l\u2019\u00e9tude : Mike Salomone (LPNC)<\/p>\n\t\t\t\t\n\t\t\t\t<img decoding=\"async\" src=\"https:\/\/platipus.univ-grenoble-alpes.fr\/wp-content\/uploads\/2024\/09\/Logo-widget-UGA.png\" alt=\"Logo UGA\" width=\"100px\">\n\t\t\t\t<img decoding=\"async\" src=\"https:\/\/platipus.univ-grenoble-alpes.fr\/wp-content\/uploads\/2024\/08\/logo-lpnc.png\" alt=\"Logo LPNC\" width=\"100px\">\n\t\t\t\t<img decoding=\"async\" src=\"https:\/\/platipus.univ-grenoble-alpes.fr\/wp-content\/uploads\/2023\/12\/logo-gipsa.gif\" alt=\"Logo GIPSA-lab\" width=\"100px\">\n\t\t\t\t<img decoding=\"async\" src=\"https:\/\/platipus.univ-grenoble-alpes.fr\/wp-content\/uploads\/2025\/07\/Logo-Onera.jpg\" alt=\"Logo ONERA\" width=\"100px\">\n\t\t\t<\/td>\n\t\t\t\n\t\t\t<\/tr><\/table>\n\t\t<\/div>\n\t\t<\/details>\n\t\t\t\t\n\t\t<!-- Etude 2025079 -->\n\t\t<details>\n\t\t<summary>\n\t\t\t{JeParticipe} <strong>Etude sur les communaut\u00e9s de pratique en ligne<\/strong>\n\t\t\t<font>[Publi\u00e9e le 02 juillet 2025]<\/font>\n\t\t<\/summary>\n\t\t<div>\n\t\t\t<table class=\"platipus\"><tr>\n\t\t\t<td class=\"platipus2\">\n\t\t\t\t<p class=\"titre_annonce\">Appel \u00e0 participation &#8211; Enqu\u00eate sur les communaut\u00e9s de pratique en ligne. R\u00e9mun\u00e9ration de 7 \u20ac<\/p>\n\t\t\t\t<p><strong>Contribuez \u00e0 la recherche sur la confiance et l&rsquo;appartenance dans les communaut\u00e9s en ligne (en fran\u00e7ais ou en anglais)<\/strong><\/p>\n\t\t\t\n\t\t\t<p>Vous travaillez actuellement en entreprise et participez activement \u00e0 une communaut\u00e9 de pratique en ligne (CPO) ? Nous vous invitons \u00e0 participer \u00e0 une \u00e9tude explorant l&rsquo;impact de l&rsquo;identit\u00e9 partag\u00e9e et du leadership sur la s\u00e9curit\u00e9 psychologique au sein des communaut\u00e9s professionnelles virtuelles.\n\t\t\tNotre \u00e9tude vise \u00e0 mieux comprendre comment les individus collaborent, apprennent et se sentent en s\u00e9curit\u00e9 au sein de ces communaut\u00e9s. Vos contributions nous aideront \u00e0 identifier les facteurs qui renforcent la confiance, la collaboration et le sentiment d&rsquo;appartenance au sein de ces r\u00e9seaux professionnels.\n\t\t\t<\/p>\n\t\t\t\n\t\t\t<p><strong>Crit\u00e8res de participation :<\/strong>\n\t\t\t<ul>\n\t\t\t<li>\u00catre actuellement en poste dans une entreprise (tous secteurs d&rsquo;activit\u00e9)<\/li>\n\t\t\t<li>\u00catre activement impliqu\u00e9 dans au moins une communaut\u00e9 de pratique en ligne (plateforme ou forum interne de partage de connaissances)<\/li>\n\t\t\t<\/ul>\n\t\t\t<\/p>\n\n\t\t\t<p><strong>D\u00e9tails de l&rsquo;\u00e9tude :<\/strong>\n\t\t\t<ul>\n\t\t\t<li>Dur\u00e9e : environ 20 minutes<\/li>\n\t\t\t<li>Format : Enqu\u00eate en ligne<\/li>\n\t\t\t<li>R\u00e9mun\u00e9ration : 7 \u20ac<\/li>\n\t\t\t<li>P\u00e9riode d&rsquo;\u00e9tude : juillet-mi-ao\u00fbt 2025<\/li>\n\t\t\t<\/ul>\n\t\t\t<\/p>\n\n\t\t\t<p>Pour participer, veuillez me contacter directement \u00e0 : <a  class=\"surlignage_email\"  href=\"mailto:ribhu.misra@univ-grenoble-alpes.fr\">&nbsp; ribhu.misra@univ-grenoble-alpes.fr &nbsp;<\/a><\/p>\n\t\t\t\n\t\t\t<hr> \n\n\t\t\t<p>[Version anglaise]<\/p>\n\n\t\t\t<big><p><strong>Call for Participants &#8211; Survey on Online Communities of Practice. 7 \u20ac Compensation<\/strong><\/p><\/big>\n\t\t\t\n\t\t\t<p><strong>Contribute to Research on Trust and Belonging in Online Communities (In French or English)<\/strong><\/p>\n\t\t\t\n\t\t\t<p>Are you currently working in a company and an active participant in an online community of practice (OCoP)? We invite you to participate in a research study exploring how shared identity and leadership affect psychological safety in virtual professional communities.\n\t\t\tOur study aims to better understand how people collaborate, learn, and feel safe to share in such communities. Your insights will help us uncover what strengthens trust, collaboration, and a sense of belonging in these professional networks.\n\t\t\t<\/p>\n\n\t\t\t<p><strong>Participant Criteria:<\/strong>\n\t\t\t<ul>\n\t\t\t<li>Currently employed in a company (any industry)<\/li>\n\t\t\t<li>Actively involved in at least one online community of practice (internal knowledge-sharing platform or forum)<\/li>\n\t\t\t<\/ul>\n\t\t\t<\/p>\n\n\t\t\t<p><strong>Study Details:<\/strong>\n\t\t\t<ul>\n\t\t\t<li>Duration: about 20 minutes<\/li>\n\t\t\t<li>Format: Online survey<\/li>\n\t\t\t<li>Compensation: 7 \u20ac<\/li>\n\t\t\t<li>Study open: July-Mid August 2025<\/li>\n\t\t\t<\/ul>\n\t\t\t<\/p>\n\n\t\t\t<p>To participate, please contact me directly at: <a class=\"surlignage_email\"  href=\"mailto:ribhu.misra@univ-grenoble-alpes.fr\">&nbsp; ribhu.misra@univ-grenoble-alpes.fr &nbsp;<\/a><\/p>\n\t\t\t\n\t\t\t<hr>\n\n\t\t\t<p><strong>Ribhu MISRA<br>\n\t\t\tDoctoral student &#8211; Management Sciences (EDSG, CERAG)<br>\n\t\t\tInnovation and Organizational Complexity<\/strong><br>\n\t\t\tLaboratoire CERAG<br>\n\t\t\tUniversit\u00e9 Grenoble Alpes \/ INP150 Rue de la Chimie, 38058 Grenoble cedex 9<\/p>\n\t\t\t\t\t\t\n\t\t\t<img decoding=\"async\" src=\"https:\/\/platipus.univ-grenoble-alpes.fr\/wp-content\/uploads\/2024\/09\/Logo-widget-UGA.png\" alt=\"Logo UGA\" width=\"100px\">\n\t\t\t<img decoding=\"async\" src=\"https:\/\/platipus.univ-grenoble-alpes.fr\/wp-content\/uploads\/2024\/11\/Logo_CERAG.png\" alt=\"Logo CERAG\" width=\"125px\">\t\n\t\t\t\n\t\t<\/td>\n\t\t\t\n\t\t\t<\/tr><\/table>\n\t\t<\/div>\n\t\t<\/details>\n\t\t\t\t\t\n\t\t<!-- Etude 2025068 -->\n\t\t<details>\n\t\t<summary>\n\t\t\t{JeParticipe} <strong>Etude sur la perception animale<\/strong>\n\t\t\t<font>[Publi\u00e9e le 20 juin 2025]<\/font>\n\t\t<\/summary>\n\t\t<div>\n\t\t\t<table class=\"platipus\"><tr>\n\t\t\t<!--<td class=\"annonces_volontaires\">\n\t\t\t<figure><a href=\"***\" ><img decoding=\"async\" src=\"https:\/\/platipus.univ-grenoble-alpes.fr\/wp-content\/uploads\/2023\/11\/prospectus.png\" width=\"150px\" alt=\"icone flyer\"><figcaption><center>T\u00e9l\u00e9charger le flyer<\/center><\/figcaption><\/a><\/figure>\n\t\t\t<\/td>-->\n\t\t\t<td class=\"platipus2\">\n\t\t\t\t<p class=\"titre_annonce\">Etude sur la perception animale<\/p>\n\t\t\t\t<p>Bonjour \u00e0 toutes et \u00e0 tous,<\/p>\n\n\t\t\t\t<p>Dans le cadre d&rsquo;une recherche universitaire, nous vous proposons de r\u00e9pondre \u00e0 un court questionnaire d&rsquo;une dur\u00e9e d&rsquo;environ 5 minutes. Ce questionnaire vise \u00e0 recueillir vos avis et opinions sur un sujet bien particulier et votre participation nous sera d&rsquo;une grande aide ! Pour participer, il vous faudra avoir 18 ans ou plus. <\/p>\n\n\t\t\t\t<p>Les r\u00e9ponses \u00e0 ce questionnaire sont enti\u00e8rement anonymes et confidentielles et c\u2019est pourquoi nous vous demandons d\u2019y r\u00e9pondre le plus sinc\u00e8rement et honn\u00eatement possible. Les questions et le th\u00e8me de ce questionnaire peuvent vous surprendre, mais nous vous demandons d\u2019y r\u00e9pondre avec la plus grande attention et de pr\u00e9cieuses informations seront pr\u00e9sent\u00e9es \u00e0 la fin du questionnaire qui r\u00e9pondront \u00e0 vos interrogations.<\/p>\n\n\t\t\t\t<p>Une fois l\u2019\u00e9tude r\u00e9alis\u00e9e, vous pouvez bien \u00e9videmment partager \u00e0 votre tour l\u2019\u00e9tude en faisant bien attention aux instructions pr\u00e9sentes \u00e0 la fin du questionnaire. Nous vous en saurons d\u2019autant plus reconnaissants si vous le faites. Vos r\u00e9ponses nous sont tr\u00e8s pr\u00e9cieuses et nous sommes extr\u00eamement reconnaissants de votre participation.<\/p>\n\t\t\t\t\n\t\t\t\t<p>&#128073; Nous vous remercions par avance du temps accord\u00e9 \u00e0 notre \u00e9tude : <br>\n\t\t\t\t<a href=\"https:\/\/enquetes-screen.msh-alpes.fr\/index.php\/595589?lang=fr\"  target=\"_blank\">https:\/\/enquetes-screen.msh-alpes.fr\/index.php\/595589?lang=fr<\/a> <\/p>\n\n\t\t\t\t<p>&#128073;  Si vous rencontrez un probl\u00e8me ou que vous avez des questions, nous sommes \u00e0 votre disposition et vous pouvez nous contacter via cette adresse mail : <br>\n\t\t\t\t\t<a class=\"surlignage_email\" href=\"mailto:anthony.durand@univ-grenoble-alpes.fr\">&nbsp; anthony.durand@univ-grenoble-alpes.fr &nbsp;<\/a><\/p>\n\t\t\t\t\n\t\t\t\t<p>Encore une fois merci pour votre pr\u00e9cieuse participation.<\/p>\n\n\t\t\t\t<img decoding=\"async\" src=\"https:\/\/platipus.univ-grenoble-alpes.fr\/wp-content\/uploads\/2024\/09\/Logo-widget-CNRS.png\" alt=\"Logo CNRS\" width=\"100px\">\n\t\t\t\t<img decoding=\"async\" src=\"https:\/\/platipus.univ-grenoble-alpes.fr\/wp-content\/uploads\/2024\/09\/Logo-widget-UGA.png\" alt=\"Logo UGA\" width=\"100px\">\n\n\t\t\t\t\n\t\t\t<\/td>\n\t\t\t\n\t\t\t<\/tr><\/table>\n\t\t<\/div>\n\t\t<\/details>\n\n\n\t\t\t\n\t\t<!-- Etude 2024016 -->\n\t\t<details>\n\t\t<summary>\n\t\t\t{JeParticipe} <strong>Etude sur l\u2019apprentissage et la m\u00e9moire en contexte num\u00e9rique<\/strong>\n\t\t\t<font>[Publi\u00e9e le 10 mars 2025]<\/font>\n\t\t<\/summary>\n\t\t<div>\n\t\t\t<table class=\"platipus\"><tr>\n\t\t\t<td class=\"annonces_volontaires\">\n\t\t\t<!--<figure><a href=\"***\" ><img decoding=\"async\" src=\"https:\/\/platipus.univ-grenoble-alpes.fr\/wp-content\/uploads\/2023\/11\/prospectus.png\" width=\"150px\" alt=\"icone flyer\"><figcaption><center>T\u00e9l\u00e9charger le flyer<\/center><\/figcaption><\/a><\/figure>-->\n\t\t\t<\/td>\n\t\t\t<td class=\"platipus2\">\n\t\t\t\t<p class=\"titre_annonce\">Etude sur l\u2019apprentissage et la m\u00e9moire en contexte num\u00e9rique<\/p>\n\t\t\t\t<p>Nous sommes \u00e0 la recherche de participants afin de mieux comprendre le lien entre l\u2019apprentissage et la m\u00e9moire en contexte num\u00e9rique. L\u2019exp\u00e9rience dure environ 1 heure.<\/p>\n\t\t\t\t<p>L\u2019objectif est d\u2019\u00e9valuer la fa\u00e7on dont une vid\u00e9o p\u00e9dagogique est per\u00e7ue ainsi que les apprentissages associ\u00e9s en lien avec la m\u00e9moire. Cette recherche vise \u00e9galement \u00e0 am\u00e9liorer les contenus p\u00e9dagogiques destin\u00e9s aux apprenants sur internet. <\/p>\n\t\t\t\t\n\t\t\t\t<p><strong>Qui peut participer ?<\/strong><\/p>\n\t\t\t\t\n\t\t\t\t<ul>\n\t\t\t\t<li>Langue maternelle fran\u00e7aise<\/Li>\n\t\t\t\t<li>Sans trouble de la lecture<\/li>\n\t\t\t\t<\/ul>\n\t\t\t\t\n\t\t\t\t<p>&#128073; Si vous remplissez l\u2019ensemble des crit\u00e8res ci-dessus, inscrivez-vous \u00e0 l\u2019un des cr\u00e9neaux sur ce lien :<br>\n\t\t\t\t<a href=\"https:\/\/evento.renater.fr\/survey\/video-pedagogique-et-memoire-01u47y81\"  target=\"_blank\">https:\/\/evento.renater.fr\/survey\/video-pedagogique-et-memoire-01u47y81<\/a><\/p>\n\t\t\t\t\n\t\t\t\t<p>Si vous rencontrez des difficult\u00e9s avec le lien, vous pouvez contacter l\u2019exp\u00e9rimentateur via l\u2019adresse email pr\u00e9sente ci-dessous.<\/p>\n\t\t\t\t\n\t\t\t\t<p><strong>R\u00e9mun\u00e9ration : <\/strong>Goodies UGA (mugs, bouteilles, tote bags)<\/p>\n\t\t\t\t<p><strong>Lieu de l\u2019\u00e9tude : <\/strong>MaCI (Maison de la Cr\u00e9ation et de l&rsquo;Innovation) <br>\n\t\t\t\tSalle 338 (3e \u00e9tage du b\u00e2timent)<br>\n\t\t\t\tUniversit\u00e9 Grenoble Alpes \u2013 campus universitaire<br>\n\t\t\t\t339 avenue Centrale <br>\n\t\t\t\t38400 Saint-Martin-d\u2019H\u00e8res<\/p>\n\n\t\t\t\t<p>&#128073; <strong>Des questions ? <\/strong>veuillez contacter :<br>\n\t\t\t\tMathieu Pinelli<br>\n\t\t\t\tE-mail : <a class=\"surlignage_email\" href=\"mailto:mathieu.pinelli@univ-grenoble-alpes.fr\">&nbsp; mathieu.pinelli@univ-grenoble-alpes.fr &nbsp; <\/a>.<\/p>\n\t\t\t\t\n\t\t\t\t<p><strong>Responsable de l\u2019\u00e9tude :<\/strong> Salom\u00e9 Cojean.<\/p>\n\t\t\t\t<p><img decoding=\"async\" src=\"https:\/\/platipus.univ-grenoble-alpes.fr\/wp-content\/uploads\/2024\/09\/Logo-widget-UGA.png\" alt=\"Logo UGA\" width=\"100px\"> &nbsp;&nbsp;\n\t\t\t\t<img decoding=\"async\" src=\"https:\/\/platipus.univ-grenoble-alpes.fr\/wp-content\/uploads\/2024\/03\/logo-Larac.jpg\" alt=\"Logo LaRAC\" width=\"100px\"><\/p>\n\t\t\t\t\n\t\t\t<\/td>\n\t\t\t\n\t\t\t<\/tr><\/table>\n\t\t<\/div>\n\t\t<\/details>\n\t\t\n\t\t\n\t\t\t\n\t\t\t\n\t\n\n\t\t<table class=\"platipus\"><tr><td style=\"text-align:center\">\n\t\t<p style=\"font-style:italic\"><i>Et pour vous inscrire sur nos listes de volontaires, il suffit de vous rendre sur la page d&rsquo;inscription \u00e0 <a href=\"https:\/\/platipus.univ-grenoble-alpes.fr\/scripts\/JPinscription.php\">JeParticipe<\/a> et\/ou \u00e0 <a href=\"https:\/\/seniorspourlascience.fr\/SPS\/seniorsScience.php\">S\u00e9niors pour la science<\/a> <\/i><\/p><\/td><\/tr><\/table>\n\n\n\n<p><\/p>\n","protected":false},"excerpt":{"rendered":"<p>PLATIPUS g\u00e8re 2 listes de volontaires qui sont JeParticipe et Seniors pour la Science. Retrouvez ici les annonces auxquelles vous pouvez peut-\u00eatre encore participer m\u00eame sans \u00eatre inscrit.e sur nos listes. Mis \u00e0 jour le 27\/04\/2026 {JeParticipe} Etude portant sur &hellip;<\/p>\n<p class=\"read-more\"> <a class=\"more-link\" href=\"https:\/\/platipus.univ-grenoble-alpes.fr\/?page_id=10\"> <span class=\"screen-reader-text\">Appels \u00e0 volontaires !<\/span> Read More &raquo;<\/a><\/p>\n","protected":false},"author":1,"featured_media":0,"parent":0,"menu_order":0,"comment_status":"closed","ping_status":"closed","template":"","meta":{"footnotes":""},"class_list":["post-10","page","type-page","status-publish","hentry"],"_links":{"self":[{"href":"https:\/\/platipus.univ-grenoble-alpes.fr\/index.php?rest_route=\/wp\/v2\/pages\/10","targetHints":{"allow":["GET"]}}],"collection":[{"href":"https:\/\/platipus.univ-grenoble-alpes.fr\/index.php?rest_route=\/wp\/v2\/pages"}],"about":[{"href":"https:\/\/platipus.univ-grenoble-alpes.fr\/index.php?rest_route=\/wp\/v2\/types\/page"}],"author":[{"embeddable":true,"href":"https:\/\/platipus.univ-grenoble-alpes.fr\/index.php?rest_route=\/wp\/v2\/users\/1"}],"replies":[{"embeddable":true,"href":"https:\/\/platipus.univ-grenoble-alpes.fr\/index.php?rest_route=%2Fwp%2Fv2%2Fcomments&post=10"}],"version-history":[{"count":322,"href":"https:\/\/platipus.univ-grenoble-alpes.fr\/index.php?rest_route=\/wp\/v2\/pages\/10\/revisions"}],"predecessor-version":[{"id":3858,"href":"https:\/\/platipus.univ-grenoble-alpes.fr\/index.php?rest_route=\/wp\/v2\/pages\/10\/revisions\/3858"}],"wp:attachment":[{"href":"https:\/\/platipus.univ-grenoble-alpes.fr\/index.php?rest_route=%2Fwp%2Fv2%2Fmedia&parent=10"}],"curies":[{"name":"wp","href":"https:\/\/api.w.org\/{rel}","templated":true}]}}