{"id":54,"date":"2024-07-15T12:04:48","date_gmt":"2024-07-15T10:04:48","guid":{"rendered":"https:\/\/platipus.msh-alpes.fr\/?page_id=54"},"modified":"2024-08-23T09:43:09","modified_gmt":"2024-08-23T07:43:09","slug":"screen-day-2023","status":"publish","type":"page","link":"https:\/\/platipus.univ-grenoble-alpes.fr\/?page_id=54","title":{"rendered":"SCREEN Day 2023"},"content":{"rendered":"\n<head>\n\n<!-- ANIMATION sur l'encart \"r\u00e9servation obligatoire\"-->\n<style type=\"text\/css\"> \n.polling_message {\n  color: white;\n  float: left;\n  margin-right: 2%;\n  width:100%;\n  margin:0 auto;\n  text-align:center;\n  background-color:#A2E04F;\n}\n\n.view_port {\n  background-color: #fcc002;\n  height: 50px;\n  width: 80%;\n  overflow: hidden;\n  margin-left: 0%;\n  margin:0 auto;\n  width:150px;\n }\n\n.cylon_eye {\n  background-color:#e6cfbb ;\n  background-image:linear-gradient(to right, #fcc002 15%, #E8A602 70%, #fcc002 15%);\n  color: white;\n  height: 100%;\n  width: 20%;\n  \n  -webkit-animation: 2s linear 0s infinite alternate move_eye;\n          animation: 2s linear 0s infinite alternate move_eye;\n}\n\n@-webkit-keyframes move_eye { from { margin-left:-20%; } to { margin-left:100%; }  }\n        @keyframes move_eye { from { margin-left:-20%; } to { margin-left:100%; }  }\n<\/style>\n\n<\/head>\n\n<!--Bouton d'acc\u00e8s au lien de r\u00e9servation weezevent-->\n\n<div>\n<!--<table width=\"100%\">\n<tr>\n\t<td  style=\"border-style:none;width:50%\" ><\/td>\n\t<td style=\"text-align:center;border-style:none\">\n\t\t<div class=\"view_port\">\n\t\t\t<div class=\"polling_message\">\n\t\t\t\t<a class=\"media\" href=\"https:\/\/my.weezevent.com\/screenday-2023\" target=\"_blank\" rel=\"noopener\"><p>R\u00e9servation obligatoire<\/p><\/a>\n\t\t\t<\/div>\n\t\t\t<div class=\"cylon_eye\"><\/div>\n\t\t<\/div>\n\t<\/td>\n<\/tr><\/table>-->\n\n\n<img decoding=\"async\" src=\"https:\/\/platipus.univ-grenoble-alpes.fr\/wp-content\/uploads\/2023\/04\/bandeau-1460X677-2.jpg\" alt=\"Banni\u00e8re de l'\u00e9v\u00e9nement\">\n\n<table>\n\n\t<!-- Bandeau d'acc\u00e8s \u00e0 la playlist Screenday-->\n\t<tr>\n\t   <td class=\"media2023\" colspan=\"3\"><p class=\"media\">Retrouvez les conf\u00e9rences de SCREEN Day 2023 en video sur <img decoding=\"async\" src=\"https:\/\/platipus.univ-grenoble-alpes.fr\/wp-content\/uploads\/2022\/09\/ima-graphiste-youtube-26441.jpg\" width=50px><\/p>\n\n\t\t\t\t<div class=\"view_port\" >\n\t\t\t\t\t<div class=\"polling_message\">\n\t\t\t\t\t\t<a class=\"media\" href=\"https:\/\/www.youtube.com\/playlist?list=PLeLYEJKffRavOQT6y_E8KGpNtlHbs4KU4\" target=\"_blank\" rel=\"noopener\"><p>Acc\u00e9dez aux videos<\/p><\/a>\n\t\t\t\t\t<\/div>\n\t\t\t\t\t<div class=\"cylon_eye\"><\/div>\n\t\t\t\t<\/div>\n\t   <\/td>\n\t<\/tr>\n\n\t<!-- Qu'est-ce que c'est ? -->\n\t<tr><td colspan=\"3\">\n\t\t\t<h3>Qu&rsquo;est-ce que c&rsquo;est ?<\/h3>\n\t\t\t<p><strong>SCREEN Day<\/strong> est un \u00e9v\u00e9nement annuel th\u00e9matique organis\u00e9 par la plateforme technologique SCREEN de la MSH-Alpes sur le campus universitaire de Grenoble. Cette ann\u00e9e, l\u2019\u00e9v\u00e9nement est assur\u00e9 avec le soutien de l&rsquo;institut Carnot Cognition de Grenoble.<\/p>\n\t\t\t<p><strong>Son but :<\/strong> permettre aux chercheurs en Sciences Humaines et Sociales (SHS) du site grenoblois d&rsquo;investir une th\u00e9matique transversale et promouvoir des liens entre la recherche et les entreprises. L&rsquo;\u00e9v\u00e9nement est toutefois ouvert \u00e0 tout autre public int\u00e9ress\u00e9.<\/p>\n\t\t\t<p>Retrouvez les <strong class=\"sd2023\"><a href=\"https:\/\/www.youtube.com\/playlist?list=PLeLYEJKffRavOQT6y_E8KGpNtlHbs4KU4\">videos des diff\u00e9rentes \u00e9ditions SCREEN Day<\/a><\/strong>.<\/p>\n\t<\/td><\/tr>\t\n\n\t<!-- Th\u00e9matique de l'ann\u00e9e-->\n\t<tr>\n\t\t<td colspan=\"2\">\n\t\t\t<h3>Th\u00e9matique de l&rsquo;ann\u00e9e<\/h3>\n\t\t\t<p>L&rsquo;eye-tracking<\/p>\n\t\t<\/td>\n\t\t<td rowspan=\"3\"> \n\t\t\t<p><center><a href=\"https:\/\/platipus.univ-grenoble-alpes.fr\/wp-content\/uploads\/2023\/04\/OKAffiche-SCREEN-DAY-2023_comp.jpg\"><img decoding=\"async\" src=\"https:\/\/platipus.univ-grenoble-alpes.fr\/wp-content\/uploads\/2023\/04\/OKAffiche-SCREEN-DAY-2023_comp.jpg\" alt=\"Affiche de SCREEN Day 2023\" width=\"50%\"><\/a><\/center><\/p>\n\t\t<\/td>\n\t<\/tr>\n\n\t<!--Date -->\n\t<tr>\n\t\t<td colspan=\"2\">\n\t\t\t<h3>Date<\/h3>\n\t\t\t<p>Mardi 6 juin 2023<\/p>\n\t\t<\/td>\n\t<\/tr>\n\n\t<!--Modalit\u00e9s d'inscription-->\n\n\t<tr>\n\t\t<td colspan=\"2\">\n\t\t\t<h3>Inscriptions<\/h3>\n\t\t\t<p>La journ\u00e9e est enti\u00e8rement <strong>gratuite<\/strong>.<\/p>\n\t\t\t<p>La r\u00e9servation est obligatoire pour nous permettre d&rsquo;organiser au mieux votre journ\u00e9e et pallier \u00e0 d&rsquo;\u00e9ventuels retours de jauges sanitaires.<\/p>\n\t\t\t<p><i>Inscription obligatoire, possible jusqu&rsquo;au 4 juin inclus. Places limit\u00e9es.<\/i><\/p>\n\t\t\t\t\t\t\t<!--<div class=\"view_port\">\n\t\t\t\t\t<div class=\"polling_message\">\n\t\t\t\t\t\t<a class=\"media\" href=\"https:\/\/my.weezevent.com\/screenday-2023\" target=\"_blank\" rel=\"noopener\"><p>R\u00e9servation obligatoire<\/p><\/a>\n\t\t\t\t\t<\/div>\n\t\t\t\t\t<div class=\"cylon_eye\"><\/div>\n\t\t\t\n\t\t\t\t<\/div>-->\n\t\t<\/td>\n\t<\/tr>\n\n\t<!--Bouton d'acc\u00e8s au lien de r\u00e9servation weezevent-->\n\t<!--\t<tr>\n\t\t<td  style=\"border-style:none\" width=\"40%\"><\/td>\n\t\t<td style=\"text-align:center;border-style:none\">\n\t\t\t<div class=\"view_port\">\n\t\t\t\t<div class=\"polling_message\">\n\t\t\t\t\t<a class=\"media\" href=\"https:\/\/my.weezevent.com\/screenday-2023\" style=\"color:#FFFFFF\" target=\"_blank\" rel=\"noopener\"><p>R\u00e9servation obligatoire<\/p><\/a>\n\t\t\t\t<\/div>\n\t\t\t\t<div class=\"cylon_eye\"><\/div>\n\t\t\t<\/div>\n\t\t<\/td>\n\t\t<td  style=\"border-style:none\" width=\"40%\"><\/td>\n\t<\/tr>-->\n<\/table>\n\n\n<!--Programme-->\n<table>\n\t<tr>\n\t\t<td colspan=1>\n\t\t\t<h3>Programme d\u00e9taill\u00e9<\/h3>\n<table>\n<tr>\n<td class=\"sd-horaires\"><p><strong class=\"sd2023\">08h30-08h50<\/strong><\/p><\/td>\n<td class=\"sd-horaires\"><p><strong class=\"sd2023\">ACCUEIL<\/strong> <i class=\"sd2023\">Hall d&rsquo;entr\u00e9e<\/i><\/p><\/td>\n\n<!-- lien image sur programme d\u00e9taill\u00e9 -->\t\t\t\t\t\n<td rowspan=2><a href=\"https:\/\/platipus.univ-grenoble-alpes.fr\/wp-content\/uploads\/2023\/05\/SCREEN-DAY-2023-Programme-detaille-1.pdf\"><img decoding=\"async\" class=\"sd2023\" src=\"https:\/\/platipus.univ-grenoble-alpes.fr\/wp-content\/uploads\/2023\/05\/Image-programme-detaille-1.jpg\" alt=\"T\u00e9l\u00e9chargez le programme d\u00e9taill\u00e9 et  r\u00e9sum\u00e9s\"><\/a><\/td>\n\t<\/tr>\n\t\t\t\t<tr>\n\t\t\t\t\t<td class=\"sd-horaires\"><p><strong>08h50-9h00<\/strong><\/p><\/td>\n\t\t\t\t\t<td class=\"sd-interventions\"><p><strong>INTRODUCTION<\/strong> <i class=\"sd2023\">Amphith\u00e9\u00e2tre<\/i><\/p><\/td>\n\t\t\t\t<\/tr>\n\t\t\t\t<tr>\n\t\t\t\t\t<td class=\"sd-horaires\"><p><strong>09h00-10h30<\/strong><\/p><\/td>\n\t\t\t\t\t<td class=\"sd-interventions\"  colspan=2>\n\t\t\t\t\t\t<p><strong>PRESENTATIONS ORALES<\/strong> de travaux de recherche <i class=\"sd2023\">Amphith\u00e9\u00e2tre<\/i><\/p>\n\t\t\t\t\t\t\n\t\t\t\t\t\t<p><strong>09h00 &#8211; Analyse des mouvements oculaires chez des enfants porteurs d\u2019un Trouble D\u00e9veloppemental de la Coordination (TDC) et d\u2019une dysgraphie au cours d\u2019une t\u00e2che d\u2019\u00e9criture<\/strong><br>Rapha\u00ebl LAMBERT (LPNC, LETI \/ CEA), J\u00e9r\u00f4me BOUTET (LETI \/ CEA), Etienne LABYT (LETI \/ CEA), Caroline JOLLY (LPNC \/ Universit\u00e9 Grenoble-Alpes)<\/p>\n\t\t\t\t\t\t<p><strong>09h30 &#8211; Utiliser l\u2019oculom\u00e9trie pour \u00e9tudier l\u2019apprentissage incident de l\u2019orthographe lexicale<\/strong><br>Emilie GINESTET (LPNC \/ Universit\u00e9 Grenoble-Alpes)<\/p>\n                                                <p><strong>10h00 &#8211; Anciennes questions, nouvelles m\u00e9thodes : ce que l&rsquo;eye-tracking peut nous apprendre sur la liaison<\/strong><br>Elisabeth HEISZNBERGER (Institut f\u00fcr Romanistik \/ Universit\u00e9 de Vienne (Autriche), LIDILEM \/ UGA), Jean-Pierre CHEVROT (LIDILEM \/ UGA), Elissa Pustka (Institut f\u00fcr Romanistik \/ Universit\u00e9 de Vienne)<\/p>\n\t\t\t\t\t<\/td>\n\t\t\t\t<\/tr>\n\t\t\t\t<tr>\n\t\t\t\t\t<td class=\"sd-horaires\"><p><strong class=\"sd2023\">10h30-10h50<\/strong><\/p><\/td>\n\t\t\t\t\t<td class=\"sd-interventions\" colspan=2><p><strong class=\"sd2023\">PAUSE CAFE<\/strong>  <i class=\"sd2023\">Hall d&rsquo;entr\u00e9e \/ Terrasse<\/i><\/p><\/td>\n\t\t\t\t<\/tr>\n\t\t\t\t<tr>\n\t\t\t\t\t<td class=\"sd-horaires\"><p><strong>10h50-12h50<\/strong><\/p><\/td>\n\t\t\t\t\t<td class=\"sd-interventions\" colspan=2>\n\t\t\t\t\t<p><strong>PRESENTATIONS ORALES<\/strong> de travaux de recherche (suite) <i class=\"sd2023\">Amphith\u00e9\u00e2tre<\/i><\/p>\n\t\t\t\t\t<p><strong>10h50 &#8211; GAZEPLAY-EVAL : une plateforme pour mettre en place des tests d\u2019\u00e9valuation des capacit\u00e9s langagi\u00e8res pour les personnes avec un trouble complexe de la communication<\/strong><br>Am\u00e9lie ROCHET-CAPELLAN (GIPSA-Lab \/ CNRS-Universit\u00e9 Grenoble-Alpes), Jordan ARRIGO (LIG \/ Universit\u00e9 Grenoble-Alpes), Didier SCHWAB (LIG \/ Universit\u00e9 Grenoble-Alpes)<\/p>\n\t\t\t\t\t<p><strong>11h20 &#8211; L\u2019utilisation de l\u2019oculom\u00e9trie pour \u00e9tudier le lien entre les biais attentionnels et la propension \u00e0 la parano\u00efa en population g\u00e9n\u00e9rale<\/strong><br>Catherine BORTOLON (LIP\/PC2S \/ Universit\u00e9 Grenoble-Alpes), Niclas BOCHARD (LIP\/PC2S \/ Universit\u00e9 Grenoble-Alpes), Damien LLESENFANTS (PsyNCog \/ University of Li\u00e8ge), Franck LAROI (PsyNCog \/ University of Li\u00e8ge ; Department of Biological and Medical Psychology \/ University of Bergen ; Norwegian Center for Mental Disorders Research, University of Oslo)<\/p>\t\t\t\t\t<p><strong>11h50 &#8211; Oculom\u00e9trie dans un casque de VR avec des flux vid\u00e9o r\u00e9els : t\u00e9l\u00e9op\u00e9ration immersive du robot Nina en st\u00e9r\u00e9ovision<\/strong><br>Fr\u00e9d\u00e9ric ELISEI (GIPSA-Lab \/ CNRS-Universit\u00e9 Grenoble-Alpes)<\/p>\t\t\t\t<p><strong>12h20 &#8211; Analyse temps-r\u00e9el des mouvements oculaires avec zones d\u2019int\u00e9r\u00eat dynamiques : application aux environnements d\u2019apprentissage humain sur simulateur<\/strong><br>Francis JAMBON (LIG \/ Universit\u00e9 Grenoble-Alpes)<\/p>\n\t\t\t\t<\/td>\n\t\t\t\t<\/tr>\n\t\t\t\t<tr>\n\t\t\t\t\t<td class=\"sd-horaires\"><p><strong class=\"sd2023\">12h50-14h10<\/strong><\/p><\/td>\n\t\t\t\t\t<td class=\"sd-interventions\" colspan=2><p><strong class=\"sd2023\">BUFFET<\/strong> offert \u00e0 tous  <i class=\"sd2023\">Hall d&rsquo;entr\u00e9e \/ Terrasse<\/i><\/p><\/td>\n\t\t\t\t<\/tr>\n\t\t\t\t\n\t\t\t\t<tr>\n\t\t\t\t\t<td class=\"sd-horaires\"><p><strong>14h10-15h20<\/strong><\/p><\/td>\n\t\t\t\t\t<td class=\"sd-interventions\">\n\t\t\t\t\t\t\n<p><strong>PRESENTATIONS ORALES<\/strong> d&rsquo;industriels<\/strong> <i class=\"sd2023\">Amphith\u00e9\u00e2tre<\/i><\/p>\n<p><strong>14h10 &#8211; [PERTECH SOLUTIONS] L&rsquo;eye tracking : mobilit\u00e9 \/ portabilit\u00e9 \/ embarqu\u00e9  <\/strong><br>J\u00e9r\u00f4me Baujon (Directeu R&#038;D, Pertech Solutions), Luc Doerenbecher (Directeur commercial, Pertech Solutions)<\/p>\t\n<p><strong>14h50 &#8211; [VARJO] Gaze Tracking in Mixed Reality <\/strong><br>Lasse Tuominen (Varjo technologies)<\/p>\t\n\n<\/td>\n\t\t\t\t\t<td class=\"sd-industriels2023\" rowspan=\"2\">\n\t\t\t\t\t\t<br><br><br><br><p class=\"sd-ateliers\"><strong class=\"sd2023\">Retrouvez lors de l&rsquo;apr\u00e8s-midi:<\/strong><\/p>\n\n\n<p class=\"sd-ateliers\"><a href=\"https:\/\/www.lereseaudescarnot.fr\/fr\/institut-carnot\/cognition\" target=\"_blank\" rel=\"noopener\">Carnot Cognition de Grenoble<\/a><br>\n<a href=\"https:\/\/gazeintelligence.com\/\" target=\"_blank\" rel=\"noopener\">Gaze Intelligence<\/a><br>\n<a href=\"https:\/\/www.pertech-solutions.fr\/\" target=\"_blank\" rel=\"noopener\">Pertech Solutions<\/a><br>\n<a href=\"https:\/\/www.teaergo.com\/fr\/\" target=\"_blank\" rel=\"noopener\">TEA<\/a><br>\n<a href=\"https:\/\/www.tobii.com\/\" target=\"_blank\" rel=\"noopener\">Tobii<\/a><br>\n<a href=\"https:\/\/varjo.com\/\" target=\"_blank\" rel=\"noopener\">Varjo<\/a><br>\t\t\t\n<br>\n\t\t\t\t\t\t\t\t\t\t\t\t\t\t<\/p>\n\t\t\t\t\t\t<p class=\"sd-ateliers\"><!--<i>Les entreprises animeront plusieurs sessions d'ateliers chacune ou des conf\u00e9rences.<br>Les ateliers se tiendront en parall\u00e8le.<\/i><br>--><i class=\"sd2023\">Amphith\u00e9\u00e2tre, Salles de r\u00e9union du RDC \/ 1er \u00e9tage \/ 2e \u00e9tage, salle ouverte du RDC &#038; Box exp\u00e9rimental SCREEN<\/i><\/p>\n\n<table>\n<tr><td><p class=\"sd-ateliers\"><strong>Session 1 (S1) <\/strong><br>15h30-16h00<\/p><\/td><\/tr>\n<tr><td><p class=\"sd-ateliers\"><strong>Session 2 (S2) <\/strong><br>16h10-16h40<\/p><\/td><\/tr>\n<tr><td><p class=\"sd-ateliers\"><strong>Session 3 (S3) <\/strong><br>16h50-17h20<\/p><\/td><\/tr>\n<\/table>\n\t\t\t\t\t<\/td>\n\t\t\t\t<\/tr>\n\t<tr>\n\t\t\t\t\t<td class=\"sd-horaires\"><p><strong>15h30-17h20<\/strong><\/p><\/td>\n\t\t\t\t\t<td class=\"sd-interventions\">\n<p><strong>ATELIERS<\/strong> &#8211; <i>Animation par des industriels et le Carnot Cognition<\/i><\/p>\n\t\t\t\t\t\t\n\t\t\t\t\t\n<p><strong>Atelier 1 (S1-S2-S3) : Plateforme d&rsquo;enregistrement de l&rsquo;activit\u00e9 oculomotrice et \u00e9lectroenc\u00e9phalographique lors d&rsquo;exp\u00e9rience de perception visuelle<\/strong><br>Carnot Cognition<\/p>\n<p><strong>Atelier 2 (S1-S2-S3) : CAPTIV : plateforme de synchronisation et d\u2019analyse de mesures physiologiques et biom\u00e9caniques pour l&rsquo;\u00e9tude du comportement humain<\/strong><br>TEA<\/p>\n<p><strong>Atelier 3 (S1-S3) : D\u00e9couvrez les nouvelles lunettes Eye Tracking NEON, le capteur ECG Bittium Faros &#038; le logiciel GoLive pour une exp\u00e9rience in\u00e9dite !<\/strong><br>Gaze Intelligence<\/p>\n<p><strong>Atelier 4 (S2) : Synchronisation biom\u00e9trique &#038; vid\u00e9o eye tracking avec LSL et StreamLab !<\/strong><br>Gaze Intelligence<\/p>\n<p><strong>Atelier 5 (S1) : Int\u00e9gration : kezako pour les cr\u00e9ateurs\/d\u00e9veloppeurs de nouvelles solutions commerciales int\u00e9grant l\u2019eye tracking dans une nouvelle offre ?<\/strong><br>Tobii<\/p>\n<p><strong>Atelier 6 (S2) : Exemple d\u2019un use case Universit\u00e9 > Commercial dans le monde de la VR : du monde de la recherche vers une offre commerciale<\/strong><br>Tobii<\/p>\n<p><strong>Atelier 7 (S3) : Exemple d\u2019un use case Universit\u00e9 > Commercial avec une barre d\u2019eye-tracking : du monde de la recherche vers une offre commerciale<\/strong><br>Tobii<\/p>\n<p><strong>Atelier 8 (S1) : quel hardware pour quel projet de recherche ? <\/strong><br>Tobii<\/p>\n<p><strong>Atelier 9 (S2) : l\u2019attention visuelle en situation mobile ou en environnement dit \u00e9cologique<\/strong><br>Tobii<\/p>\n<p><strong>Atelier 10 (S3) : quel type de m\u00e9trique pour quel type d\u2019analyse ?<\/strong><br>Tobii<\/p>\n<\/td>\n<\/tr>\t\t\t\t\n\t\t\t\t\t\t\t\t\t\t\t\n\t\t\t\t<!--<tr>\n\t\t\t\t\t<td class=\"sd-horaires\"><p><strong><\/strong><\/p><\/td>\n\t\t\t\t\t<td class=\"sd-horaires\" colspan=1>\n\t\t\t\t\t\t<p><strong>PRESENTATIONS ORALES<\/strong> d'industriels<\/strong> <i class=\"sd2023\">Amphith\u00e9\u00e2tre<\/i><\/p>\n\t\t\t\t\t\t<p><strong>presentation industriels 1<\/strong><br><\/p>\n<p><strong>presentation industriels 2<\/strong><br><\/p>\n\t\t\t\t\t<\/td>\n\t\t\t\t<\/tr>-->\n\t\t\t\t<tr>\n\t\t\t\t\t<td class=\"sd-horaires\"><p><strong class=\"sd2023\">17h20-17h30<\/strong><\/p><\/td>\n\t\t\t\t\t<td class=\"sd-interventions\" colspan=2><p><strong class=\"sd2023\">CONCLUSION<\/strong> <i class=\"sd2023\">Amphith\u00e9\u00e2tre<\/i><\/p><\/td>\n\t\t\t\t<\/tr>\n\t\t\t\t\n\t\t\t<\/table>\n\t\t<\/td>\n\t<\/tr>\n\t\n\t<tr>\n\t\t<td colspan=3>\n\t\t\t<h3>Lieu<\/h3>\n\t\t\t<p>Dans les locaux de la MSH-Alpes sur le campus universitaire de Grenoble<\/p>\n\t\t\t<p><strong>MSH-Alpes<\/strong><br>1221 avenue centrale<bR>38400 Saint-Martin-d&rsquo;H\u00e8res<\/p>\n\t\t\t<iframe src=\"https:\/\/www.google.com\/maps\/embed?pb=!1m18!1m12!1m3!1d2811.757744956751!2d5.770697515742748!3d45.1919999595855!2m3!1f0!2f0!3f0!3m2!1i1024!2i768!4f13.1!3m3!1m2!1s0x478af5a08fcf3b6f%3A0x7f3f58621efa5006!2sMSH-Alpes%20(Maison%20des%20Sciences%20de%20l&#39;Homme)!5e0!3m2!1sfr!2sfr!4v1651738876958!5m2!1sfr!2sfr\" allowfullscreen=\"\" loading=\"lazy\" referrerpolicy=\"no-referrer-when-downgrade\"><\/iframe><br><bR>\n\t\t\t<p>Si vous venez en train, en voiture, en tramway ou m\u00eame en avion, le site de la MSH-Alpes vous offrira <a href=\"https:\/\/www.msh-alpes.fr\/msh-alpes\/venir-msh\">davantage de d\u00e9tails pour nous retrouver<\/a>.<\/p> \n\t\t<\/td>\n\t<\/tr>\n\t<tr>\n\t\t<td colspan=\"3\">\n\t\t\t<h3>Contact<\/h3>\n\t\t\t<p>Sonia Mandin &#8211; <a href=\"mailto:sonia.mandin@univ-grenoble-alpes.fr\">sonia.mandin@univ-grenoble-alpes.fr<\/a><\/p>\n\t\t<\/td>\n\t<\/tr>\n<\/table>\n\n<\/div>\n\n<!--<table>\n<tr><td  style=\"border-style:none\" width=\"80%\"><\/td>\n<td style=\"text-align:center;border-style:none\">\n  <div class=\"view_port\">\n     <div class=\"polling_message\">\n         <p>R\u00e9servation obligatoire<\/p>\n     <\/div>\n     <div class=\"cylon_eye\"><\/div>\n  <\/div>\n<\/td><\/tr><\/table>-->\n","protected":false},"excerpt":{"rendered":"<p>Retrouvez les conf\u00e9rences de SCREEN Day 2023 en video sur Acc\u00e9dez aux videos Qu&rsquo;est-ce que c&rsquo;est ? SCREEN Day est un \u00e9v\u00e9nement annuel th\u00e9matique organis\u00e9 par la plateforme technologique SCREEN de la MSH-Alpes sur le campus universitaire de Grenoble. Cette &hellip;<\/p>\n<p class=\"read-more\"> <a class=\"more-link\" href=\"https:\/\/platipus.univ-grenoble-alpes.fr\/?page_id=54\"> <span class=\"screen-reader-text\">SCREEN Day 2023<\/span> Read More &raquo;<\/a><\/p>\n","protected":false},"author":1,"featured_media":0,"parent":0,"menu_order":0,"comment_status":"closed","ping_status":"closed","template":"","meta":{"footnotes":""},"class_list":["post-54","page","type-page","status-publish","hentry"],"_links":{"self":[{"href":"https:\/\/platipus.univ-grenoble-alpes.fr\/index.php?rest_route=\/wp\/v2\/pages\/54","targetHints":{"allow":["GET"]}}],"collection":[{"href":"https:\/\/platipus.univ-grenoble-alpes.fr\/index.php?rest_route=\/wp\/v2\/pages"}],"about":[{"href":"https:\/\/platipus.univ-grenoble-alpes.fr\/index.php?rest_route=\/wp\/v2\/types\/page"}],"author":[{"embeddable":true,"href":"https:\/\/platipus.univ-grenoble-alpes.fr\/index.php?rest_route=\/wp\/v2\/users\/1"}],"replies":[{"embeddable":true,"href":"https:\/\/platipus.univ-grenoble-alpes.fr\/index.php?rest_route=%2Fwp%2Fv2%2Fcomments&post=54"}],"version-history":[{"count":11,"href":"https:\/\/platipus.univ-grenoble-alpes.fr\/index.php?rest_route=\/wp\/v2\/pages\/54\/revisions"}],"predecessor-version":[{"id":1527,"href":"https:\/\/platipus.univ-grenoble-alpes.fr\/index.php?rest_route=\/wp\/v2\/pages\/54\/revisions\/1527"}],"wp:attachment":[{"href":"https:\/\/platipus.univ-grenoble-alpes.fr\/index.php?rest_route=%2Fwp%2Fv2%2Fmedia&parent=54"}],"curies":[{"name":"wp","href":"https:\/\/api.w.org\/{rel}","templated":true}]}}