{"id":56,"date":"2024-07-15T12:05:23","date_gmt":"2024-07-15T10:05:23","guid":{"rendered":"https:\/\/platipus.msh-alpes.fr\/?page_id=56"},"modified":"2024-08-23T09:42:49","modified_gmt":"2024-08-23T07:42:49","slug":"screen-day-2022","status":"publish","type":"page","link":"https:\/\/platipus.univ-grenoble-alpes.fr\/?page_id=56","title":{"rendered":"Screen Day 2022"},"content":{"rendered":"\n<head>\n<!-- ANIMATION sur r\u00e9servation obligatoire-->\n<style type=\"text\/css\"> \n.polling_message {\n  color: white;\n  float: left;\n  margin-right: 2%;\n  width:100%;\n  margin:0 auto;\n  text-align:center;\n  background-color:#A2E04F;\n}\n\n.view_port {\n  background-color: #df8e46;\n  height: 50px;\n  width: 80%;\n  overflow: hidden;\n  margin-left: 0%;\n  margin:0 auto;\n  width:150px;\n }\n\n.cylon_eye {\n  background-color:#e6cfbb ;\n  background-image:linear-gradient(to right, #df8e46 15%, #e6cfbb 70%, #df8e46 15%);\n  color: white;\n  height: 100%;\n  width: 20%;\n  \n  -webkit-animation: 2s linear 0s infinite alternate move_eye;\n          animation: 2s linear 0s infinite alternate move_eye;\n}\n\n@-webkit-keyframes move_eye { from { margin-left:-20%; } to { margin-left:100%; }  }\n        @keyframes move_eye { from { margin-left:-20%; } to { margin-left:100%; }  }\n<\/style>\n\n<\/head>\n\n<!--<table>\n<tr>\n\t<td><\/td>\n\t<td>\n\t\t<div class=\"view_port\">\n\t\t\t<div class=\"polling_message\">\n\t\t\t\t<a class=\"media\" href=\"https:\/\/my.weezevent.com\/screenday-2022\">R\u00e9servation obligatoire<\/a>\n\t\t\t<\/div>\n\t\t\t<div class=\"cylon_eye\"><\/div>\n\t\t<\/div>\n\t<\/td>\n<\/tr><\/table>-->\n\n<img decoding=\"async\" src=\"https:\/\/platipus.univ-grenoble-alpes.fr\/wp-content\/uploads\/2022\/05\/Banniere-web_SCREEN-DAY_2022.jpg\" alt=\"Banni\u00e8re de l'\u00e9v\u00e9nement\">\n\n<table>\n\t<tr>\n\t   <td class=\"media2022\" colspan=\"3\"><p class=\"media\">Retrouvez les conf\u00e9rences de SCREEN Day 2022 en video sur <img decoding=\"async\" src=\"https:\/\/platipus.univ-grenoble-alpes.fr\/wp-content\/uploads\/2022\/09\/ima-graphiste-youtube-26441.jpg\" width=50px><\/p><\/center>\n\n\t\t\t\t<div class=\"view_port\" >\n\t\t\t\t\t<div class=\"polling_message\">\n\t\t\t\t\t\t<a class=\"media\" href=\"https:\/\/www.youtube.com\/playlist?list=PLeLYEJKffRavOQT6y_E8KGpNtlHbs4KU4\" target=\"_blank\" rel=\"noopener\">Acc\u00e9dez aux videos<\/a>\n\t\t\t\t\t<\/div>\n\t\t\t\t\t<div class=\"cylon_eye\"><\/div>\n\t\t\t\t<\/div>\n\t   <\/td>\n\t<\/tr>\n\n\t<tr>\n\t\t<td colspan=\"3\">\n\t\t\t\t<h3>Qu&rsquo;est-ce que c&rsquo;est ?<\/h3>\n\t\t\t\t<p><strong>SCREEN Day<\/strong> est un \u00e9v\u00e9nement annuel th\u00e9matique organis\u00e9 par la plateforme technologique SCREEN de la MSH-Alpes sur le campus universitaire de Grenoble.<\/p>\n\t\t\t\t<p>Son but : permettre aux chercheurs en Sciences Humaines et Sociales (SHS) du site grenoblois d&rsquo;investir une th\u00e9matique transversale et promouvoir des liens entre la recherche et les entreprises. L&rsquo;\u00e9v\u00e9nement est toutefois ouvert \u00e0 tout autre public int\u00e9ress\u00e9.<\/p>\n\t\t\t\t<p>En 2022, <strong>SCREEN Day<\/strong> vous propose une premi\u00e8re exp\u00e9rience : \u00ab\u00a0La r\u00e9alit\u00e9 virtuelle &#038; augment\u00e9e\u00a0\u00bb.<\/p>\n\t\t<\/td>\n\t<\/tr>\t\n\n\t<tr>\n\t\t<td colspan=\"2\">\n\t\t\t<h3>Th\u00e9matique de l&rsquo;ann\u00e9e<\/h3>\n\t\t\t<p>La r\u00e9alit\u00e9 virtuelle et augment\u00e9e<\/p>\n\t\t<\/td>\n\t\t<td rowspan=\"3\"> \n\t\t\t<p><a href=\"https:\/\/platipus.univ-grenoble-alpes.fr\/wp-content\/uploads\/2022\/05\/Affiche_SCREEN-DAY-2022.pdf\"><img decoding=\"async\" src=\"https:\/\/platipus.univ-grenoble-alpes.fr\/wp-content\/uploads\/2022\/05\/Screenshot-affiche-SCREEN-DAY-2022.jpg\" alt=\"Affiche de SCREEN Day 2022\"><\/a><\/p>\n\t\t<\/td>\n\t<\/tr>\n\n\t<tr>\n\t\t<td colspan=\"3\">\n\t\t\t<h3>Date<\/h3>\n\t\t\t<p>Jeudi 23 juin 2022<\/p>\n\t\t<\/td>\n\t<\/tr>\n\n\t<tr>\n\t\t<td colspan=\"2\">\n\t\t\t<h3>Inscriptions<\/h3>\n\t\t\t<p>La journ\u00e9e est enti\u00e8rement <strong>gratuite<\/strong>.<\/p>\n\t\t\t<p>La r\u00e9servation est obligatoire pour nous permettre d&rsquo;organiser au mieux votre journ\u00e9e et pallier \u00e0 d&rsquo;\u00e9ventuels retours de jauges sanitaires.<\/p>\n                <!--<div class=\"view_port\">\n\t\t\t\t<div class=\"polling_message\">\n\t\t\t\t\t<a class=\"media\" href=\"https:\/\/my.weezevent.com\/screenday-2022\" target=\"_blank\" rel=\"noopener\">R\u00e9servation obligatoire<\/a>\n\t\t\t\t<\/div>\n\t\t\t\t<div class=\"cylon_eye\"><\/div>\n\t\t\n\t\t\t\t<\/div>-->\n\t\t<\/td>\n\t<\/tr>\n\n\t<!--<tr>\n\t\t<td width=\"40%\"><\/td>\n\t\t<td>\n\t\t\t<div class=\"view_port\">\n\t\t\t\t<div class=\"polling_message\">\n\t\t\t\t\t<a class=\"media\" href=\"https:\/\/my.weezevent.com\/screenday-2022\" target=\"_blank\" rel=\"noopener\">R\u00e9servation obligatoire<\/a>\n\t\t\t\t<\/div>\n\t\t\t\t<div class=\"cylon_eye\"><\/div>\n\t\t\t<\/div>\n\t\t<\/td>\n\t\t<td  width=\"40%\"><\/td>\n\t<\/tr>-->\n\n\t<tr>\n\t\t<td colspan=3>\n\t\t\t<h3>Programme<\/h3>\n\t\t\t<table>\n\t\t\t\t<tr>\n\t\t\t\t\t<td class=\"sd-horaires\"><p><strong class=\"sd2022\">08h30-09h00<\/strong><\/p><\/td>\n\t\t\t\t\t<td class=\"sd-interventions\"><p><strong class=\"sd2022\">ACCUEIL<\/strong> <i class=\"sd2022\">Hall d&rsquo;entr\u00e9e<\/i><\/p><\/td>\n\t\t\t\t\t<td rowspan=2><a href=\"https:\/\/platipus.univ-grenoble-alpes.fr\/wp-content\/uploads\/2022\/06\/Programme-detaille-SCREEN-DAY-2022.pdf\"><img decoding=\"async\" class=\"sd2022\" src=\"https:\/\/platipus.univ-grenoble-alpes.fr\/wp-content\/uploads\/2022\/06\/programme.jpg\" alt=\"T\u00e9l\u00e9chargez le programme d\u00e9taill\u00e9 et  r\u00e9sum\u00e9s\"><\/a><\/td>\n\t\t\t\t<\/tr>\n\t\t\t\t<tr>\n\t\t\t\t\t<td class=\"sd-horaires\"><p><strong>09h00-9h10<\/strong><\/p><\/td>\n\t\t\t\t\t<td class=\"sd-interventions\"><p><strong>INTRODUCTION<\/strong> <i class=\"sd2022\">Amphith\u00e9\u00e2tre<\/i><\/p><\/td>\n\t\t\t\t<\/tr>\n\t\t\t\t<tr>\n\t\t\t\t\t<td class=\"sd-horaires\"><p class=\"sd2022\"><strong>09h10-10h10<\/strong><\/p><\/td>\n\t\t\t\t\t<td class=\"sd-interventions\"  colspan=2>\n\t\t\t\t\t\t<p><strong>PRESENTATIONS ORALES<\/strong> de travaux de recherche <i class=\"sd2022\">Amphith\u00e9\u00e2tre<\/i><\/p>\n\t\t\t\t\t\t\n\t\t\t\t\t\t<p><strong>09h10 &#8211; Externaliser la m\u00e9moire : la r\u00e9alit\u00e9 augment\u00e9e comme proth\u00e8se cognitive<\/strong><br>\n\t\t\t\t\t\tNicolas CROZATIER (UGA, IPhiG\/CPM), Kourken MICHAELIAN (UGA, IPhiG\/CPM), Christopher MOULIN (UGA\/CNRS, LPNC)<\/p>\n\t\t\t\t\t\t<p><strong>09h30 &#8211; Utilisation de la R\u00e9alit\u00e9 Virtuelle pour l\u2019optimisation des syst\u00e8mes d\u2019\u00e9clairage de s\u00e9curit\u00e9<\/strong><br>\n\t\t\t\t\t\tSarah KHAZAZ (UGA\/CNRS, LPNC\/Equipe Vision et Emotion), Martial MERMILLOD (UGA\/CNRS, LPNC\/Equipe Vision et Emotion), S\u00e9bastien POINT (Dpt \u00e9clairage de s\u00e9curit\u00e9, Cooper S\u00e9curit\u00e9 SAS), Laurie MONDILLON (UCA, LPSC)<\/p>\n\t\t\t\t\t\t<p><strong>09h50 &#8211; Prototypage virtuel pour l\u2019atteinte de cible par substitution visio-auditive<\/strong><br>\n\t\t\t\t\t\tChristian GRAFF (UGA\/CNRS, LPNC), Denis PELLERIN (UGA\/CNRS, Gipsa-Lab), Sylvain HUET (UGA\/CNRS, Gipsa-Lab)<\/p>\n\t\t\t\t\t<\/td>\n\t\t\t\t<\/tr>\n\t\t\t\t<tr>\n\t\t\t\t\t<td class=\"sd-horaires\"><p><strong class=\"sd2022\">10h10-10h30<\/strong><\/p><\/td>\n\t\t\t\t\t<td class=\"sd-interventions\" colspan=2><p><strong class=\"sd2022\">PAUSE CAFE<\/strong>  <i class=\"sd2022\">Hall d&rsquo;entr\u00e9e \/ Terrasse<\/i><\/p><\/td>\n\t\t\t\t<\/tr>\n\t\t\t\t<tr>\n\t\t\t\t\t<td class=\"sd-horaires\"><p><strong>10h30-12h20<\/strong><\/p><\/td>\n\t\t\t\t\t<td class=\"sd-interventions\" colspan=2>\n\t\t\t\t\t<p><strong>PRESENTATIONS ORALES<\/strong> de travaux de recherche et de plateformes locales <i class=\"sd2022\">Amphith\u00e9\u00e2tre<\/i><\/p>\n\t\t\t\t\t<p><strong>10h30 &#8211; Int\u00e9r\u00eats de la R\u00e9alit\u00e9 Virtuelle et Augment\u00e9e pour l\u2019\u00e9tude de la motricit\u00e9 humaine \u2013 Applications en neuro-biom\u00e9canique<\/strong><br>\n\t\t\t\t\tFranck QUAINE (UGA\/CNRS, GIPSA-lab), Olivier MARTIN (UGA\/CNRS, GIPSA-lab)<\/p>\n\t\t\t\t\t<p><strong>10h50 &#8211; Esquisser l\u2019architecture en l\u2019\u00e9coutant, ou comment explorer la dimension sonore en amont de projets spatiaux ?<\/strong><br>\n\t\t\t\t\tGr\u00e9goire CHELKOFF (ENSAG-UGA, AAU \/ CRESSON)<\/p>\n\t\t\t\t\t<p><strong>11h10 &#8211; Environnements virtuels et immersifs : retours d\u2019exp\u00e9riences avec les \u00e9tudiants du Lab Vivant Odyss\u00e9e<\/strong><br>\n\t\t\t\t\tEmmanuelle VILLOT-LECLERCQ (Grenoble Ecole de Management)\n\t\t\t\t\t<p><strong>11h40 &#8211; Kinovis &#8211; plateforme d&rsquo;Acquisition 4D (INRIA-UGA)<\/strong><br>\n\t\t\t\t\tLaurence BOISSIEUX (INRIA-UGA), Julien PANSIOT (INRIA-UGA)\n\t\t\t\t\t<p><strong>12h00 &#8211; VisionR &#8211; pr\u00e9sentation de la plateforme de r\u00e9alit\u00e9 virtuelle<\/strong><br>\n\t\t\t\t\tFr\u00e9d\u00e9ric NOEL (Grenoble-INP, UGA)<\/p> \n\t\t\t\t<\/td>\n\t\t\t\t<\/tr>\n\t\t\t\t<tr>\n\t\t\t\t\t<td class=\"sd-horaires\"><p><strong class=\"sd2022\">12h20-13h30<\/strong><\/p><\/td>\n\t\t\t\t\t<td class=\"sd-interventions\" colspan=2><p><strong class=\"sd2022\">BUFFET<\/strong> offert \u00e0 tous  <i class=\"sd2022\">Hall d&rsquo;entr\u00e9e \/ Terrasse<\/i><\/p><\/td>\n\t\t\t\t<\/tr>\n\t\t\t\t<tr>\n\t\t\t\t\t<td class=\"sd-horaires\"><p><strong>13h30-14h10<\/strong><\/p><\/td>\n\t\t\t\t\t<td class=\"sd-interventions\" colspan=2>\n\t\t\t\t\t\t<p><strong>PRESENTATIONS<\/strong> d&rsquo;industriels <i class=\"sd2022\">Amphith\u00e9\u00e2tre<\/i><\/p>\n\t\t\t\t\t\t<p><strong>13h30 &#8211; Bodyswaps \u2013 D\u00e9velopper les softskills avec la r\u00e9alit\u00e9 virtuelle  [titre provisoire]<\/strong><br>\n\t\t\t\t\t\tJulien Deno\u00ebl (BodySwaps), Christophe Mallet (BodySwaps)<\/p>\n\t\t\t\t\t\t<p><strong>13h50 &#8211; La prise en compte de l\u2019exp\u00e9rience utilisateur dans la conception des applications de r\u00e9alit\u00e9 augment\u00e9e<\/strong><br>\n\t\t\t\t\t\tBoris GAMBET (HoloForge)<\/p>\n\t\t\t\t\t<\/td>\n\t\t\t\t<\/tr>\n\t\t\t\t<tr>\n\t\t\t\t\t<td class=\"sd-horaires\"><p><strong>14h15-15h45<\/strong><\/p><\/td>\n\t\t\t\t\t<td class=\"sd-interventions\">\n\t\t\t\t\t\t<p><strong>ATELIERS<\/strong> &#8211; <i>Animation par des industriels<\/i><\/p>\n\t\t\t\t\t\t<p><strong>Session 1<\/strong><br>14h15-14h45<\/p>\n\t\t\t\t\t\t<p><strong>Session 2<\/strong><br>14h45-15h15<\/p>\n\t\t\t\t\t\t<p><strong>Session 3<\/strong><br>15h15-15h45<\/p>\n\t\t\t\t\t<\/td>\n\t\t\t\t\t<td class=\"sd-industriels2022\" rowspan=3>\n\t\t\t\t\t\t<p class=\"sd-ateliers\"><strong class=\"sd2022\">Retrouvez lors des ateliers :<\/strong><\/p>\n\t\t\t\t\t\t<p class=\"sd-ateliers\"><a href=\"https:\/\/www.actronika.com\/\">Actronika<\/a><br>\n\t\t\t\t\t\t<a href=\"https:\/\/www.grenoble-em.com\/\">Grenoble Ecole de Management<\/a><br>\n\t\t\t\t\t\t<a href=\"http:\/\/www.holo3.com\/\">Holo 3<\/a><br>\n\t\t\t\t\t\t<a href=\"https:\/\/www.lenovo.com\/fr\/fr\/pc?orgRef=https%253A%252F%252Fwww.google.com%252F\">Lenovo<\/a><br>\n\t\t\t\t\t\t<a href=\"https:\/\/sykostudio.com\/\">SYKO studio<\/a><br>\n\t\t\t\t\t\t<a href=\"https:\/\/www.uptale.io\/\">Uptale<\/a><br>\n\t\t\t\t\t\t<\/p>\n\t\t\t\t\t\t<p class=\"sd-ateliers\"><i>Les entreprises animeront 4 sessions d&rsquo;ateliers chacune.<br>Les ateliers se tiendront en parall\u00e8le.<\/i><\/h5>\n\t\t\t\t\t\t<p class=\"sd-ateliers\"><i class=\"sd2022\">Salles de r\u00e9union du RDC \/ 1er \u00e9tage \/ 2e \u00e9tage, salle ouverte du RDC &#038; Amphith\u00e9\u00e2tre<\/i><\/p>\n\t\t\t\t\t<\/td>\n\t\t\t\t<\/tr>\n\t\t\t\t\t\n\t\t\t\t<tr>\n\t\t\t\t\t<td class=\"sd-horaires\"><p><strong class=\"sd2022\">15h45-16h15<\/strong><\/p><\/td>\n\t\t\t\t\t<td class=\"sd-interventions\">\n\t\t\t\t\t\t<p><strong class=\"sd2022\">PAUSE CAFE<\/strong> et poursuite des \u00e9changes chercheurs-industriels <i class=\"sd2022\">Hall d&rsquo;entr\u00e9e \/ Terrasse<\/i><\/p>\n\t\t\t\t\t<\/td>\n\t\t\t\t<\/tr>\n\t\t\t\t<tr>\n\t\t\t\t\t<td class=\"sd-horaires\"><p><strong>16h15-16h45<\/strong><\/p><\/td>\n\t\t\t\t\t<td class=\"sd-interventions\">\n\t\t\t\t\t\t<p><strong>ATELIERS<\/strong> &#8211; <i>Animation par des industriels<\/i><\/p>\n\t\t\t\t\t\t<p><strong>Session 4<\/strong><br>16h15-16h45<\/p>\n\t\t\t\t\t<\/td>\n\t\t\t\t<\/tr>\n\t\t\t\t\n\t\t\t\t<tr>\n\t\t\t\t\t<td class=\"sd-horaires\"><p><strong>16h50-17h10<\/strong><\/p><\/td>\n\t\t\t\t\t<td class=\"sd-horaires\" colspan=2>\n\t\t\t\t\t\t<p><strong>PRESENTATION<\/strong> d&rsquo;industriel<\/strong> <i class=\"sd2022\">Amphith\u00e9\u00e2tre<\/i><\/p>\n\t\t\t\t\t\t<p><strong>Lynx R-1, le premier casque de r\u00e9alit\u00e9 virtuelle et augment\u00e9e autonome<\/strong><br>\n\t\t\t\t\t\tMarc PIUZZI (Lynx)<\/p>\n\t\t\t\t\t<\/td>\n\t\t\t\t<\/tr>\n\t\t\t\t<tr>\n\t\t\t\t\t<td class=\"sd-horaires\"><p><strong class=\"sd2022\">17h10-17h30<\/strong><\/p><\/td>\n\t\t\t\t\t<td class=\"sd-interventions\" colspan=2><p><strong class=\"sd2022\">CONCLUSION<\/strong> <i class=\"sd2022\">Amphith\u00e9\u00e2tre<\/i><\/p><\/td>\n\t\t\t\t<\/tr>\n\t\t\t\t<tr>\n\t\t\t\t<\/tr>\n\t\t\t<\/table>\n\t\t<\/td>\n\t<\/tr>\n\t\n\t<tr>\n\t\t<td colspan=3>\n\t\t\t<h3>Lieu<\/h3>\n\t\t\t<p>Dans les locaux de la MSH-Alpes sur le campus universitaire de Grenoble<\/p>\n\t\t\t<p><strong>MSH-Alpes<\/strong><br>1221 avenue centrale<bR>38400 Saint-Martin-d&rsquo;H\u00e8res<\/p>\n\t\t\t<iframe src=\"https:\/\/www.google.com\/maps\/embed?pb=!1m18!1m12!1m3!1d2811.757744956751!2d5.770697515742748!3d45.1919999595855!2m3!1f0!2f0!3f0!3m2!1i1024!2i768!4f13.1!3m3!1m2!1s0x478af5a08fcf3b6f%3A0x7f3f58621efa5006!2sMSH-Alpes%20(Maison%20des%20Sciences%20de%20l&#39;Homme)!5e0!3m2!1sfr!2sfr!4v1651738876958!5m2!1sfr!2sfr\" allowfullscreen=\"\" loading=\"lazy\" referrerpolicy=\"no-referrer-when-downgrade\"><\/iframe><br><br>\n\t\t\t<p>Si vous venez en train, en voiture, en tramway ou m\u00eame en avion, le site de la MSH-Alpes vous offrira <a href=\"https:\/\/www.msh-alpes.fr\/msh-alpes\/venir-msh\">davantage de d\u00e9tails pour nous retrouver<\/a>.<\/p> \n\t\t<\/td>\n\t<\/tr>\n\t\n\t<tr>\n\t\t<td colspan=\"3\">\n\t\t\t<h3>Contact<\/h3>\n\t\t\t<p>Sonia Mandin &#8211; <a href=\"mailto:sonia.mandin@univ-grenoble-alpes.fr\">sonia.mandin@univ-grenoble-alpes.fr<\/a><\/p>\n\t\t<\/td>\n\t<\/tr>\n<\/table>\n<!--<table>\n<tr><td  style=\"border-style:none\" width=\"80%\"><\/td>\n<td style=\"text-align:center;border-style:none\">\n  <div class=\"view_port\">\n     <div class=\"polling_message\">\n         R\u00e9servation obligatoire\n     <\/div>\n     <div class=\"cylon_eye\"><\/div>\n  <\/div>\n<\/td><\/tr><\/table>-->\n","protected":false},"excerpt":{"rendered":"<p>Retrouvez les conf\u00e9rences de SCREEN Day 2022 en video sur Acc\u00e9dez aux videos Qu&rsquo;est-ce que c&rsquo;est ? SCREEN Day est un \u00e9v\u00e9nement annuel th\u00e9matique organis\u00e9 par la plateforme technologique SCREEN de la MSH-Alpes sur le campus universitaire de Grenoble. Son &hellip;<\/p>\n<p class=\"read-more\"> <a class=\"more-link\" href=\"https:\/\/platipus.univ-grenoble-alpes.fr\/?page_id=56\"> <span class=\"screen-reader-text\">Screen Day 2022<\/span> Read More &raquo;<\/a><\/p>\n","protected":false},"author":1,"featured_media":0,"parent":0,"menu_order":0,"comment_status":"closed","ping_status":"closed","template":"","meta":{"footnotes":""},"class_list":["post-56","page","type-page","status-publish","hentry"],"_links":{"self":[{"href":"https:\/\/platipus.univ-grenoble-alpes.fr\/index.php?rest_route=\/wp\/v2\/pages\/56","targetHints":{"allow":["GET"]}}],"collection":[{"href":"https:\/\/platipus.univ-grenoble-alpes.fr\/index.php?rest_route=\/wp\/v2\/pages"}],"about":[{"href":"https:\/\/platipus.univ-grenoble-alpes.fr\/index.php?rest_route=\/wp\/v2\/types\/page"}],"author":[{"embeddable":true,"href":"https:\/\/platipus.univ-grenoble-alpes.fr\/index.php?rest_route=\/wp\/v2\/users\/1"}],"replies":[{"embeddable":true,"href":"https:\/\/platipus.univ-grenoble-alpes.fr\/index.php?rest_route=%2Fwp%2Fv2%2Fcomments&post=56"}],"version-history":[{"count":30,"href":"https:\/\/platipus.univ-grenoble-alpes.fr\/index.php?rest_route=\/wp\/v2\/pages\/56\/revisions"}],"predecessor-version":[{"id":1525,"href":"https:\/\/platipus.univ-grenoble-alpes.fr\/index.php?rest_route=\/wp\/v2\/pages\/56\/revisions\/1525"}],"wp:attachment":[{"href":"https:\/\/platipus.univ-grenoble-alpes.fr\/index.php?rest_route=%2Fwp%2Fv2%2Fmedia&parent=56"}],"curies":[{"name":"wp","href":"https:\/\/api.w.org\/{rel}","templated":true}]}}