{"id":912,"date":"2024-08-20T18:41:55","date_gmt":"2024-08-20T16:41:55","guid":{"rendered":"https:\/\/platipus.univ-grenoble-alpes.fr\/?page_id=912"},"modified":"2024-09-03T15:12:16","modified_gmt":"2024-09-03T13:12:16","slug":"quelques-notions-rgpd","status":"publish","type":"page","link":"https:\/\/platipus.univ-grenoble-alpes.fr\/?page_id=912","title":{"rendered":"D\u00e9finitions autour du RGPD"},"content":{"rendered":"\n<table class=\"fiches\">\n\t<tr>\n\t\t<td class=\"fiches-marges\"><\/td>\n\t\t<td>\n\t\t\t<details>\n\t\t\t<summary>Qu\u2019est-ce que le RGPD ?<\/summary>\n\t\t\t<div>\n\t\t\t\t<table class=\"platipus\">\n\t\t\t\t\t<tr>\n\t\t\t\t\t\t<td class=\"platipus\">\n\t\t\t\t\t\t\t<p>Le R\u00e8glement G\u00e9n\u00e9ral sur la Protection des Donn\u00e9es ou General Data Protection Regulation (GDPR) entr\u00e9 en vigueur le 25 mai 2018 est le nouveau r\u00e8glement de r\u00e9f\u00e9rence pour l&rsquo;encadrement du traitement des donn\u00e9es personnelles.<\/p>\n\t\t\t\t\t\t<\/td>\n\t\t\t\t\t<\/tr>\n\t\t\t\t<\/table>\n\t\t\t<\/div>\n\t\t\t<\/details>\n\n\t\t\t<details>\n\t\t\t<summary>Loi informatique et libert\u00e9 &amp; RGPD<\/summary>\n\t\t\t<div>\n\t\t\t\t<table class=\"platipus\">\n\t\t\t\t\t<tr>\n\t\t\t\t\t\t<td class=\"platipus\">\n\t\t\t\t\t\t\t<p>Le RGPD ne remplace pas la Loi Informatique et Libert\u00e9 mais se pose plut\u00f4t dans une continuit\u00e9 logique en \u00e9tablissant des r\u00e8gles de collecte et d&rsquo;utilisation des donn\u00e9es personnelles plus sp\u00e9cifiques :<br \/><\/p>\n\t\t\t\t\t\t\t<ul>\n\t\t\t\t\t\t\t\t<li>D\u00e9finit un cadre plus sp\u00e9cifique.<\/li>\n\t\t\t\t\t\t\t\t<li>Donne des droits aux citoyens europ\u00e9ens (portabilit\u00e9, oubli, etc.)<\/li>\n\t\t\t\t\t\t\t\t<li>Donne des responsabilit\u00e9s aux acteurs traitant les donn\u00e9es et d\u00e9finit des r\u00f4les et des outils (\u00c9tude d&rsquo;Impact \u00e0 la Vie Priv\u00e9e)<\/li>\n\t\t\t\t\t\t\t\t<li>Obligation de transparence, notamment concernant les failles de s\u00e9curit\u00e9 et\/ou les fuites de donn\u00e9es.<\/li>\n\t\t\t\t\t\t\t<\/ul>\n\t\t\t\t\t\t\t<p>On passe \u00e0 un syst\u00e8me beaucoup plus actif, ou la gestion des donn\u00e9es personnelles est un composant de toutes \u00e9tudes qui doit \u00eatre consid\u00e9r\u00e9 \u00e0 chaque \u00e9tape, de la conception du projet \u00e0 l&rsquo;archivage des donn\u00e9es.<\/p>\n\t\t\t\t\t\t<\/td>\n\t\t\t\t\t<\/tr>\n\t\t\t\t<\/table>\n\t\t\t<\/div>\n\t\t\t<\/details>\n\n\n\t\t\t<details>\n\t\t\t<summary>Qui est concern\u00e9 ?<\/summary>\n\t\t\t<div>\n\t\t\t\t<table class=\"platipus\">\n\t\t\t\t\t<tr>\n\t\t\t\t\t\t<td class=\"platipus\">\n\t\t\t\t\t\t\t<p>Toutes les entreprises, organismes publiques ou priv\u00e9s qui ciblent les donn\u00e9es personnelles d&rsquo;un r\u00e9sident vivant de l&rsquo;UE.<\/p>\n\t\t\t\t\t\t<\/td>\n\t\t\t\t\t<\/tr>\n\t\t\t\t<\/table>\n\t\t\t<\/div>\n\t\t\t<\/details>\n\n\n\t\t\t<details>\n\t\t\t<summary>Qu\u2019est-ce qu&rsquo;une donn\u00e9e Personnelle ?<\/summary>\n\t\t\t<div>\n\t\t\t\t<table class=\"platipus\">\n\t\t\t\t\t<tr>\n\t\t\t\t\t\t<td class=\"platipus\">\n\t\t\t\t\t\t\t<p>Toutes donn\u00e9e qui sert \u00e0 identifier une personne :<\/p>\n\t\t\t\t\t\t\t<ul>\n\t\t\t\t\t\t\t\t<li>Nom\/Pr\u00e9nom<\/li>\n\t\t\t\t\t\t\t\t<li>Adresse IP<\/li>\n\t\t\t\t\t\t\t\t<li>N\u00b0 d\u2019immatriculation<\/li>\n\t\t\t\t\t\t\t\t<li>N\u00b0 de t\u00e9l\u00e9phone<\/li>\n\t\t\t\t\t\t\t\t<li>Photographie<\/li>\n\t\t\t\t\t\t\t\t<li>Num\u00e9ro d\u2019Identification Nationale \u00c9tudiant (INE)<\/li>\n\t\t\t\t\t\t\t<\/ul>\n\t\t\t\t\t\t\t<p>Mais aussi toutes les donn\u00e9es permettant de discriminer une personne au sein d\u2019une population :<\/p>\n\t\t\t\t\t\t\t<ul>\n\t\t\t\t\t\t\t\t<li>Fichiers statistiques<\/li>\n\t\t\t\t\t\t\t\t<li>Lieu de r\u00e9sidence<\/li>\n\t\t\t\t\t\t\t\t<li>Profession<\/li>\n\t\t\t\t\t\t\t\t<li>Sexe<\/li>\n\t\t\t\t\t\t\t\t<li>\u00c2ge<\/li>\n\t\t\t\t\t\t\t<\/ul>\n\t\t\t\t\t\t\t<p><strong class=\"platipus\">Attention !<\/strong> Certaines donn\u00e9es anonymes peuvent permettre d\u2019identifier indirectement ou par recoupement et sont donc consid\u00e9r\u00e9es comme personnelles.<\/p>\n\t\t\t\t\t\t\t<ul>\n\t\t\t\t\t\t\t\t<li>Empreinte digitale<\/li>\n\t\t\t\t\t\t\t\t<li>ADN<\/li>\n\t\t\t\t\t\t\t\t<li>Date de naissance associ\u00e9e \u00e0 une commune de r\u00e9sidence<\/li>\n\t\t\t\t\t\t\t\t<li>R\u00e9gime alimentaire sp\u00e9cifique (Vegan, v\u00e9g\u00e9tarien, sans sel, sans porc, etc.)<\/li>\n\t\t\t\t\t\t\t<\/ul>\n\t\t\t\t\t\t<\/td>\n\t\t\t\t\t<\/tr>\n\t\t\t\t<\/table>\n\t\t\t<\/div>\n\t\t\t<\/details>\n\n\t\t\t<details>\n\t\t\t<summary>Qu\u2019est-ce qu&rsquo;une donn\u00e9e Sensible?<\/summary>\n\t\t\t<div>\n\t\t\t\t<table class=\"platipus\">\n\t\t\t\t\t<tr>\n\t\t\t\t\t\t<td class=\"platipus\">\n\t\t\t\t\t\t\t<ul>\n\t\t\t\t\t\t\t\t<li>L\u2019origine raciale\/ethnique,<\/li>\n\t\t\t\t\t\t\t\t<li>Les opinions politiques\/philosophiques\/religieuses,<\/li>\n\t\t\t\t\t\t\t\t<li>L\u2019appartenance syndicale<\/li>\n\t\t\t\t\t\t\t\t<li>La sant\u00e9<\/li>\n\t\t\t\t\t\t\t\t<li>La vie sexuelle<\/li>\n\t\t\t\t\t\t\t\t<li>Les donn\u00e9es biom\u00e9triques<\/li>\n\t\t\t\t\t\t\t<\/ul>\n\t\t\t\t\t\t\t<p>La collecte et le traitement de ces donn\u00e9es doivent \u00eatre pertinents et proportionn\u00e9s au regard des objectifs recherch\u00e9s.<\/p>\n\t\t\t\t\t\t<\/td>\n\t\t\t\t\t<\/tr>\n\t\t\t\t<\/table>\n\t\t\t<\/div>\n\t\t\t<\/details>\n\n\t\t\t<details>\n\t\t\t<summary>Qu\u2019est-ce qu&rsquo;une donn\u00e9e G\u00e9n\u00e9tique ?<\/summary>\n\t\t\t<div>\n\t\t\t\t<table class=\"platipus\">\n\t\t\t\t\t<tr>\n\t\t\t\t\t\t<td class=\"platipus\">\n\t\t\t\t\t\t\t<p>C&rsquo;est une donn\u00e9e \u00e0 caract\u00e8re personnel, relative aux caract\u00e9ristiques g\u00e9n\u00e9tiques h\u00e9r\u00e9ditaires ou acquises d&rsquo;une personne, qui donne des informations uniques sur sa physiologie ou son \u00e9tat de sant\u00e9. Elles r\u00e9sultent par exemple de l&rsquo;analyse d&rsquo;un \u00e9chantillon biologique.<\/p>\n\t\t\t\t\t\t<\/td>\n\t\t\t\t\t<\/tr>\n\t\t\t\t<\/table>\n\t\t\t<\/div>\n\t\t\t<\/details>\n\n\t\t\t<details>\n\t\t\t<summary>Qu\u2019est-ce qu&rsquo;une donn\u00e9e Biom\u00e9trique ?<\/summary>\n\t\t\t<div>\n\t\t\t\t<table class=\"platipus\">\n\t\t\t\t\t<tr>\n\t\t\t\t\t\t<td class=\"platipus\">\n\t\t\t\t\t\t\t<p>C&rsquo;est une donn\u00e9e \u00e0 caract\u00e8re personnel r\u00e9sultant d&rsquo;un traitement technique sp\u00e9cifique. Elle est relative aux caract\u00e9ristiques physiques\/physiologiques\/comportementales d&rsquo;une personne, qui permettent son identification directe ou indirecte, telles que des images faciales ou d&rsquo;analyses dactylographiques.<\/p>\n\t\t\t\t\t\t<\/td>\n\t\t\t\t\t<\/tr>\n\t\t\t\t<\/table>\n\t\t\t<\/div>\n\t\t\t<\/details>\n\n\t\t\t<details>\n\t\t\t<summary>Qu\u2019est-ce qu&rsquo;une donn\u00e9e de Sant\u00e9 ?<\/summary>\n\t\t\t<div>\n\t\t\t\t<table class=\"platipus\">\n\t\t\t\t\t<tr>\n\t\t\t\t\t\t<td class=\"platipus\">\n\t\t\t\t\t\t\t<p>Il s&rsquo;agit des donn\u00e9es \u00e0 caract\u00e8re personnel relatives \u00e0 la sant\u00e9 physique\/mentale d&rsquo;une personne, y compris la prestation de services de soins de sant\u00e9. Ce sont des donn\u00e9es consid\u00e9r\u00e9es comme sensibles car elles r\u00e9v\u00e8lent des informations sur l&rsquo;\u00e9tat de sant\u00e9 de cette personne.<\/p>\n\t\t\t\t\t\t<\/td>\n\t\t\t\t\t<\/tr>\n\t\t\t\t<\/table>\n\t\t\t<\/div>\n\t\t\t<\/details>\n\t\t\t\t\t\t\t\n\t\t\t<details>\n\t\t\t<summary>Qu\u2019est-ce qu&rsquo;un traitement de Donn\u00e9es ?<\/summary>\n\t\t\t<div>\n\t\t\t\t<table class=\"platipus\">\n\t\t\t\t\t<tr>\n\t\t\t\t\t\t<td class=\"platipus\">\n\t\t\t\t\t\t\t<p>Toute op\u00e9ration sur les donn\u00e9es, quel que soit le proc\u00e9d\u00e9 utilis\u00e9 :<\/p>\n\t\t\t\t\t\t\t<ul>\n\t\t\t\t\t\t\t<li>Collecte<\/li>\n\t\t\t\t\t\t\t<li>Communication par transmission\/diffusion ou toute autre forme de mise \u00e0 disposition (mail, courrier, base de donn\u00e9es t\u00e9l\u00e9phone, etc.)<\/li>\n\t\t\t\t\t\t\t<li>Modification<\/li>\n\t\t\t\t\t\t\t<li>Conservation<\/li>\n\t\t\t\t\t\t\t<li>Consultation<\/li>\n\t\t\t\t\t\t\t<li>Organisation, conservation, enregistrement, adaptation, modification, extraction, utilisation, rapprochement ou interconnexion, etc.<\/li>\n\t\t\t\t\t\t\t<\/ul>\n\t\t\t\t\t\t\t<p>Un traitement de donn\u00e9es doit \u00eatre :<\/p>\n\t\t\t\t\t\t\t<ul>\n\t\t\t\t\t\t\t<li>L\u00e9gitime<\/li>\n\t\t\t\t\t\t\t<li>Conforme au registre des traitements (obligatoire \u00e0 partir de +250 employ\u00e9s)<\/li>\n\t\t\t\t\t\t\t<li>Autoris\u00e9 (avec documentation \u00e0 l&rsquo;appui) par le Responsable de traitement<\/li>\n\t\t\t\t\t\t\t<\/ul>\n\t\t\t\t\t\t<\/td>\n\t\t\t\t\t<\/tr>\n\t\t\t\t<\/table>\n\t\t\t<\/div>\n\t\t\t<\/details>\t\n\t\t\t\t\t\t\t\n\t\t\t<details>\n\t\t\t<summary>Les R\u00f4les du RGPD<\/summary>\n\t\t\t<div>\n\t\t\t\t<table class=\"platipus\">\n\t\t\t\t\t<tr>\n\t\t\t\t\t\t<td class=\"platipus\">\n\t\t\t\t\t\t\t<p><strong>Responsable de traitement : <\/strong>La personne physique\/morale, l&rsquo;autorit\u00e9 publique ou le Service qui d\u00e9cide des moyens et des finalit\u00e9s des donn\u00e9es \u00e0 caract\u00e8re personnel.<\/p>\n\t\t\t\t\t\t\t<p><strong>Sous-Traitant :<\/strong> La personne physique\/morale, l&rsquo;autorit\u00e9 publique ou le Service qui traite les donn\u00e9es pour le compte, sur instruction et sous l\u2019autorit\u00e9 d\u2019un responsable de traitement. Il doit aider le Responsable de Traitement \u00e0 garantir le respect de ses obligations<\/p>\n\t\t\t\t\t\t<\/td>\n\t\t\t\t\t<\/tr>\n\t\t\t\t<\/table>\n\t\t\t<\/div>\n\t\t\t<\/details>\n\n\t\t\t<details>\n\t\t\t<summary>Le Profilage<\/summary>\n\t\t\t<div>\n\t\t\t\t<table class=\"platipus\">\n\t\t\t\t\t<tr>\n\t\t\t\t\t\t<td class=\"platipus\">\n\t\t\t\t\t\t\t<p>Toute forme de traitement automatis\u00e9 de donn\u00e9es \u00e0 caract\u00e8re personnel consistant \u00e0 utiliser ces donn\u00e9es pour \u00e9valuer certains aspects personnels relatifs \u00e0 une personne, pour analyser ou pr\u00e9dire des \u00e9l\u00e9ments sur une personne physique concernant :<\/p>\n\t\t\t\t\t\t\t<ul>\n\t\t\t\t\t\t\t\t<li>Son rendement au travail<\/li>\n\t\t\t\t\t\t\t\t<li>Sa situation \u00e9conomique<\/li>\n\t\t\t\t\t\t\t\t<li>Sa sant\u00e9<\/li>\n\t\t\t\t\t\t\t\t<li>Ses pr\u00e9f\u00e9rences personnelles<\/li>\n\t\t\t\t\t\t\t\t<li>Ses int\u00e9r\u00eats, sa fiabilit\u00e9 et son comportement<\/li>\n\t\t\t\t\t\t\t\t<li>Sa localisation ou ses d\u00e9placements<\/li>\n\t\t\t\t\t\t\t<\/ul>\n\t\t\t\t\t\t<\/td>\n\t\t\t\t\t<\/tr>\n\t\t\t\t<\/table>\n\t\t\t<\/div>\n\t\t\t<\/details>\n\n\t\t\t<details>\n\t\t\t<summary>Pseudonymisation<\/summary>\n\t\t\t<div>\n\t\t\t\t<table class=\"platipus\">\n\t\t\t\t\t<tr>\n\t\t\t\t\t\t<td class=\"platipus\">\n\t\t\t\t\t\t\t<p>Traitement de donn\u00e9es \u00e0 caract\u00e8re personnel afin de s\u00e9parer les informations permettant d&rsquo;identifier une personne physique du reste des donn\u00e9es suppl\u00e9mentaires. Les informations identifiantes sont alors conserv\u00e9es sur des supports diff\u00e9rents.<\/p>\n\t\t\t\t\t\t<\/td>\n\t\t\t\t\t<\/tr>\n\t\t\t\t<\/table>\n\t\t\t<\/div>\n\t\t\t<\/details>\n\t\t<\/td>\n\t\t<td class=\"fiches-marges\"><\/td>\n\t<\/tr>\n<\/table>\n","protected":false},"excerpt":{"rendered":"<p>Qu\u2019est-ce que le RGPD ? Le R\u00e8glement G\u00e9n\u00e9ral sur la Protection des Donn\u00e9es ou General Data Protection Regulation (GDPR) entr\u00e9 en vigueur le 25 mai 2018 est le nouveau r\u00e8glement de r\u00e9f\u00e9rence pour l&rsquo;encadrement du traitement des donn\u00e9es personnelles. Loi &hellip;<\/p>\n<p class=\"read-more\"> <a class=\"more-link\" href=\"https:\/\/platipus.univ-grenoble-alpes.fr\/?page_id=912\"> <span class=\"screen-reader-text\">D\u00e9finitions autour du RGPD<\/span> Read More &raquo;<\/a><\/p>\n","protected":false},"author":1,"featured_media":0,"parent":0,"menu_order":0,"comment_status":"closed","ping_status":"closed","template":"","meta":{"footnotes":""},"class_list":["post-912","page","type-page","status-publish","hentry"],"_links":{"self":[{"href":"https:\/\/platipus.univ-grenoble-alpes.fr\/index.php?rest_route=\/wp\/v2\/pages\/912","targetHints":{"allow":["GET"]}}],"collection":[{"href":"https:\/\/platipus.univ-grenoble-alpes.fr\/index.php?rest_route=\/wp\/v2\/pages"}],"about":[{"href":"https:\/\/platipus.univ-grenoble-alpes.fr\/index.php?rest_route=\/wp\/v2\/types\/page"}],"author":[{"embeddable":true,"href":"https:\/\/platipus.univ-grenoble-alpes.fr\/index.php?rest_route=\/wp\/v2\/users\/1"}],"replies":[{"embeddable":true,"href":"https:\/\/platipus.univ-grenoble-alpes.fr\/index.php?rest_route=%2Fwp%2Fv2%2Fcomments&post=912"}],"version-history":[{"count":36,"href":"https:\/\/platipus.univ-grenoble-alpes.fr\/index.php?rest_route=\/wp\/v2\/pages\/912\/revisions"}],"predecessor-version":[{"id":2375,"href":"https:\/\/platipus.univ-grenoble-alpes.fr\/index.php?rest_route=\/wp\/v2\/pages\/912\/revisions\/2375"}],"wp:attachment":[{"href":"https:\/\/platipus.univ-grenoble-alpes.fr\/index.php?rest_route=%2Fwp%2Fv2%2Fmedia&parent=912"}],"curies":[{"name":"wp","href":"https:\/\/api.w.org\/{rel}","templated":true}]}}